{"id":3682,"date":"2020-03-02T16:15:38","date_gmt":"2020-03-02T16:15:38","guid":{"rendered":"https:\/\/cirugiaplasticaandorra.com\/medicina-estetica\/augment-de-llavis\/"},"modified":"2023-02-28T10:32:56","modified_gmt":"2023-02-28T10:32:56","slug":"augment-de-llavis","status":"publish","type":"page","link":"https:\/\/cirugiaplasticaandorra.com\/ca\/medicina-estetica\/augment-de-llavis\/","title":{"rendered":"Augment de llavis"},"content":{"rendered":"<p><div class=\"fusion-fullwidth fullwidth-box fusion-builder-row-1 nonhundred-percent-fullwidth non-hundred-percent-height-scrolling\" style=\"--awb-border-radius-top-left:0px;--awb-border-radius-top-right:0px;--awb-border-radius-bottom-right:0px;--awb-border-radius-bottom-left:0px;--awb-flex-wrap:wrap;\" ><div class=\"fusion-builder-row fusion-row\"><div class=\"fusion-layout-column fusion_builder_column fusion-builder-column-0 fusion_builder_column_1_3 1_3 fusion-one-third fusion-column-first\" style=\"--awb-bg-size:cover;width:33.333333333333%;width:calc(33.333333333333% - ( ( 4% + 4% ) * 0.33333333333333 ) );margin-right: 4%;\"><div class=\"fusion-column-wrapper fusion-column-has-shadow fusion-flex-column-wrapper-legacy\"><div class=\"fusion-image-element fusion-image-align-center in-legacy-container\" style=\"text-align:center;--awb-caption-title-font-family:var(--h2_typography-font-family);--awb-caption-title-font-weight:var(--h2_typography-font-weight);--awb-caption-title-font-style:var(--h2_typography-font-style);--awb-caption-title-size:var(--h2_typography-font-size);--awb-caption-title-transform:var(--h2_typography-text-transform);--awb-caption-title-line-height:var(--h2_typography-line-height);--awb-caption-title-letter-spacing:var(--h2_typography-letter-spacing);\"><div class=\"imageframe-align-center\"><span class=\" fusion-imageframe imageframe-none imageframe-1 hover-type-none\"><img decoding=\"async\" width=\"128\" height=\"128\" title=\"intervenci\u00f31\" src=\"https:\/\/cirugiaplasticaandorra.com\/imagenes\/intervenci\u00f3n1.png\" alt class=\"img-responsive wp-image-3281\" srcset=\"https:\/\/cirugiaplasticaandorra.com\/imagenes\/intervenci\u00f3n1-66x66.png 66w, https:\/\/cirugiaplasticaandorra.com\/imagenes\/intervenci\u00f3n1.png 128w\" sizes=\"(max-width: 128px) 100vw, 128px\" \/><\/span><\/div><\/div><div class=\"fusion-title title fusion-title-1 fusion-sep-none fusion-title-center fusion-title-text fusion-title-size-three\" style=\"--awb-text-color:#854a79;--awb-margin-top:10px;--awb-margin-top-small:10px;--awb-margin-bottom-small:5px;\"><h3 class=\"fusion-title-heading title-heading-center fusion-responsive-typography-calculated\" style=\"margin:0;--fontSize:27;line-height:1.3;\">Intervenci\u00f3<\/h3><\/div><div class=\"fusion-text fusion-text-1\"><p style=\"text-align: center;\">1,5 hores<\/p>\n<\/div><div class=\"fusion-clearfix\"><\/div><\/div><\/div><div class=\"fusion-layout-column fusion_builder_column fusion-builder-column-1 fusion_builder_column_1_3 1_3 fusion-one-third\" style=\"--awb-bg-size:cover;width:33.333333333333%;width:calc(33.333333333333% - ( ( 4% + 4% ) * 0.33333333333333 ) );margin-right: 4%;\"><div class=\"fusion-column-wrapper fusion-column-has-shadow fusion-flex-column-wrapper-legacy\"><div class=\"fusion-image-element fusion-image-align-center in-legacy-container\" style=\"text-align:center;--awb-caption-title-font-family:var(--h2_typography-font-family);--awb-caption-title-font-weight:var(--h2_typography-font-weight);--awb-caption-title-font-style:var(--h2_typography-font-style);--awb-caption-title-size:var(--h2_typography-font-size);--awb-caption-title-transform:var(--h2_typography-text-transform);--awb-caption-title-line-height:var(--h2_typography-line-height);--awb-caption-title-letter-spacing:var(--h2_typography-letter-spacing);\"><div class=\"imageframe-align-center\"><span class=\" fusion-imageframe imageframe-none imageframe-2 hover-type-none\"><img decoding=\"async\" width=\"128\" height=\"128\" title=\"sexe1\" src=\"https:\/\/cirugiaplasticaandorra.com\/imagenes\/sexo1.png\" alt class=\"img-responsive wp-image-3278\" srcset=\"https:\/\/cirugiaplasticaandorra.com\/imagenes\/sexo1-66x66.png 66w, https:\/\/cirugiaplasticaandorra.com\/imagenes\/sexo1.png 128w\" sizes=\"(max-width: 128px) 100vw, 128px\" \/><\/span><\/div><\/div><div class=\"fusion-title title fusion-title-2 fusion-sep-none fusion-title-center fusion-title-text fusion-title-size-three\" style=\"--awb-text-color:#854a79;--awb-margin-top:10px;--awb-margin-top-small:10px;--awb-margin-bottom-small:5px;\"><h3 class=\"fusion-title-heading title-heading-center fusion-responsive-typography-calculated\" style=\"margin:0;--fontSize:27;line-height:1.3;\">Sexe<\/h3><\/div><div class=\"fusion-text fusion-text-2\"><p style=\"text-align: center;\">Dona<\/p>\n<\/div><div class=\"fusion-clearfix\"><\/div><\/div><\/div><div class=\"fusion-layout-column fusion_builder_column fusion-builder-column-2 fusion_builder_column_1_3 1_3 fusion-one-third fusion-column-last\" style=\"--awb-bg-size:cover;width:33.333333333333%;width:calc(33.333333333333% - ( ( 4% + 4% ) * 0.33333333333333 ) );\"><div class=\"fusion-column-wrapper fusion-column-has-shadow fusion-flex-column-wrapper-legacy\"><div class=\"fusion-image-element fusion-image-align-center in-legacy-container\" style=\"text-align:center;--awb-caption-title-font-family:var(--h2_typography-font-family);--awb-caption-title-font-weight:var(--h2_typography-font-weight);--awb-caption-title-font-style:var(--h2_typography-font-style);--awb-caption-title-size:var(--h2_typography-font-size);--awb-caption-title-transform:var(--h2_typography-text-transform);--awb-caption-title-line-height:var(--h2_typography-line-height);--awb-caption-title-letter-spacing:var(--h2_typography-letter-spacing);\"><div class=\"imageframe-align-center\"><span class=\" fusion-imageframe imageframe-none imageframe-3 hover-type-none\"><img decoding=\"async\" width=\"128\" height=\"128\" title=\"hospitalitzaci\u00f31\" src=\"https:\/\/cirugiaplasticaandorra.com\/imagenes\/hospitalizaci\u00f3n1.png\" alt class=\"img-responsive wp-image-3275\" srcset=\"https:\/\/cirugiaplasticaandorra.com\/imagenes\/hospitalizaci\u00f3n1-66x66.png 66w, https:\/\/cirugiaplasticaandorra.com\/imagenes\/hospitalizaci\u00f3n1.png 128w\" sizes=\"(max-width: 128px) 100vw, 128px\" \/><\/span><\/div><\/div><div class=\"fusion-title title fusion-title-3 fusion-sep-none fusion-title-center fusion-title-text fusion-title-size-three\" style=\"--awb-text-color:#854a79;--awb-margin-top:10px;--awb-margin-top-small:10px;--awb-margin-bottom-small:5px;\"><h3 class=\"fusion-title-heading title-heading-center fusion-responsive-typography-calculated\" style=\"margin:0;--fontSize:27;line-height:1.3;\">Hospitalitzaci\u00f3<\/h3><\/div><div class=\"fusion-text fusion-text-3\"><p style=\"text-align: center;\">1 dia<\/p>\n<\/div><div class=\"fusion-clearfix\"><\/div><\/div><\/div><div class=\"fusion-layout-column fusion_builder_column fusion-builder-column-3 fusion_builder_column_1_3 1_3 fusion-one-third fusion-column-first\" style=\"--awb-bg-size:cover;width:33.333333333333%;width:calc(33.333333333333% - ( ( 4% + 4% ) * 0.33333333333333 ) );margin-right: 4%;\"><div class=\"fusion-column-wrapper fusion-column-has-shadow fusion-flex-column-wrapper-legacy\"><div class=\"fusion-image-element fusion-image-align-center in-legacy-container\" style=\"text-align:center;--awb-caption-title-font-family:var(--h2_typography-font-family);--awb-caption-title-font-weight:var(--h2_typography-font-weight);--awb-caption-title-font-style:var(--h2_typography-font-style);--awb-caption-title-size:var(--h2_typography-font-size);--awb-caption-title-transform:var(--h2_typography-text-transform);--awb-caption-title-line-height:var(--h2_typography-line-height);--awb-caption-title-letter-spacing:var(--h2_typography-letter-spacing);\"><div class=\"imageframe-align-center\"><span class=\" fusion-imageframe imageframe-none imageframe-4 hover-type-none\"><img decoding=\"async\" width=\"128\" height=\"128\" title=\"anestesia1\" src=\"https:\/\/cirugiaplasticaandorra.com\/imagenes\/anestesia1.png\" alt class=\"img-responsive wp-image-3272\" srcset=\"https:\/\/cirugiaplasticaandorra.com\/imagenes\/anestesia1-66x66.png 66w, https:\/\/cirugiaplasticaandorra.com\/imagenes\/anestesia1.png 128w\" sizes=\"(max-width: 128px) 100vw, 128px\" \/><\/span><\/div><\/div><div class=\"fusion-title title fusion-title-4 fusion-sep-none fusion-title-center fusion-title-text fusion-title-size-three\" style=\"--awb-text-color:#854a79;--awb-margin-top:10px;--awb-margin-top-small:10px;--awb-margin-bottom-small:5px;\"><h3 class=\"fusion-title-heading title-heading-center fusion-responsive-typography-calculated\" style=\"margin:0;--fontSize:27;line-height:1.3;\">Anest\u00e8sia<\/h3><\/div><div class=\"fusion-text fusion-text-4\"><p style=\"text-align: center;\">General<\/p>\n<\/div><div class=\"fusion-clearfix\"><\/div><\/div><\/div><div class=\"fusion-layout-column fusion_builder_column fusion-builder-column-4 fusion_builder_column_1_3 1_3 fusion-one-third\" style=\"--awb-bg-size:cover;width:33.333333333333%;width:calc(33.333333333333% - ( ( 4% + 4% ) * 0.33333333333333 ) );margin-right: 4%;\"><div class=\"fusion-column-wrapper fusion-column-has-shadow fusion-flex-column-wrapper-legacy\"><div class=\"fusion-image-element fusion-image-align-center in-legacy-container\" style=\"text-align:center;--awb-caption-title-font-family:var(--h2_typography-font-family);--awb-caption-title-font-weight:var(--h2_typography-font-weight);--awb-caption-title-font-style:var(--h2_typography-font-style);--awb-caption-title-size:var(--h2_typography-font-size);--awb-caption-title-transform:var(--h2_typography-text-transform);--awb-caption-title-line-height:var(--h2_typography-line-height);--awb-caption-title-letter-spacing:var(--h2_typography-letter-spacing);\"><div class=\"imageframe-align-center\"><span class=\" fusion-imageframe imageframe-none imageframe-5 hover-type-none\"><img decoding=\"async\" width=\"128\" height=\"128\" title=\"recuperaci\u00f31\" src=\"https:\/\/cirugiaplasticaandorra.com\/imagenes\/recuperaci\u00f3n1.png\" alt class=\"img-responsive wp-image-3269\" srcset=\"https:\/\/cirugiaplasticaandorra.com\/imagenes\/recuperaci\u00f3n1-66x66.png 66w, https:\/\/cirugiaplasticaandorra.com\/imagenes\/recuperaci\u00f3n1.png 128w\" sizes=\"(max-width: 128px) 100vw, 128px\" \/><\/span><\/div><\/div><div class=\"fusion-title title fusion-title-5 fusion-sep-none fusion-title-center fusion-title-text fusion-title-size-three\" style=\"--awb-text-color:#854a79;--awb-margin-top:10px;--awb-margin-top-small:10px;--awb-margin-bottom-small:5px;\"><h3 class=\"fusion-title-heading title-heading-center fusion-responsive-typography-calculated\" style=\"margin:0;--fontSize:27;line-height:1.3;\">Recuperaci\u00f3<\/h3><\/div><div class=\"fusion-text fusion-text-5\"><p style=\"text-align: center;\">Eintre 1 i 2 semanaes<\/p>\n<\/div><div class=\"fusion-clearfix\"><\/div><\/div><\/div><div class=\"fusion-layout-column fusion_builder_column fusion-builder-column-5 fusion_builder_column_1_3 1_3 fusion-one-third fusion-column-last\" style=\"--awb-bg-size:cover;width:33.333333333333%;width:calc(33.333333333333% - ( ( 4% + 4% ) * 0.33333333333333 ) );\"><div class=\"fusion-column-wrapper fusion-column-has-shadow fusion-flex-column-wrapper-legacy\"><div class=\"fusion-image-element fusion-image-align-center in-legacy-container\" style=\"text-align:center;--awb-caption-title-font-family:var(--h2_typography-font-family);--awb-caption-title-font-weight:var(--h2_typography-font-weight);--awb-caption-title-font-style:var(--h2_typography-font-style);--awb-caption-title-size:var(--h2_typography-font-size);--awb-caption-title-transform:var(--h2_typography-text-transform);--awb-caption-title-line-height:var(--h2_typography-line-height);--awb-caption-title-letter-spacing:var(--h2_typography-letter-spacing);\"><div class=\"imageframe-align-center\"><span class=\" fusion-imageframe imageframe-none imageframe-6 hover-type-none\"><img decoding=\"async\" width=\"128\" height=\"128\" title=\"resultats1\" src=\"https:\/\/cirugiaplasticaandorra.com\/imagenes\/resultados1.png\" alt class=\"img-responsive wp-image-3266\" srcset=\"https:\/\/cirugiaplasticaandorra.com\/imagenes\/resultados1-66x66.png 66w, https:\/\/cirugiaplasticaandorra.com\/imagenes\/resultados1.png 128w\" sizes=\"(max-width: 128px) 100vw, 128px\" \/><\/span><\/div><\/div><div class=\"fusion-title title fusion-title-6 fusion-sep-none fusion-title-center fusion-title-text fusion-title-size-three\" style=\"--awb-text-color:#854a79;--awb-margin-top:10px;--awb-margin-top-small:10px;--awb-margin-bottom-small:5px;\"><h3 class=\"fusion-title-heading title-heading-center fusion-responsive-typography-calculated\" style=\"margin:0;--fontSize:27;line-height:1.3;\">Resultats<\/h3><\/div><div class=\"fusion-text fusion-text-6\"><p style=\"text-align: center;\">Definitius<\/p>\n<\/div><div class=\"fusion-clearfix\"><\/div><\/div><\/div><\/div><\/div><div class=\"fusion-fullwidth fullwidth-box fusion-builder-row-2 nonhundred-percent-fullwidth non-hundred-percent-height-scrolling\" style=\"--awb-border-radius-top-left:0px;--awb-border-radius-top-right:0px;--awb-border-radius-bottom-right:0px;--awb-border-radius-bottom-left:0px;--awb-flex-wrap:wrap;\" ><div class=\"fusion-builder-row fusion-row\"><div class=\"fusion-layout-column fusion_builder_column fusion-builder-column-6 fusion_builder_column_1_1 1_1 fusion-one-full fusion-column-first fusion-column-last\" style=\"--awb-padding-top:25px;--awb-padding-bottom:25px;--awb-bg-size:cover;\"><div class=\"fusion-column-wrapper fusion-column-has-shadow fusion-flex-column-wrapper-legacy\"><div class=\"fusion-text fusion-text-7\"><p>L&#8217;<strong>augment de llavis a Andorra<\/strong>, tamb\u00e9 coneguda per queiloplastia d&#8217;augment i reducci\u00f3, \u00e9s un dels tractaments de medicina est\u00e8tica que m\u00e9s es realitzen en l&#8217;Institut de cirurgia pl\u00e0stica Dr Fabrizio Moscatiello. L&#8217;edat ens posa tamb\u00e9 de manifest els problemes que ens afecten l&#8217;harmonia est\u00e8tica de la nostra cara com \u00e9s la p\u00e8rdua de volum en els llavis. Un somriure bonic i uns llavis sensuals ens proporcionen un gran atractiu.<\/p>\n<\/div><div class=\"fusion-menu-anchor\" id=\"hablamos\"><\/div><div class=\"fusion-clearfix\"><\/div><\/div><\/div><div class=\"fusion-layout-column fusion_builder_column fusion-builder-column-7 fusion_builder_column_1_1 1_1 fusion-one-full fusion-column-first fusion-column-last fusion-no-small-visibility\" style=\"--awb-bg-size:cover;\"><div class=\"fusion-column-wrapper fusion-column-has-shadow fusion-flex-column-wrapper-legacy\"><div class=\"fusion-title title fusion-title-7 fusion-sep-none fusion-title-center fusion-title-text fusion-title-size-two\" style=\"--awb-margin-bottom:5px;--awb-margin-bottom-small:5px;--awb-font-size:28px;\"><h2 class=\"fusion-title-heading title-heading-center fusion-responsive-typography-calculated\" style=\"margin:0;font-size:1em;--fontSize:28;line-height:1.18;\">Demana la teva cita ara!<\/h2><\/div><div class=\"fusion-title title fusion-title-8 fusion-sep-none fusion-title-center fusion-title-text fusion-title-size-three\" style=\"--awb-margin-top:5px;--awb-margin-top-small:5px;\"><h3 class=\"fusion-title-heading title-heading-center fusion-responsive-typography-calculated\" style=\"margin:0;--fontSize:27;line-height:1.3;\"><p style=\"text-align: center;\">La teva primera visita \u00e9s gratu\u00efta<\/p><\/h3><\/div><div class=\"fusion-clearfix\"><\/div><\/div><\/div><div class=\"fusion-layout-column fusion_builder_column fusion-builder-column-8 fusion_builder_column_1_1 1_1 fusion-one-full fusion-column-first fusion-column-last fusion-no-medium-visibility fusion-no-large-visibility\" style=\"--awb-bg-size:cover;\"><div class=\"fusion-column-wrapper fusion-column-has-shadow fusion-flex-column-wrapper-legacy\"><div class=\"fusion-title title fusion-title-9 fusion-sep-none fusion-title-center fusion-title-text fusion-title-size-two\" style=\"--awb-margin-bottom:5px;--awb-margin-bottom-small:5px;--awb-font-size:26px;\"><h2 class=\"fusion-title-heading title-heading-center fusion-responsive-typography-calculated\" style=\"margin:0;font-size:1em;--fontSize:26;--minFontSize:26;line-height:1.18;\">Demana la teva cita ara!<\/h2><\/div><div class=\"fusion-title title fusion-title-10 fusion-sep-none fusion-title-center fusion-title-text fusion-title-size-three\" style=\"--awb-margin-top:5px;--awb-margin-top-small:5px;--awb-font-size:22px;\"><h3 class=\"fusion-title-heading title-heading-center fusion-responsive-typography-calculated\" style=\"margin:0;font-size:1em;--fontSize:22;--minFontSize:22;line-height:1.3;\"><p style=\"text-align: center;\">La teva primera visita \u00e9s gratu\u00efta<\/p><\/h3><\/div><div class=\"fusion-clearfix\"><\/div><\/div><\/div><div class=\"fusion-layout-column fusion_builder_column fusion-builder-column-9 fusion_builder_column_1_6 1_6 fusion-one-sixth fusion-column-first\" style=\"--awb-bg-size:cover;width:16.666666666667%;width:calc(16.666666666667% - ( ( 4% + 4% ) * 0.16666666666667 ) );margin-right: 4%;\"><div class=\"fusion-column-wrapper fusion-column-has-shadow fusion-flex-column-wrapper-legacy\"><div class=\"fusion-clearfix\"><\/div><\/div><\/div><div class=\"fusion-layout-column fusion_builder_column fusion-builder-column-10 fusion_builder_column_2_3 2_3 fusion-two-third\" style=\"--awb-bg-size:cover;width:66.666666666667%;width:calc(66.666666666667% - ( ( 4% + 4% ) * 0.66666666666667 ) );margin-right: 4%;\"><div class=\"fusion-column-wrapper fusion-column-has-shadow fusion-flex-column-wrapper-legacy\">\n<div class=\"wpcf7 no-js\" id=\"wpcf7-f2726-o1\" lang=\"ca\" dir=\"ltr\" data-wpcf7-id=\"2726\">\n<div class=\"screen-reader-response\"><p role=\"status\" aria-live=\"polite\" aria-atomic=\"true\"><\/p> <ul><\/ul><\/div>\n<form action=\"\/ca\/wp-json\/wp\/v2\/pages\/3682#wpcf7-f2726-o1\" method=\"post\" class=\"wpcf7-form init\" aria-label=\"Formulari de contacte\" novalidate=\"novalidate\" data-status=\"init\">\n<div style=\"display: none;\">\n<input type=\"hidden\" name=\"_wpcf7\" value=\"2726\" \/>\n<input type=\"hidden\" name=\"_wpcf7_version\" value=\"6.0.1\" \/>\n<input type=\"hidden\" name=\"_wpcf7_locale\" value=\"ca\" \/>\n<input type=\"hidden\" name=\"_wpcf7_unit_tag\" value=\"wpcf7-f2726-o1\" \/>\n<input type=\"hidden\" name=\"_wpcf7_container_post\" value=\"0\" \/>\n<input type=\"hidden\" name=\"_wpcf7_posted_data_hash\" value=\"\" \/>\n<\/div>\n<div class=\"one-half\">\n\t<p>Digues-nos el teu nom... (obligatori)<br \/>\n<span class=\"wpcf7-form-control-wrap\" data-name=\"tu-nombre\"><input size=\"40\" maxlength=\"400\" class=\"wpcf7-form-control wpcf7-text wpcf7-validates-as-required\" aria-required=\"true\" aria-invalid=\"false\" value=\"\" type=\"text\" name=\"tu-nombre\" \/><\/span>\n\t<\/p>\n<\/div>\n<div class=\"one-half last\">\n\t<p>Digues-nos el teu cognom... (obligatori)<br \/>\n<span class=\"wpcf7-form-control-wrap\" data-name=\"tu-apellido\"><input size=\"40\" maxlength=\"400\" class=\"wpcf7-form-control wpcf7-text wpcf7-validates-as-required\" aria-required=\"true\" aria-invalid=\"false\" value=\"\" type=\"text\" name=\"tu-apellido\" \/><\/span>\n\t<\/p>\n<\/div>\n<div class=\"one-half\">\n\t<p>Deixa'ns el teu tel\u00e8fon... (obligatori)<br \/>\n<span class=\"wpcf7-form-control-wrap\" data-name=\"tu-telefono\"><input size=\"40\" maxlength=\"400\" minlength=\"9\" class=\"wpcf7-form-control wpcf7-tel wpcf7-validates-as-required wpcf7-text wpcf7-validates-as-tel\" aria-required=\"true\" aria-invalid=\"false\" value=\"\" type=\"tel\" name=\"tu-telefono\" \/><\/span><br \/>\n<span id=\"wpcf7-69f4ca996bcc7-wrapper\" class=\"wpcf7-form-control-wrap tu-web-wrap\" ><label for=\"wpcf7-69f4ca996bcc7-field\" class=\"hp-message\">Deixeu aquest camp buit.<\/label><input id=\"wpcf7-69f4ca996bcc7-field\"  placeholder=\"...d\u00e9janos tu web...\"  class=\"wpcf7-form-control wpcf7-text\" type=\"text\" name=\"tu-web\" value=\"\" size=\"40\" tabindex=\"-1\" autocomplete=\"new-password\" \/><\/span>\n\t<\/p>\n<\/div>\n<div class=\"one-half last\">\n\t<p>Deixa'ns el teu email... (obligatori)<br \/>\n<span class=\"wpcf7-form-control-wrap\" data-name=\"email\"><input size=\"40\" maxlength=\"400\" class=\"wpcf7-form-control wpcf7-email wpcf7-validates-as-required wpcf7-text wpcf7-validates-as-email\" aria-required=\"true\" aria-invalid=\"false\" value=\"\" type=\"email\" name=\"email\" \/><\/span>\n\t<\/p>\n<\/div>\n<p>Digues-nos en qu\u00e8 est\u00e0s interesseu@ (ciutat, cirugia,,,,)<br \/>\n<span class=\"wpcf7-form-control-wrap\" data-name=\"tu-mensaje\"><textarea cols=\"40\" rows=\"10\" maxlength=\"2000\" class=\"wpcf7-form-control wpcf7-textarea\" aria-invalid=\"false\" name=\"tu-mensaje\"><\/textarea><\/span>\n<\/p>\n<p style=\"padding-bottom:5px !important;padding-top:20px !important;font-size:16px!important;text-align: center;\"><label><span class=\"wpcf7-form-control-wrap\" data-name=\"Aceptacion\"><span class=\"wpcf7-form-control wpcf7-acceptance\"><span class=\"wpcf7-list-item\"><input type=\"checkbox\" name=\"Aceptacion\" value=\"1\" aria-invalid=\"false\" \/><\/span><\/span><\/span> Marca la casella si acceptes i entens nostre <a href=\"\/ca\/avis-legal\/\" target=\"_blank\" style=\"text-decoration:none;\"><span style=\"font-weight: bold;\">avis legal<\/span><\/a> y la nostra <a href=\"\/ca\/politica-de-privacitat\/\" target=\"_blank\" style=\"text-decoration:none;\"><span style=\"font-weight: bold;\">pol\u00edtica de privacitat<\/span><\/a>.<\/label>\n<\/p>\n<p class=\"boton-centrar\"><input class=\"wpcf7-form-control wpcf7-submit has-spinner\" type=\"submit\" value=\"\u00bfPARLEM?\" \/>\n<\/p><div class=\"fusion-alert alert custom alert-custom fusion-alert-center wpcf7-response-output fusion-alert-capitalize awb-alert-native-link-color alert-dismissable awb-alert-close-boxed\" style=\"--awb-border-size:1px;--awb-border-top-left-radius:0px;--awb-border-top-right-radius:0px;--awb-border-bottom-left-radius:0px;--awb-border-bottom-right-radius:0px;\" role=\"alert\"><div class=\"fusion-alert-content-wrapper\"><span class=\"fusion-alert-content\"><\/span><\/div><button type=\"button\" class=\"close toggle-alert\" data-dismiss=\"alert\" aria-label=\"Close\">&times;<\/button><\/div>\n<\/form>\n<\/div>\n<div class=\"fusion-clearfix\"><\/div><\/div><\/div><div class=\"fusion-layout-column fusion_builder_column fusion-builder-column-11 fusion_builder_column_1_6 1_6 fusion-one-sixth fusion-column-last\" style=\"--awb-bg-size:cover;width:16.666666666667%;width:calc(16.666666666667% - ( ( 4% + 4% ) * 0.16666666666667 ) );\"><div class=\"fusion-column-wrapper fusion-column-has-shadow fusion-flex-column-wrapper-legacy\"><div class=\"fusion-clearfix\"><\/div><\/div><\/div><\/div><\/div><div class=\"fusion-fullwidth fullwidth-box fusion-builder-row-3 nonhundred-percent-fullwidth non-hundred-percent-height-scrolling\" style=\"--awb-border-radius-top-left:0px;--awb-border-radius-top-right:0px;--awb-border-radius-bottom-right:0px;--awb-border-radius-bottom-left:0px;--awb-flex-wrap:wrap;\" ><div class=\"fusion-builder-row fusion-row\"><div class=\"fusion-layout-column fusion_builder_column fusion-builder-column-12 fusion_builder_column_1_1 1_1 fusion-one-full fusion-column-first fusion-column-last\" style=\"--awb-bg-size:cover;\"><div class=\"fusion-column-wrapper fusion-column-has-shadow fusion-flex-column-wrapper-legacy\"><div class=\"fusion-text fusion-text-8\"><p>La cirurgia d&#8217;<strong>augment de llavis<\/strong> es pot realitzar en qualsevol moment de l&#8217;any, sempre hem de tenir en compte les limitacions que podem tenir en \u00e8poques estivals. Som una de les <strong>cl\u00edniques l\u00edder a Andorra en augment de llavis<\/strong>, gr\u00e0cies principalment a l&#8217;experi\u00e8ncia del Dr. Fabrizio Moscatiello.<\/p>\n<p>En l&#8217;Institut de cirurgia pl\u00e0stica Dr. Fabrizio Moscatiello comptem amb un equip m\u00e8dic especialitzat amb m\u00e9s de 15 anys d&#8217;experi\u00e8ncia, amb una \u00e0mplia traject\u00f2ria professional en medicina est\u00e8tica, aconseguint <strong>resultats molt naturals i satisfactoris per a les nostres pacients<\/strong> amb les operacions d&#8217;augment de llavis a Andorra. Tot aix\u00f2 amb un tracte personalitzat i d&#8217;acord amb les teves expectatives, fent-te sentir-te c\u00f2moda en tot moment.<\/p>\n<\/div><div class=\"fusion-clearfix\"><\/div><\/div><\/div><\/div><\/div><div class=\"fusion-fullwidth fullwidth-box fusion-builder-row-4 nonhundred-percent-fullwidth non-hundred-percent-height-scrolling\" style=\"--awb-border-radius-top-left:0px;--awb-border-radius-top-right:0px;--awb-border-radius-bottom-right:0px;--awb-border-radius-bottom-left:0px;--awb-flex-wrap:wrap;\" ><div class=\"fusion-builder-row fusion-row\"><div class=\"fusion-layout-column fusion_builder_column fusion-builder-column-13 fusion_builder_column_1_1 1_1 fusion-one-full fusion-column-first fusion-column-last fusion-no-small-visibility\" style=\"--awb-bg-size:cover;\"><div class=\"fusion-column-wrapper fusion-column-has-shadow fusion-flex-column-wrapper-legacy\"><div class=\"fusion-title title fusion-title-11 fusion-sep-none fusion-title-text fusion-title-size-two\" style=\"--awb-font-size:45px;\"><h2 class=\"fusion-title-heading title-heading-left fusion-responsive-typography-calculated\" style=\"margin:0;font-size:1em;--fontSize:45;line-height:1.18;\">En qu\u00e8 consisteix l&#8217;augment de llavis a Andorra?<\/h2><\/div><div class=\"fusion-clearfix\"><\/div><\/div><\/div><div class=\"fusion-layout-column fusion_builder_column fusion-builder-column-14 fusion_builder_column_1_1 1_1 fusion-one-full fusion-column-first fusion-column-last fusion-no-medium-visibility fusion-no-large-visibility\" style=\"--awb-bg-size:cover;\"><div class=\"fusion-column-wrapper fusion-column-has-shadow fusion-flex-column-wrapper-legacy\"><div class=\"fusion-title title fusion-title-12 fusion-sep-none fusion-title-text fusion-title-size-two\" style=\"--awb-font-size:38px;\"><h2 class=\"fusion-title-heading title-heading-left fusion-responsive-typography-calculated\" style=\"margin:0;font-size:1em;--fontSize:38;line-height:1.18;\">En qu\u00e8 consisteix l&#8217;augment de llavis a Andorra?<\/h2><\/div><div class=\"fusion-clearfix\"><\/div><\/div><\/div><div class=\"fusion-layout-column fusion_builder_column fusion-builder-column-15 fusion_builder_column_1_1 1_1 fusion-one-full fusion-column-first fusion-column-last\" style=\"--awb-bg-size:cover;\"><div class=\"fusion-column-wrapper fusion-column-has-shadow fusion-flex-column-wrapper-legacy\"><div class=\"fusion-text fusion-text-9\"><p>En l&#8217;Institut de cirurgia pl\u00e0stica Dr Fabrizio Moscatiello realitzem un estudi del teu perfil labial i conjuntament amb el Dr Moscatiello busquem en funci\u00f3 dels teus gustos i adequant-los a la teva estructura facial, redefinim nom\u00e9s el contorn, o augmentar el volum, i en cas que sigui necessari tamb\u00e9 corregir les arruguitas verticals i les arrugues de les comissures dels llavis, amb la finalitat de millorar l&#8217;aspecte general del rostre.<\/p>\n<p>El tractament d&#8217;augment de llavis a Andorra \u00e9s un proc\u00e9s senzill, es realitza amb anest\u00e8sia local i s&#8217;aconsegueixen resultats immediats. el tractament el podem realitzar de manera conservadora, realitzant aplicacions subtils i de manera gradual. Amb aquest m\u00e8tode aconseguim resultats molt naturals, i si fos necessari, podem realitzar uns retocs passats uns dies.<\/p>\n<p>L&#8217;\u00e0cid hialur\u00f2nic \u00e9s el producte que utilitzem com a farciment d\u00e8rmic sobretot per la capacitat que t\u00e9 per a retenir l\u00edquid i atreure aigua, per\u00f2 principalment per la seva capacitat de produir col\u00b7lagen. A l&#8217;\u00e0cid hialur\u00f2nic \u00e9s un producte de farciment reabsorbible, aix\u00f2 vol dir que no romandr\u00e0 indefinidament en la nostra cara, sin\u00f3 que t\u00e9 una durada d&#8217;entre 6 a 12 mesos.<\/p>\n<\/div><div class=\"fusion-clearfix\"><\/div><\/div><\/div><\/div><\/div><div class=\"fusion-fullwidth fullwidth-box fusion-builder-row-5 nonhundred-percent-fullwidth non-hundred-percent-height-scrolling\" style=\"--awb-border-sizes-top:1px;--awb-border-sizes-bottom:1px;--awb-border-sizes-left:0px;--awb-border-sizes-right:0px;--awb-border-color:#eae1e4;--awb-border-radius-top-left:0px;--awb-border-radius-top-right:0px;--awb-border-radius-bottom-right:0px;--awb-border-radius-bottom-left:0px;--awb-margin-bottom:60px;--awb-flex-wrap:wrap;\" ><div class=\"fusion-builder-row fusion-row\"><div class=\"fusion-layout-column fusion_builder_column fusion-builder-column-16 fusion_builder_column_2_3 2_3 fusion-two-third fusion-column-first fusion-no-medium-visibility fusion-no-large-visibility\" style=\"--awb-bg-size:cover;width:65.3333%; margin-right: 4%;\"><div class=\"fusion-column-wrapper fusion-column-has-shadow fusion-flex-column-wrapper-legacy\"><div class=\"fusion-title title fusion-title-13 fusion-sep-none fusion-title-text fusion-title-size-two\"><h2 class=\"fusion-title-heading title-heading-left fusion-responsive-typography-calculated\" style=\"margin:0;--fontSize:48;line-height:1.18;\">Els millors cirurgians en augment de pit<\/h2><\/div><div class=\"fusion-clearfix\"><\/div><\/div><\/div><div class=\"fusion-layout-column fusion_builder_column fusion-builder-column-17 fusion_builder_column_2_3 2_3 fusion-two-third fusion-column-first fusion-no-small-visibility\" style=\"--awb-bg-size:cover;--awb-margin-top:0px;--awb-margin-bottom:0px;width:66.666666666667%;width:calc(66.666666666667% - ( ( 4% ) * 0.66666666666667 ) );margin-right: 4%;\"><div class=\"fusion-column-wrapper fusion-column-has-shadow fusion-flex-column-wrapper-legacy\"><div class=\"fusion-title title fusion-title-14 fusion-sep-none fusion-title-text fusion-title-size-two\" style=\"--awb-margin-top:23%;\"><h2 class=\"fusion-title-heading title-heading-left fusion-responsive-typography-calculated\" style=\"margin:0;--fontSize:48;line-height:1.18;\">Els millors cirurgians en augment de pit<\/h2><\/div><div class=\"fusion-clearfix\"><\/div><\/div><\/div><div class=\"fusion-layout-column fusion_builder_column fusion-builder-column-18 fusion_builder_column_1_3 1_3 fusion-one-third fusion-column-last\" style=\"--awb-bg-size:cover;--awb-margin-top:0px;--awb-margin-bottom:0px;width:33.333333333333%;width:calc(33.333333333333% - ( ( 4% ) * 0.33333333333333 ) );\"><div class=\"fusion-column-wrapper fusion-column-has-shadow fusion-flex-column-wrapper-legacy\"><div class=\"fusion-image-element fusion-image-align-center in-legacy-container\" style=\"text-align:center;--awb-caption-title-font-family:var(--h2_typography-font-family);--awb-caption-title-font-weight:var(--h2_typography-font-weight);--awb-caption-title-font-style:var(--h2_typography-font-style);--awb-caption-title-size:var(--h2_typography-font-size);--awb-caption-title-transform:var(--h2_typography-text-transform);--awb-caption-title-line-height:var(--h2_typography-line-height);--awb-caption-title-letter-spacing:var(--h2_typography-letter-spacing);\"><div class=\"imageframe-align-center\"><span class=\" fusion-imageframe imageframe-none imageframe-7 hover-type-none\"><img decoding=\"async\" width=\"375\" height=\"500\" alt=\"Els millors cirurgians en augment de pit\" title=\"El millor cirurgi\u00e0\" src=\"https:\/\/cirugiaplasticaandorra.com\/imagenes\/El-mejor-cirujano-Fabrizio-Moscatiello.jpg\" class=\"img-responsive wp-image-3263\" srcset=\"https:\/\/cirugiaplasticaandorra.com\/imagenes\/El-mejor-cirujano-Fabrizio-Moscatiello-200x267.jpg 200w, https:\/\/cirugiaplasticaandorra.com\/imagenes\/El-mejor-cirujano-Fabrizio-Moscatiello.jpg 375w\" sizes=\"(max-width: 800px) 100vw, 375px\" \/><\/span><\/div><\/div><div class=\"fusion-clearfix\"><\/div><\/div><\/div><\/div><\/div><div class=\"fusion-fullwidth fullwidth-box fusion-builder-row-6 nonhundred-percent-fullwidth non-hundred-percent-height-scrolling\" style=\"--awb-border-radius-top-left:0px;--awb-border-radius-top-right:0px;--awb-border-radius-bottom-right:0px;--awb-border-radius-bottom-left:0px;--awb-flex-wrap:wrap;\" ><div class=\"fusion-builder-row fusion-row\"><div class=\"fusion-layout-column fusion_builder_column fusion-builder-column-19 fusion_builder_column_1_1 1_1 fusion-one-full fusion-column-first fusion-column-last\" style=\"--awb-bg-size:cover;\"><div class=\"fusion-column-wrapper fusion-column-has-shadow fusion-flex-column-wrapper-legacy\"><div class=\"fusion-title title fusion-title-15 fusion-sep-none fusion-title-text fusion-title-size-two\"><h2 class=\"fusion-title-heading title-heading-left fusion-responsive-typography-calculated\" style=\"margin:0;--fontSize:48;line-height:1.18;\">Beneficis d&#8217;augment de llavis a Andorra<\/h2><\/div><div class=\"fusion-clearfix\"><\/div><\/div><\/div><div class=\"fusion-layout-column fusion_builder_column fusion-builder-column-20 fusion_builder_column_1_1 1_1 fusion-one-full fusion-column-first fusion-column-last\" style=\"--awb-bg-size:cover;\"><div class=\"fusion-column-wrapper fusion-column-has-shadow fusion-flex-column-wrapper-legacy\"><div class=\"fusion-text fusion-text-10\"><p>Els resultats que obtenim amb aquest tractaments est\u00e8tic per a l&#8217;augmenta de llavis \u00e9s un resultat molt natural. Principalment aconseguim un augment del volum dels llavis i un millor perfilat d&#8217;aquests. Podem afegir en un segon tractament una mica m\u00e9s de volum per a aconseguir el resultat idoni, sempre que amb el primer tractament no s&#8217;hagi obtingut i recomanem que no sigui abans d&#8217;1 any.<\/p>\n<\/div><div class=\"fusion-clearfix\"><\/div><\/div><\/div><\/div><\/div><div class=\"fusion-fullwidth fullwidth-box fusion-builder-row-7 nonhundred-percent-fullwidth non-hundred-percent-height-scrolling\" style=\"--awb-border-radius-top-left:0px;--awb-border-radius-top-right:0px;--awb-border-radius-bottom-right:0px;--awb-border-radius-bottom-left:0px;--awb-flex-wrap:wrap;\" ><div class=\"fusion-builder-row fusion-row\"><div class=\"fusion-layout-column fusion_builder_column fusion-builder-column-21 fusion_builder_column_1_1 1_1 fusion-one-full fusion-column-first fusion-column-last\" style=\"--awb-bg-size:cover;\"><div class=\"fusion-column-wrapper fusion-column-has-shadow fusion-flex-column-wrapper-legacy\"><div class=\"fusion-title title fusion-title-16 fusion-sep-none fusion-title-text fusion-title-size-two\"><h2 class=\"fusion-title-heading title-heading-left fusion-responsive-typography-calculated\" style=\"margin:0;--fontSize:48;line-height:1.18;\">Post operatori d&#8217;augment de llavis a Andorra<\/h2><\/div><div class=\"fusion-clearfix\"><\/div><\/div><\/div><div class=\"fusion-layout-column fusion_builder_column fusion-builder-column-22 fusion_builder_column_1_1 1_1 fusion-one-full fusion-column-first fusion-column-last\" style=\"--awb-bg-size:cover;\"><div class=\"fusion-column-wrapper fusion-column-has-shadow fusion-flex-column-wrapper-legacy\"><div class=\"fusion-text fusion-text-11\"><p>La recuperaci\u00f3 en aquest tractament \u00e9s immediata. Pots tornar a la teva vida normal una vegada abandonis la cl\u00ednica. Has de portes una s\u00e8rie de cures tant les primeres hores com en els dies successius, per\u00f2 res fora del com\u00fa i que t&#8217;impedeixi portar una vida normal.<\/p>\n<p>\u00c9s important que durant les primeres hores no deus ni tocar l&#8217;\u00e0rea tractada ni aplicar-te gens de fred o de calor, i has d&#8217;evitar prendre qualsevol tipus de medicament com poden ser les aspirines o similars. Durant els seg\u00fcents 2 o 3 dies, aix\u00f2 dependr\u00e0 de cada pacient, la zona intervinguda pot presentar certa inflamaci\u00f3, que remetr\u00e0.<\/p>\n<p>Si vols evitar que s&#8217;inflamin, us aconsellem que us realitzeu massatges en la zona tractada i mantenir ben hidratats els llavis.L&#8217;\u00fas d&#8217;antiinflamatoris ajuden al fet que remeti la inflamaci\u00f3.<\/p>\n<\/div><div class=\"fusion-clearfix\"><\/div><\/div><\/div><\/div><\/div><div class=\"fusion-fullwidth fullwidth-box fusion-builder-row-8 nonhundred-percent-fullwidth non-hundred-percent-height-scrolling\" style=\"--awb-border-radius-top-left:0px;--awb-border-radius-top-right:0px;--awb-border-radius-bottom-right:0px;--awb-border-radius-bottom-left:0px;--awb-flex-wrap:wrap;\" ><div class=\"fusion-builder-row fusion-row\"><div class=\"fusion-layout-column fusion_builder_column fusion-builder-column-23 fusion_builder_column_1_1 1_1 fusion-one-full fusion-column-first fusion-column-last\" style=\"--awb-bg-size:cover;\"><div class=\"fusion-column-wrapper fusion-column-has-shadow fusion-flex-column-wrapper-legacy\"><div class=\"fusion-title title fusion-title-17 fusion-sep-none fusion-title-text fusion-title-size-three\"><h3 class=\"fusion-title-heading title-heading-left fusion-responsive-typography-calculated\" style=\"margin:0;--fontSize:27;line-height:1.3;\">Cirurgies relacionades<\/h3><\/div><div class=\"fusion-clearfix\"><\/div><\/div><\/div><div class=\"fusion-layout-column fusion_builder_column fusion-builder-column-24 fusion_builder_column_1_2 1_2 fusion-one-half fusion-column-first\" style=\"--awb-bg-size:cover;width:50%;width:calc(50% - ( ( 4% ) * 0.5 ) );margin-right: 4%;\"><div class=\"fusion-column-wrapper fusion-column-has-shadow fusion-flex-column-wrapper-legacy\"><div class=\"fusion-image-element in-legacy-container\" style=\"--awb-caption-title-font-family:var(--h2_typography-font-family);--awb-caption-title-font-weight:var(--h2_typography-font-weight);--awb-caption-title-font-style:var(--h2_typography-font-style);--awb-caption-title-size:var(--h2_typography-font-size);--awb-caption-title-transform:var(--h2_typography-text-transform);--awb-caption-title-line-height:var(--h2_typography-line-height);--awb-caption-title-letter-spacing:var(--h2_typography-letter-spacing);\"><span class=\" fusion-imageframe imageframe-none imageframe-8 hover-type-none\" style=\"border-radius:10px;\"><a class=\"fusion-no-lightbox\" href=\"https:\/\/cirugiaplasticaandorra.com\/ca\/cirurgia-facial\/rinoplastia\/\" target=\"_self\" aria-label=\"rinopl\u00e0stia-relacionats\"><img decoding=\"async\" width=\"560\" height=\"200\" alt=\"Rinopl\u00e0stia a Andorra\" src=\"https:\/\/cirugiaplasticaandorra.com\/imagenes\/rinopl\u00e0stia-relacionats.jpg\" class=\"img-responsive wp-image-4298\" srcset=\"https:\/\/cirugiaplasticaandorra.com\/imagenes\/rinopl\u00e0stia-relacionats-200x71.jpg 200w, https:\/\/cirugiaplasticaandorra.com\/imagenes\/rinopl\u00e0stia-relacionats-400x143.jpg 400w, https:\/\/cirugiaplasticaandorra.com\/imagenes\/rinopl\u00e0stia-relacionats.jpg 560w\" sizes=\"(max-width: 800px) 100vw, 560px\" \/><\/a><\/span><\/div><div class=\"fusion-clearfix\"><\/div><\/div><\/div><div class=\"fusion-layout-column fusion_builder_column fusion-builder-column-25 fusion_builder_column_1_2 1_2 fusion-one-half fusion-column-last\" style=\"--awb-bg-size:cover;width:50%;width:calc(50% - ( ( 4% ) * 0.5 ) );\"><div class=\"fusion-column-wrapper fusion-column-has-shadow fusion-flex-column-wrapper-legacy\"><div class=\"fusion-image-element in-legacy-container\" style=\"--awb-caption-title-font-family:var(--h2_typography-font-family);--awb-caption-title-font-weight:var(--h2_typography-font-weight);--awb-caption-title-font-style:var(--h2_typography-font-style);--awb-caption-title-size:var(--h2_typography-font-size);--awb-caption-title-transform:var(--h2_typography-text-transform);--awb-caption-title-line-height:var(--h2_typography-line-height);--awb-caption-title-letter-spacing:var(--h2_typography-letter-spacing);\"><span class=\" fusion-imageframe imageframe-none imageframe-9 hover-type-none\" style=\"border-radius:10px;\"><a class=\"fusion-no-lightbox\" href=\"https:\/\/cirugiaplasticaandorra.com\/ca\/cirurgia-mamaria\/augment-de-pit\/\" target=\"_self\" aria-label=\"augment de pit Andorra\"><img decoding=\"async\" width=\"560\" height=\"200\" alt=\"augment de pit Andorra\" src=\"https:\/\/cirugiaplasticaandorra.com\/imagenes\/Aumento-de-pecho-Andorra-relacionados.jpg\" class=\"img-responsive wp-image-3260\" srcset=\"https:\/\/cirugiaplasticaandorra.com\/imagenes\/Aumento-de-pecho-Andorra-relacionados-200x71.jpg 200w, https:\/\/cirugiaplasticaandorra.com\/imagenes\/Aumento-de-pecho-Andorra-relacionados-400x143.jpg 400w, https:\/\/cirugiaplasticaandorra.com\/imagenes\/Aumento-de-pecho-Andorra-relacionados.jpg 560w\" sizes=\"(max-width: 800px) 100vw, 560px\" \/><\/a><\/span><\/div><div class=\"fusion-clearfix\"><\/div><\/div><\/div><\/div><\/div><\/p>\n","protected":false},"excerpt":{"rendered":"","protected":false},"author":1,"featured_media":0,"parent":3530,"menu_order":3,"comment_status":"closed","ping_status":"closed","template":"","meta":{"_acf_changed":false,"footnotes":""},"class_list":["post-3682","page","type-page","status-publish","hentry"],"acf":[],"yoast_head":"<!-- This site is optimized with the Yoast SEO plugin v24.1 - https:\/\/yoast.com\/wordpress\/plugins\/seo\/ -->\n<title>Augment de llavis a Andorra. Queiloplastia d&#039;augment i reducci\u00f3<\/title>\n<meta name=\"description\" content=\"Cl\u00ednica l\u00edder a Andorra en augment de llavis (queiloplastia d&#039;augment i reducci\u00f3). Preu tancat. Finan\u00e7a sense interessos.\" \/>\n<meta name=\"robots\" content=\"noindex, nofollow\" \/>\n<meta property=\"og:locale\" content=\"ca_ES\" \/>\n<meta property=\"og:type\" content=\"article\" \/>\n<meta property=\"og:title\" content=\"Augment de llavis a Andorra. Queiloplastia d&#039;augment i reducci\u00f3\" \/>\n<meta property=\"og:description\" content=\"Cl\u00ednica l\u00edder a Andorra en augment de llavis (queiloplastia d&#039;augment i reducci\u00f3). Preu tancat. Finan\u00e7a sense interessos.\" \/>\n<meta property=\"og:url\" content=\"https:\/\/cirugiaplasticaandorra.com\/ca\/medicina-estetica\/augment-de-llavis\/\" \/>\n<meta property=\"og:site_name\" content=\"Fabrizio Moscatiello\" \/>\n<meta property=\"article:modified_time\" content=\"2023-02-28T10:32:56+00:00\" \/>\n<meta name=\"twitter:card\" content=\"summary_large_image\" \/>\n<script type=\"application\/ld+json\" class=\"yoast-schema-graph\">{\"@context\":\"https:\/\/schema.org\",\"@graph\":[{\"@type\":\"WebPage\",\"@id\":\"https:\/\/cirugiaplasticaandorra.com\/ca\/medicina-estetica\/augment-de-llavis\/\",\"url\":\"https:\/\/cirugiaplasticaandorra.com\/ca\/medicina-estetica\/augment-de-llavis\/\",\"name\":\"Augment de llavis a Andorra. Queiloplastia d'augment i reducci\u00f3\",\"isPartOf\":{\"@id\":\"https:\/\/cirugiaplasticaandorra.com\/#website\"},\"datePublished\":\"2020-03-02T16:15:38+00:00\",\"dateModified\":\"2023-02-28T10:32:56+00:00\",\"description\":\"Cl\u00ednica l\u00edder a Andorra en augment de llavis (queiloplastia d'augment i reducci\u00f3). Preu tancat. Finan\u00e7a sense interessos.\",\"breadcrumb\":{\"@id\":\"https:\/\/cirugiaplasticaandorra.com\/ca\/medicina-estetica\/augment-de-llavis\/#breadcrumb\"},\"inLanguage\":\"ca\",\"potentialAction\":[{\"@type\":\"ReadAction\",\"target\":[\"https:\/\/cirugiaplasticaandorra.com\/ca\/medicina-estetica\/augment-de-llavis\/\"]}]},{\"@type\":\"BreadcrumbList\",\"@id\":\"https:\/\/cirugiaplasticaandorra.com\/ca\/medicina-estetica\/augment-de-llavis\/#breadcrumb\",\"itemListElement\":[{\"@type\":\"ListItem\",\"position\":1,\"name\":\"Portada\",\"item\":\"https:\/\/cirugiaplasticaandorra.com\/ca\/\"},{\"@type\":\"ListItem\",\"position\":2,\"name\":\"Medicina est\u00e8tica\",\"item\":\"https:\/\/cirugiaplasticaandorra.com\/ca\/medicina-estetica\/\"},{\"@type\":\"ListItem\",\"position\":3,\"name\":\"Augment de llavis\"}]},{\"@type\":\"WebSite\",\"@id\":\"https:\/\/cirugiaplasticaandorra.com\/#website\",\"url\":\"https:\/\/cirugiaplasticaandorra.com\/\",\"name\":\"Fabrizio Moscatiello\",\"description\":\"\",\"publisher\":{\"@id\":\"https:\/\/cirugiaplasticaandorra.com\/#\/schema\/person\/22d9c3b3af852a097fcd993016b521fd\"},\"potentialAction\":[{\"@type\":\"SearchAction\",\"target\":{\"@type\":\"EntryPoint\",\"urlTemplate\":\"https:\/\/cirugiaplasticaandorra.com\/?s={search_term_string}\"},\"query-input\":{\"@type\":\"PropertyValueSpecification\",\"valueRequired\":true,\"valueName\":\"search_term_string\"}}],\"inLanguage\":\"ca\"},{\"@type\":[\"Person\",\"Organization\"],\"@id\":\"https:\/\/cirugiaplasticaandorra.com\/#\/schema\/person\/22d9c3b3af852a097fcd993016b521fd\",\"name\":\"Institut de cirurg\u00eda pl\u00e0stica Dr Fabrizo Moscatiello\",\"logo\":{\"@id\":\"https:\/\/cirugiaplasticaandorra.com\/#\/schema\/person\/image\/\"}}]}<\/script>\n<!-- \/ Yoast SEO plugin. -->","yoast_head_json":{"title":"Augment de llavis a Andorra. Queiloplastia d'augment i reducci\u00f3","description":"Cl\u00ednica l\u00edder a Andorra en augment de llavis (queiloplastia d'augment i reducci\u00f3). Preu tancat. Finan\u00e7a sense interessos.","robots":{"index":"noindex","follow":"nofollow"},"og_locale":"ca_ES","og_type":"article","og_title":"Augment de llavis a Andorra. Queiloplastia d'augment i reducci\u00f3","og_description":"Cl\u00ednica l\u00edder a Andorra en augment de llavis (queiloplastia d'augment i reducci\u00f3). Preu tancat. Finan\u00e7a sense interessos.","og_url":"https:\/\/cirugiaplasticaandorra.com\/ca\/medicina-estetica\/augment-de-llavis\/","og_site_name":"Fabrizio Moscatiello","article_modified_time":"2023-02-28T10:32:56+00:00","twitter_card":"summary_large_image","schema":{"@context":"https:\/\/schema.org","@graph":[{"@type":"WebPage","@id":"https:\/\/cirugiaplasticaandorra.com\/ca\/medicina-estetica\/augment-de-llavis\/","url":"https:\/\/cirugiaplasticaandorra.com\/ca\/medicina-estetica\/augment-de-llavis\/","name":"Augment de llavis a Andorra. Queiloplastia d'augment i reducci\u00f3","isPartOf":{"@id":"https:\/\/cirugiaplasticaandorra.com\/#website"},"datePublished":"2020-03-02T16:15:38+00:00","dateModified":"2023-02-28T10:32:56+00:00","description":"Cl\u00ednica l\u00edder a Andorra en augment de llavis (queiloplastia d'augment i reducci\u00f3). Preu tancat. Finan\u00e7a sense interessos.","breadcrumb":{"@id":"https:\/\/cirugiaplasticaandorra.com\/ca\/medicina-estetica\/augment-de-llavis\/#breadcrumb"},"inLanguage":"ca","potentialAction":[{"@type":"ReadAction","target":["https:\/\/cirugiaplasticaandorra.com\/ca\/medicina-estetica\/augment-de-llavis\/"]}]},{"@type":"BreadcrumbList","@id":"https:\/\/cirugiaplasticaandorra.com\/ca\/medicina-estetica\/augment-de-llavis\/#breadcrumb","itemListElement":[{"@type":"ListItem","position":1,"name":"Portada","item":"https:\/\/cirugiaplasticaandorra.com\/ca\/"},{"@type":"ListItem","position":2,"name":"Medicina est\u00e8tica","item":"https:\/\/cirugiaplasticaandorra.com\/ca\/medicina-estetica\/"},{"@type":"ListItem","position":3,"name":"Augment de llavis"}]},{"@type":"WebSite","@id":"https:\/\/cirugiaplasticaandorra.com\/#website","url":"https:\/\/cirugiaplasticaandorra.com\/","name":"Fabrizio Moscatiello","description":"","publisher":{"@id":"https:\/\/cirugiaplasticaandorra.com\/#\/schema\/person\/22d9c3b3af852a097fcd993016b521fd"},"potentialAction":[{"@type":"SearchAction","target":{"@type":"EntryPoint","urlTemplate":"https:\/\/cirugiaplasticaandorra.com\/?s={search_term_string}"},"query-input":{"@type":"PropertyValueSpecification","valueRequired":true,"valueName":"search_term_string"}}],"inLanguage":"ca"},{"@type":["Person","Organization"],"@id":"https:\/\/cirugiaplasticaandorra.com\/#\/schema\/person\/22d9c3b3af852a097fcd993016b521fd","name":"Institut de cirurg\u00eda pl\u00e0stica Dr Fabrizo Moscatiello","logo":{"@id":"https:\/\/cirugiaplasticaandorra.com\/#\/schema\/person\/image\/"}}]}},"_links":{"self":[{"href":"https:\/\/cirugiaplasticaandorra.com\/ca\/wp-json\/wp\/v2\/pages\/3682","targetHints":{"allow":["GET"]}}],"collection":[{"href":"https:\/\/cirugiaplasticaandorra.com\/ca\/wp-json\/wp\/v2\/pages"}],"about":[{"href":"https:\/\/cirugiaplasticaandorra.com\/ca\/wp-json\/wp\/v2\/types\/page"}],"author":[{"embeddable":true,"href":"https:\/\/cirugiaplasticaandorra.com\/ca\/wp-json\/wp\/v2\/users\/1"}],"replies":[{"embeddable":true,"href":"https:\/\/cirugiaplasticaandorra.com\/ca\/wp-json\/wp\/v2\/comments?post=3682"}],"version-history":[{"count":0,"href":"https:\/\/cirugiaplasticaandorra.com\/ca\/wp-json\/wp\/v2\/pages\/3682\/revisions"}],"up":[{"embeddable":true,"href":"https:\/\/cirugiaplasticaandorra.com\/ca\/wp-json\/wp\/v2\/pages\/3530"}],"wp:attachment":[{"href":"https:\/\/cirugiaplasticaandorra.com\/ca\/wp-json\/wp\/v2\/media?parent=3682"}],"curies":[{"name":"wp","href":"https:\/\/api.w.org\/{rel}","templated":true}]}}