{"id":3849,"date":"2020-03-03T06:38:42","date_gmt":"2020-03-03T06:38:42","guid":{"rendered":"https:\/\/cirugiaplasticaandorra.com\/cirurgia-corporal\/lifting-de-bracos\/"},"modified":"2021-11-11T09:21:10","modified_gmt":"2021-11-11T09:21:10","slug":"lifting-de-bracos","status":"publish","type":"page","link":"https:\/\/cirugiaplasticaandorra.com\/ca\/cirurgia-corporal\/lifting-de-bracos\/","title":{"rendered":"L\u00edfting de bra\u00e7os"},"content":{"rendered":"<p><div class=\"fusion-fullwidth fullwidth-box fusion-builder-row-1 nonhundred-percent-fullwidth non-hundred-percent-height-scrolling\" style=\"--awb-border-radius-top-left:0px;--awb-border-radius-top-right:0px;--awb-border-radius-bottom-right:0px;--awb-border-radius-bottom-left:0px;--awb-flex-wrap:wrap;\" ><div class=\"fusion-builder-row fusion-row\"><div class=\"fusion-layout-column fusion_builder_column fusion-builder-column-0 fusion_builder_column_1_3 1_3 fusion-one-third fusion-column-first\" style=\"--awb-bg-size:cover;width:33.333333333333%;width:calc(33.333333333333% - ( ( 4% + 4% ) * 0.33333333333333 ) );margin-right: 4%;\"><div class=\"fusion-column-wrapper fusion-column-has-shadow fusion-flex-column-wrapper-legacy\"><div class=\"fusion-image-element fusion-image-align-center in-legacy-container\" style=\"text-align:center;--awb-caption-title-font-family:var(--h2_typography-font-family);--awb-caption-title-font-weight:var(--h2_typography-font-weight);--awb-caption-title-font-style:var(--h2_typography-font-style);--awb-caption-title-size:var(--h2_typography-font-size);--awb-caption-title-transform:var(--h2_typography-text-transform);--awb-caption-title-line-height:var(--h2_typography-line-height);--awb-caption-title-letter-spacing:var(--h2_typography-letter-spacing);\"><div class=\"imageframe-align-center\"><span class=\" fusion-imageframe imageframe-none imageframe-1 hover-type-none\"><img decoding=\"async\" width=\"128\" height=\"128\" title=\"intervenci\u00f31\" src=\"https:\/\/cirugiaplasticaandorra.com\/imagenes\/intervenci\u00f3n1.png\" alt class=\"img-responsive wp-image-3281\" srcset=\"https:\/\/cirugiaplasticaandorra.com\/imagenes\/intervenci\u00f3n1-66x66.png 66w, https:\/\/cirugiaplasticaandorra.com\/imagenes\/intervenci\u00f3n1.png 128w\" sizes=\"(max-width: 128px) 100vw, 128px\" \/><\/span><\/div><\/div><div class=\"fusion-title title fusion-title-1 fusion-sep-none fusion-title-center fusion-title-text fusion-title-size-three\" style=\"--awb-text-color:#854a79;--awb-margin-top:10px;--awb-margin-top-small:10px;--awb-margin-bottom-small:5px;\"><h3 class=\"fusion-title-heading title-heading-center fusion-responsive-typography-calculated\" style=\"margin:0;--fontSize:27;line-height:1.3;\">Intervenci\u00f3<\/h3><\/div><div class=\"fusion-text fusion-text-1\"><p style=\"text-align: center\">1,5 hores<\/p>\n<\/div><div class=\"fusion-clearfix\"><\/div><\/div><\/div><div class=\"fusion-layout-column fusion_builder_column fusion-builder-column-1 fusion_builder_column_1_3 1_3 fusion-one-third\" style=\"--awb-bg-size:cover;width:33.333333333333%;width:calc(33.333333333333% - ( ( 4% + 4% ) * 0.33333333333333 ) );margin-right: 4%;\"><div class=\"fusion-column-wrapper fusion-column-has-shadow fusion-flex-column-wrapper-legacy\"><div class=\"fusion-image-element fusion-image-align-center in-legacy-container\" style=\"text-align:center;--awb-caption-title-font-family:var(--h2_typography-font-family);--awb-caption-title-font-weight:var(--h2_typography-font-weight);--awb-caption-title-font-style:var(--h2_typography-font-style);--awb-caption-title-size:var(--h2_typography-font-size);--awb-caption-title-transform:var(--h2_typography-text-transform);--awb-caption-title-line-height:var(--h2_typography-line-height);--awb-caption-title-letter-spacing:var(--h2_typography-letter-spacing);\"><div class=\"imageframe-align-center\"><span class=\" fusion-imageframe imageframe-none imageframe-2 hover-type-none\"><img decoding=\"async\" width=\"128\" height=\"128\" title=\"sexe1\" src=\"https:\/\/cirugiaplasticaandorra.com\/imagenes\/sexo1.png\" alt class=\"img-responsive wp-image-3278\" srcset=\"https:\/\/cirugiaplasticaandorra.com\/imagenes\/sexo1-66x66.png 66w, https:\/\/cirugiaplasticaandorra.com\/imagenes\/sexo1.png 128w\" sizes=\"(max-width: 128px) 100vw, 128px\" \/><\/span><\/div><\/div><div class=\"fusion-title title fusion-title-2 fusion-sep-none fusion-title-center fusion-title-text fusion-title-size-three\" style=\"--awb-text-color:#854a79;--awb-margin-top:10px;--awb-margin-top-small:10px;--awb-margin-bottom-small:5px;\"><h3 class=\"fusion-title-heading title-heading-center fusion-responsive-typography-calculated\" style=\"margin:0;--fontSize:27;line-height:1.3;\">Sexe<\/h3><\/div><div class=\"fusion-text fusion-text-2\"><p style=\"text-align: center\">Dona<\/p>\n<\/div><div class=\"fusion-clearfix\"><\/div><\/div><\/div><div class=\"fusion-layout-column fusion_builder_column fusion-builder-column-2 fusion_builder_column_1_3 1_3 fusion-one-third fusion-column-last\" style=\"--awb-bg-size:cover;width:33.333333333333%;width:calc(33.333333333333% - ( ( 4% + 4% ) * 0.33333333333333 ) );\"><div class=\"fusion-column-wrapper fusion-column-has-shadow fusion-flex-column-wrapper-legacy\"><div class=\"fusion-image-element fusion-image-align-center in-legacy-container\" style=\"text-align:center;--awb-caption-title-font-family:var(--h2_typography-font-family);--awb-caption-title-font-weight:var(--h2_typography-font-weight);--awb-caption-title-font-style:var(--h2_typography-font-style);--awb-caption-title-size:var(--h2_typography-font-size);--awb-caption-title-transform:var(--h2_typography-text-transform);--awb-caption-title-line-height:var(--h2_typography-line-height);--awb-caption-title-letter-spacing:var(--h2_typography-letter-spacing);\"><div class=\"imageframe-align-center\"><span class=\" fusion-imageframe imageframe-none imageframe-3 hover-type-none\"><img decoding=\"async\" width=\"128\" height=\"128\" title=\"hospitalitzaci\u00f31\" src=\"https:\/\/cirugiaplasticaandorra.com\/imagenes\/hospitalizaci\u00f3n1.png\" alt class=\"img-responsive wp-image-3275\" srcset=\"https:\/\/cirugiaplasticaandorra.com\/imagenes\/hospitalizaci\u00f3n1-66x66.png 66w, https:\/\/cirugiaplasticaandorra.com\/imagenes\/hospitalizaci\u00f3n1.png 128w\" sizes=\"(max-width: 128px) 100vw, 128px\" \/><\/span><\/div><\/div><div class=\"fusion-title title fusion-title-3 fusion-sep-none fusion-title-center fusion-title-text fusion-title-size-three\" style=\"--awb-text-color:#854a79;--awb-margin-top:10px;--awb-margin-top-small:10px;--awb-margin-bottom-small:5px;\"><h3 class=\"fusion-title-heading title-heading-center fusion-responsive-typography-calculated\" style=\"margin:0;--fontSize:27;line-height:1.3;\">Hospitalitzaci\u00f3<\/h3><\/div><div class=\"fusion-text fusion-text-3\"><p style=\"text-align: center\">1 dia<\/p>\n<\/div><div class=\"fusion-clearfix\"><\/div><\/div><\/div><div class=\"fusion-layout-column fusion_builder_column fusion-builder-column-3 fusion_builder_column_1_3 1_3 fusion-one-third fusion-column-first\" style=\"--awb-bg-size:cover;width:33.333333333333%;width:calc(33.333333333333% - ( ( 4% + 4% ) * 0.33333333333333 ) );margin-right: 4%;\"><div class=\"fusion-column-wrapper fusion-column-has-shadow fusion-flex-column-wrapper-legacy\"><div class=\"fusion-image-element fusion-image-align-center in-legacy-container\" style=\"text-align:center;--awb-caption-title-font-family:var(--h2_typography-font-family);--awb-caption-title-font-weight:var(--h2_typography-font-weight);--awb-caption-title-font-style:var(--h2_typography-font-style);--awb-caption-title-size:var(--h2_typography-font-size);--awb-caption-title-transform:var(--h2_typography-text-transform);--awb-caption-title-line-height:var(--h2_typography-line-height);--awb-caption-title-letter-spacing:var(--h2_typography-letter-spacing);\"><div class=\"imageframe-align-center\"><span class=\" fusion-imageframe imageframe-none imageframe-4 hover-type-none\"><img decoding=\"async\" width=\"128\" height=\"128\" title=\"anestesia1\" src=\"https:\/\/cirugiaplasticaandorra.com\/imagenes\/anestesia1.png\" alt class=\"img-responsive wp-image-3272\" srcset=\"https:\/\/cirugiaplasticaandorra.com\/imagenes\/anestesia1-66x66.png 66w, https:\/\/cirugiaplasticaandorra.com\/imagenes\/anestesia1.png 128w\" sizes=\"(max-width: 128px) 100vw, 128px\" \/><\/span><\/div><\/div><div class=\"fusion-title title fusion-title-4 fusion-sep-none fusion-title-center fusion-title-text fusion-title-size-three\" style=\"--awb-text-color:#854a79;--awb-margin-top:10px;--awb-margin-top-small:10px;--awb-margin-bottom-small:5px;\"><h3 class=\"fusion-title-heading title-heading-center fusion-responsive-typography-calculated\" style=\"margin:0;--fontSize:27;line-height:1.3;\">Anest\u00e8sia<\/h3><\/div><div class=\"fusion-text fusion-text-4\"><p style=\"text-align: center\">General<\/p>\n<\/div><div class=\"fusion-clearfix\"><\/div><\/div><\/div><div class=\"fusion-layout-column fusion_builder_column fusion-builder-column-4 fusion_builder_column_1_3 1_3 fusion-one-third\" style=\"--awb-bg-size:cover;width:33.333333333333%;width:calc(33.333333333333% - ( ( 4% + 4% ) * 0.33333333333333 ) );margin-right: 4%;\"><div class=\"fusion-column-wrapper fusion-column-has-shadow fusion-flex-column-wrapper-legacy\"><div class=\"fusion-image-element fusion-image-align-center in-legacy-container\" style=\"text-align:center;--awb-caption-title-font-family:var(--h2_typography-font-family);--awb-caption-title-font-weight:var(--h2_typography-font-weight);--awb-caption-title-font-style:var(--h2_typography-font-style);--awb-caption-title-size:var(--h2_typography-font-size);--awb-caption-title-transform:var(--h2_typography-text-transform);--awb-caption-title-line-height:var(--h2_typography-line-height);--awb-caption-title-letter-spacing:var(--h2_typography-letter-spacing);\"><div class=\"imageframe-align-center\"><span class=\" fusion-imageframe imageframe-none imageframe-5 hover-type-none\"><img decoding=\"async\" width=\"128\" height=\"128\" title=\"recuperaci\u00f31\" src=\"https:\/\/cirugiaplasticaandorra.com\/imagenes\/recuperaci\u00f3n1.png\" alt class=\"img-responsive wp-image-3269\" srcset=\"https:\/\/cirugiaplasticaandorra.com\/imagenes\/recuperaci\u00f3n1-66x66.png 66w, https:\/\/cirugiaplasticaandorra.com\/imagenes\/recuperaci\u00f3n1.png 128w\" sizes=\"(max-width: 128px) 100vw, 128px\" \/><\/span><\/div><\/div><div class=\"fusion-title title fusion-title-5 fusion-sep-none fusion-title-center fusion-title-text fusion-title-size-three\" style=\"--awb-text-color:#854a79;--awb-margin-top:10px;--awb-margin-top-small:10px;--awb-margin-bottom-small:5px;\"><h3 class=\"fusion-title-heading title-heading-center fusion-responsive-typography-calculated\" style=\"margin:0;--fontSize:27;line-height:1.3;\">Recuperaci\u00f3<\/h3><\/div><div class=\"fusion-text fusion-text-5\"><p style=\"text-align: center\">Eintre 1 i 2 semanaes<\/p>\n<\/div><div class=\"fusion-clearfix\"><\/div><\/div><\/div><div class=\"fusion-layout-column fusion_builder_column fusion-builder-column-5 fusion_builder_column_1_3 1_3 fusion-one-third fusion-column-last\" style=\"--awb-bg-size:cover;width:33.333333333333%;width:calc(33.333333333333% - ( ( 4% + 4% ) * 0.33333333333333 ) );\"><div class=\"fusion-column-wrapper fusion-column-has-shadow fusion-flex-column-wrapper-legacy\"><div class=\"fusion-image-element fusion-image-align-center in-legacy-container\" style=\"text-align:center;--awb-caption-title-font-family:var(--h2_typography-font-family);--awb-caption-title-font-weight:var(--h2_typography-font-weight);--awb-caption-title-font-style:var(--h2_typography-font-style);--awb-caption-title-size:var(--h2_typography-font-size);--awb-caption-title-transform:var(--h2_typography-text-transform);--awb-caption-title-line-height:var(--h2_typography-line-height);--awb-caption-title-letter-spacing:var(--h2_typography-letter-spacing);\"><div class=\"imageframe-align-center\"><span class=\" fusion-imageframe imageframe-none imageframe-6 hover-type-none\"><img decoding=\"async\" width=\"128\" height=\"128\" title=\"resultats1\" src=\"https:\/\/cirugiaplasticaandorra.com\/imagenes\/resultados1.png\" alt class=\"img-responsive wp-image-3266\" srcset=\"https:\/\/cirugiaplasticaandorra.com\/imagenes\/resultados1-66x66.png 66w, https:\/\/cirugiaplasticaandorra.com\/imagenes\/resultados1.png 128w\" sizes=\"(max-width: 128px) 100vw, 128px\" \/><\/span><\/div><\/div><div class=\"fusion-title title fusion-title-6 fusion-sep-none fusion-title-center fusion-title-text fusion-title-size-three\" style=\"--awb-text-color:#854a79;--awb-margin-top:10px;--awb-margin-top-small:10px;--awb-margin-bottom-small:5px;\"><h3 class=\"fusion-title-heading title-heading-center fusion-responsive-typography-calculated\" style=\"margin:0;--fontSize:27;line-height:1.3;\">Resultats<\/h3><\/div><div class=\"fusion-text fusion-text-6\"><p style=\"text-align: center\">Definitius<\/p>\n<\/div><div class=\"fusion-clearfix\"><\/div><\/div><\/div><\/div><\/div><div class=\"fusion-fullwidth fullwidth-box fusion-builder-row-2 nonhundred-percent-fullwidth non-hundred-percent-height-scrolling\" style=\"--awb-border-radius-top-left:0px;--awb-border-radius-top-right:0px;--awb-border-radius-bottom-right:0px;--awb-border-radius-bottom-left:0px;--awb-flex-wrap:wrap;\" ><div class=\"fusion-builder-row fusion-row\"><div class=\"fusion-layout-column fusion_builder_column fusion-builder-column-6 fusion_builder_column_1_1 1_1 fusion-one-full fusion-column-first fusion-column-last\" style=\"--awb-bg-size:cover;\"><div class=\"fusion-column-wrapper fusion-column-has-shadow fusion-flex-column-wrapper-legacy\"><div class=\"fusion-text fusion-text-7\"><p>La braquioplastia o l\u00edfting braquial \u00e9s la t\u00e8cnica quir\u00fargica encaminada a millorar l&#8217;aspecte de les extremitats superiors (EESS) mitjan\u00e7ant liposuccion i\/o resecci\u00f3n de l&#8217;exc\u00e9s cutaneo de la cara interna de tots dos bra\u00e7os. El que pretenem amb aquesta cirurgia \u00e9s aconseguir uns bra\u00e7os estilitzats i harm\u00f2nics amb el cos.<\/p>\n<p>La cirurgia de <strong>bra\u00e7os<\/strong> es pot realitzar en qualsevol moment de l&#8217;any, sempre hem de tenir en compte les limitacions que podem tenir en \u00e8poques estivals. Som una de les <strong>cl\u00edniques l\u00edder a Andorra en cirurgia de bra\u00e7os<\/strong>, gr\u00e0cies principalment a l&#8217;experi\u00e8ncia del Dr. Fabrizio Moscatiello.<\/p>\n<p>En l&#8217;Institut de cirurgia pl\u00e0stica Dr. Fabrizio Moscatiello comptem amb un equip m\u00e8dic especialitzat amb m\u00e9s de 15 anys d&#8217;experi\u00e8ncia, amb una \u00e0mplia traject\u00f2ria professional en cirurgia corporal, aconseguint <strong>resultats molt naturals i satisfactoris per a les nostres pacients<\/strong> amb les operacions de l\u00edfting de bra\u00e7os a Andorra. Tot aix\u00f2 amb un tracte personalitzat i d&#8217;acord amb les teves expectatives, fent-te sentir-te c\u00f2moda en tot moment.<\/p>\n<\/div><div class=\"fusion-clearfix\"><\/div><\/div><\/div><\/div><\/div><div class=\"fusion-fullwidth fullwidth-box fusion-builder-row-3 nonhundred-percent-fullwidth non-hundred-percent-height-scrolling\" style=\"--awb-border-radius-top-left:0px;--awb-border-radius-top-right:0px;--awb-border-radius-bottom-right:0px;--awb-border-radius-bottom-left:0px;--awb-flex-wrap:wrap;\" ><div class=\"fusion-builder-row fusion-row\"><div class=\"fusion-layout-column fusion_builder_column fusion-builder-column-7 fusion_builder_column_1_1 1_1 fusion-one-full fusion-column-first fusion-column-last fusion-no-small-visibility\" style=\"--awb-bg-size:cover;\"><div class=\"fusion-column-wrapper fusion-column-has-shadow fusion-flex-column-wrapper-legacy\"><div class=\"fusion-title title fusion-title-7 fusion-sep-none fusion-title-text fusion-title-size-two\" style=\"--awb-font-size:45px;\"><h2 class=\"fusion-title-heading title-heading-left fusion-responsive-typography-calculated\" style=\"margin:0;font-size:1em;--fontSize:45;line-height:1.18;\">En qu\u00e8 consisteix la cirurgia de bra\u00e7os a Andorra?<\/h2><\/div><div class=\"fusion-clearfix\"><\/div><\/div><\/div><div class=\"fusion-layout-column fusion_builder_column fusion-builder-column-8 fusion_builder_column_1_1 1_1 fusion-one-full fusion-column-first fusion-column-last fusion-no-medium-visibility fusion-no-large-visibility\" style=\"--awb-bg-size:cover;\"><div class=\"fusion-column-wrapper fusion-column-has-shadow fusion-flex-column-wrapper-legacy\"><div class=\"fusion-title title fusion-title-8 fusion-sep-none fusion-title-text fusion-title-size-two\" style=\"--awb-font-size:38px;\"><h2 class=\"fusion-title-heading title-heading-left fusion-responsive-typography-calculated\" style=\"margin:0;font-size:1em;--fontSize:38;line-height:1.18;\">En qu\u00e8 consisteix la cirurgia de bra\u00e7os a Andorra?<\/h2><\/div><div class=\"fusion-clearfix\"><\/div><\/div><\/div><div class=\"fusion-layout-column fusion_builder_column fusion-builder-column-9 fusion_builder_column_1_1 1_1 fusion-one-full fusion-column-first fusion-column-last\" style=\"--awb-bg-size:cover;\"><div class=\"fusion-column-wrapper fusion-column-has-shadow fusion-flex-column-wrapper-legacy\"><div class=\"fusion-text fusion-text-8\"><p>La cirurgia de bra\u00e7os o braquioplastia \u00e9s una cirurgia que s&#8217;encarrega de restaurar a una forma m\u00e9s est\u00e8tica el contorn dels bra\u00e7os. Generalment el problema \u00e9s l&#8217;aparen\u00e7a d&#8217;un bra\u00e7 penjant amb un exc\u00e9s de pell i aix\u00f2 pot ser per una p\u00e8rdua de pes massiva o per una laxitud en el to de la pell pel pas dels anys, la qual cosa d\u00f3na una aparen\u00e7a de tenir uns bra\u00e7os penjants. Si el to de pell \u00e9s adequat per\u00f2 augmentat de volum pot oferir-se la liposucci\u00f3, no obstant aix\u00f2 altres persones no es beneficiaran de la liposucci\u00f3 ja que la pell no es retreu i requereixen de la braquioplastia.<\/p>\n<p>\u00c9s una intervenci\u00f3 quir\u00fargica que es pot realitzar amb anest\u00e8sia local o general segun el cas. La durada varia entre 1 i 2 hores.<\/p>\n<p>Les opcions quirurgicas de les quals disposa el cirurgi\u00e0 s\u00f3n la liposuccio i diverses tecnicas de l\u00edfting del bra\u00e7 amb cicatrius en l&#8217;axil\u00b7la o en la cara interna del bra\u00e7. De quir\u00f2fan sortir\u00e0 amb un embenatge semicompressiu.<\/p>\n<\/div><div class=\"fusion-clearfix\"><\/div><\/div><\/div><\/div><\/div><div class=\"fusion-fullwidth fullwidth-box fusion-builder-row-4 nonhundred-percent-fullwidth non-hundred-percent-height-scrolling\" style=\"--awb-border-radius-top-left:0px;--awb-border-radius-top-right:0px;--awb-border-radius-bottom-right:0px;--awb-border-radius-bottom-left:0px;--awb-flex-wrap:wrap;\" ><div class=\"fusion-builder-row fusion-row\"><div class=\"fusion-layout-column fusion_builder_column fusion-builder-column-10 fusion_builder_column_1_1 1_1 fusion-one-full fusion-column-first fusion-column-last\" style=\"--awb-bg-size:cover;\"><div class=\"fusion-column-wrapper fusion-column-has-shadow fusion-flex-column-wrapper-legacy\"><div class=\"fusion-title title fusion-title-9 fusion-sep-none fusion-title-text fusion-title-size-three\"><h3 class=\"fusion-title-heading title-heading-left fusion-responsive-typography-calculated\" style=\"margin:0;--fontSize:27;line-height:1.3;\">Per a qui est\u00e0 indicat el l\u00edfting de bra\u00e7os?<\/h3><\/div><div class=\"fusion-clearfix\"><\/div><\/div><\/div><div class=\"fusion-layout-column fusion_builder_column fusion-builder-column-11 fusion_builder_column_1_1 1_1 fusion-one-full fusion-column-first fusion-column-last\" style=\"--awb-bg-size:cover;\"><div class=\"fusion-column-wrapper fusion-column-has-shadow fusion-flex-column-wrapper-legacy\"><div class=\"fusion-text fusion-text-9\"><p>Els pacients que se sotmeten a un l\u00edfting de bra\u00e7os s\u00f3n aquelles persones que han sofert grans p\u00e8rdues de pes a conseq\u00fc\u00e8ncia d&#8217;una dieta o despr\u00e9s d&#8217;una cirurgia de By-pass g\u00e0stric. L&#8217;estat de salut de les persones que se sotmeten a aquesta cirurgia ha de ser bo.<\/p>\n<p>Els candidats ideals per a sotmetre&#8217;s a una braquioplastia s\u00f3n all\u00f2 homes o dones amb exc\u00e9s de pell en la cara interna de bra\u00e7os, preferentment sa i amb pes estable. No \u00e9s recomanable realitzar-se aquesta cirurgia si fins i tot continues baixant de pes. \u00c9s preferible arribar al pes desitjat primer i despr\u00e9s sotmetre&#8217;s a la cirurgia.<\/p>\n<\/div><div class=\"fusion-clearfix\"><\/div><\/div><\/div><\/div><\/div><div class=\"fusion-fullwidth fullwidth-box fusion-builder-row-5 nonhundred-percent-fullwidth non-hundred-percent-height-scrolling\" style=\"--awb-border-sizes-top:1px;--awb-border-sizes-bottom:1px;--awb-border-sizes-left:0px;--awb-border-sizes-right:0px;--awb-border-color:#eae1e4;--awb-border-radius-top-left:0px;--awb-border-radius-top-right:0px;--awb-border-radius-bottom-right:0px;--awb-border-radius-bottom-left:0px;--awb-margin-bottom:60px;--awb-flex-wrap:wrap;\" ><div class=\"fusion-builder-row fusion-row\"><div class=\"fusion-layout-column fusion_builder_column fusion-builder-column-12 fusion_builder_column_2_3 2_3 fusion-two-third fusion-column-first fusion-no-medium-visibility fusion-no-large-visibility\" style=\"--awb-bg-size:cover;width:65.3333%; margin-right: 4%;\"><div class=\"fusion-column-wrapper fusion-column-has-shadow fusion-flex-column-wrapper-legacy\"><div class=\"fusion-title title fusion-title-10 fusion-sep-none fusion-title-text fusion-title-size-two\"><h2 class=\"fusion-title-heading title-heading-left fusion-responsive-typography-calculated\" style=\"margin:0;--fontSize:48;line-height:1.18;\">Els millors cirurgians en cirurgia de bra\u00e7os<\/h2><\/div><div class=\"fusion-clearfix\"><\/div><\/div><\/div><div class=\"fusion-layout-column fusion_builder_column fusion-builder-column-13 fusion_builder_column_2_3 2_3 fusion-two-third fusion-column-first fusion-no-small-visibility\" style=\"--awb-bg-size:cover;--awb-margin-top:0px;--awb-margin-bottom:0px;width:66.666666666667%;width:calc(66.666666666667% - ( ( 4% ) * 0.66666666666667 ) );margin-right: 4%;\"><div class=\"fusion-column-wrapper fusion-column-has-shadow fusion-flex-column-wrapper-legacy\"><div class=\"fusion-title title fusion-title-11 fusion-sep-none fusion-title-text fusion-title-size-two\" style=\"--awb-margin-top:23%;\"><h2 class=\"fusion-title-heading title-heading-left fusion-responsive-typography-calculated\" style=\"margin:0;--fontSize:48;line-height:1.18;\">Els millors cirurgians en cirurgia de bra\u00e7os<\/h2><\/div><div class=\"fusion-clearfix\"><\/div><\/div><\/div><div class=\"fusion-layout-column fusion_builder_column fusion-builder-column-14 fusion_builder_column_1_3 1_3 fusion-one-third fusion-column-last\" style=\"--awb-bg-size:cover;--awb-margin-top:0px;--awb-margin-bottom:0px;width:33.333333333333%;width:calc(33.333333333333% - ( ( 4% ) * 0.33333333333333 ) );\"><div class=\"fusion-column-wrapper fusion-column-has-shadow fusion-flex-column-wrapper-legacy\"><div class=\"fusion-image-element fusion-image-align-center in-legacy-container\" style=\"text-align:center;--awb-caption-title-font-family:var(--h2_typography-font-family);--awb-caption-title-font-weight:var(--h2_typography-font-weight);--awb-caption-title-font-style:var(--h2_typography-font-style);--awb-caption-title-size:var(--h2_typography-font-size);--awb-caption-title-transform:var(--h2_typography-text-transform);--awb-caption-title-line-height:var(--h2_typography-line-height);--awb-caption-title-letter-spacing:var(--h2_typography-letter-spacing);\"><div class=\"imageframe-align-center\"><span class=\" fusion-imageframe imageframe-none imageframe-7 hover-type-none\"><img decoding=\"async\" width=\"375\" height=\"500\" alt=\"Els millors cirurgians en augment de pit\" title=\"El millor cirurgi\u00e0\" src=\"https:\/\/cirugiaplasticaandorra.com\/imagenes\/El-mejor-cirujano-Fabrizio-Moscatiello.jpg\" class=\"img-responsive wp-image-3263\" srcset=\"https:\/\/cirugiaplasticaandorra.com\/imagenes\/El-mejor-cirujano-Fabrizio-Moscatiello-200x267.jpg 200w, https:\/\/cirugiaplasticaandorra.com\/imagenes\/El-mejor-cirujano-Fabrizio-Moscatiello.jpg 375w\" sizes=\"(max-width: 800px) 100vw, 375px\" \/><\/span><\/div><\/div><div class=\"fusion-clearfix\"><\/div><\/div><\/div><\/div><\/div><div class=\"fusion-fullwidth fullwidth-box fusion-builder-row-6 nonhundred-percent-fullwidth non-hundred-percent-height-scrolling\" style=\"--awb-border-radius-top-left:0px;--awb-border-radius-top-right:0px;--awb-border-radius-bottom-right:0px;--awb-border-radius-bottom-left:0px;--awb-flex-wrap:wrap;\" ><div class=\"fusion-builder-row fusion-row\"><div class=\"fusion-layout-column fusion_builder_column fusion-builder-column-15 fusion_builder_column_1_1 1_1 fusion-one-full fusion-column-first fusion-column-last\" style=\"--awb-bg-size:cover;\"><div class=\"fusion-column-wrapper fusion-column-has-shadow fusion-flex-column-wrapper-legacy\"><div class=\"fusion-title title fusion-title-12 fusion-sep-none fusion-title-text fusion-title-size-two\"><h2 class=\"fusion-title-heading title-heading-left fusion-responsive-typography-calculated\" style=\"margin:0;--fontSize:48;line-height:1.18;\">Pre operatori de braquioplastia a Andorra<\/h2><\/div><div class=\"fusion-clearfix\"><\/div><\/div><\/div><div class=\"fusion-layout-column fusion_builder_column fusion-builder-column-16 fusion_builder_column_1_1 1_1 fusion-one-full fusion-column-first fusion-column-last\" style=\"--awb-bg-size:cover;\"><div class=\"fusion-column-wrapper fusion-column-has-shadow fusion-flex-column-wrapper-legacy\"><div class=\"fusion-text fusion-text-10\"><p>En la primera visita es valorar\u00e0 l&#8217;aspecte de la pell, capacitat de retracci\u00f3, exc\u00e9s cutaneo de la cara interna dels bra\u00e7os i estat general del pacient (malalties coadjuvants, presa de medicaci\u00f3, tractament anticoagulant, al\u00b7l\u00e8rgies, intervencions pr\u00e8vies, tabaquisme\u2026). \u00c9s molt important que tant en aquesta visita com en la seg\u00fcent vost\u00e8 comuniqui al seu cirurgi\u00e0 qu\u00e8 \u00e9s el que espera obtenir d&#8217;aquesta cirurgia i que consulti tots els dubtes que tingui.<\/p>\n<p>Ser\u00e0 necessari un estudi preoperatori que es basar\u00e0 en una anal\u00edtica general amb proves de coagulaci\u00f3, Rx de t\u00f2rax i un ECG. Tamb\u00e9 ser\u00e0 necessari la suspensi\u00f3 d&#8217;aspirina o altres anticoagulants uns 10 dies abans de la intervenci\u00f3 (supervisat pel seu metge de cap\u00e7alera).<\/p>\n<p>Si aquestes prenent algun tipus de medicaments, \u00e9s recomanable que ens el comuniquis. Has d&#8217;abandonar les preses de AAS o anticoagulants i evitar fumar tant abans com despr\u00e9s de la cirurgia durant 1 mes.<\/p>\n<\/div><div class=\"fusion-clearfix\"><\/div><\/div><\/div><\/div><\/div><div class=\"fusion-fullwidth fullwidth-box fusion-builder-row-7 nonhundred-percent-fullwidth non-hundred-percent-height-scrolling\" style=\"--awb-border-radius-top-left:0px;--awb-border-radius-top-right:0px;--awb-border-radius-bottom-right:0px;--awb-border-radius-bottom-left:0px;--awb-flex-wrap:wrap;\" ><div class=\"fusion-builder-row fusion-row\"><div class=\"fusion-layout-column fusion_builder_column fusion-builder-column-17 fusion_builder_column_1_1 1_1 fusion-one-full fusion-column-first fusion-column-last\" style=\"--awb-bg-size:cover;\"><div class=\"fusion-column-wrapper fusion-column-has-shadow fusion-flex-column-wrapper-legacy\"><div class=\"fusion-title title fusion-title-13 fusion-sep-none fusion-title-text fusion-title-size-two\"><h2 class=\"fusion-title-heading title-heading-left fusion-responsive-typography-calculated\" style=\"margin:0;--fontSize:48;line-height:1.18;\">Post operatori del l\u00edfting de bra\u00e7os a Andorra<\/h2><\/div><div class=\"fusion-clearfix\"><\/div><\/div><\/div><div class=\"fusion-layout-column fusion_builder_column fusion-builder-column-18 fusion_builder_column_1_1 1_1 fusion-one-full fusion-column-first fusion-column-last\" style=\"--awb-bg-size:cover;\"><div class=\"fusion-column-wrapper fusion-column-has-shadow fusion-flex-column-wrapper-legacy\"><div class=\"fusion-text fusion-text-11\"><p>El pacient pot tornar al seu domicili el mateix dia de la intervenci\u00f3. La primera capell\u00e0 es realitzar\u00e0 en consulta, es retirar\u00e0 l&#8217;embenatge i aquest ser\u00e0 substitu\u00eft per una faixa de bra\u00e7os que haur\u00e0 de mantenir durant 2-3 setmanes.<\/p>\n<p>Durant el postoperatori immediat la pacient haur\u00e0 de fer rep\u00f2s relatiu i prendre medicaci\u00f3 (analg\u00e8sia, anti-inflamatori, antibi\u00f2tic). Es recomana comen\u00e7ar els massatges de drenatge limf\u00e0tic per a disminuir la inflamaci\u00f3 i l&#8217;edema postoperatori.<\/p>\n<p>Els punts es retiren entre els 7-15 dies despr\u00e9s de la intervenci\u00f3. Es recomana evitar l&#8217;exposici\u00f3 solar, aix\u00ed com realitzar esfor\u00e7os f\u00edsics durant 4 setmanes.<\/p>\n<\/div><div class=\"fusion-clearfix\"><\/div><\/div><\/div><\/div><\/div><div class=\"fusion-fullwidth fullwidth-box fusion-builder-row-8 nonhundred-percent-fullwidth non-hundred-percent-height-scrolling\" style=\"--awb-border-radius-top-left:0px;--awb-border-radius-top-right:0px;--awb-border-radius-bottom-right:0px;--awb-border-radius-bottom-left:0px;--awb-flex-wrap:wrap;\" ><div class=\"fusion-builder-row fusion-row\"><div class=\"fusion-layout-column fusion_builder_column fusion-builder-column-19 fusion_builder_column_1_1 1_1 fusion-one-full fusion-column-first fusion-column-last\" style=\"--awb-bg-size:cover;\"><div class=\"fusion-column-wrapper fusion-column-has-shadow fusion-flex-column-wrapper-legacy\"><div class=\"fusion-title title fusion-title-14 fusion-sep-none fusion-title-text fusion-title-size-three\"><h3 class=\"fusion-title-heading title-heading-left fusion-responsive-typography-calculated\" style=\"margin:0;--fontSize:27;line-height:1.3;\">Cirurgies relacionades<\/h3><\/div><div class=\"fusion-clearfix\"><\/div><\/div><\/div><div class=\"fusion-layout-column fusion_builder_column fusion-builder-column-20 fusion_builder_column_1_2 1_2 fusion-one-half fusion-column-first\" style=\"--awb-bg-size:cover;width:50%;width:calc(50% - ( ( 4% ) * 0.5 ) );margin-right: 4%;\"><div class=\"fusion-column-wrapper fusion-column-has-shadow fusion-flex-column-wrapper-legacy\"><div class=\"fusion-image-element in-legacy-container\" style=\"--awb-caption-title-font-family:var(--h2_typography-font-family);--awb-caption-title-font-weight:var(--h2_typography-font-weight);--awb-caption-title-font-style:var(--h2_typography-font-style);--awb-caption-title-size:var(--h2_typography-font-size);--awb-caption-title-transform:var(--h2_typography-text-transform);--awb-caption-title-line-height:var(--h2_typography-line-height);--awb-caption-title-letter-spacing:var(--h2_typography-letter-spacing);\"><span class=\" fusion-imageframe imageframe-none imageframe-8 hover-type-none\" style=\"border-radius:10px;\"><a class=\"fusion-no-lightbox\" href=\"https:\/\/cirugiaplasticaandorra.com\/ca\/cirurgia-mamaria\/augment-de-pit\/\" target=\"_self\" aria-label=\"augment de pit Andorra\"><img decoding=\"async\" width=\"560\" height=\"200\" alt=\"Augment de pit a Andorra\" src=\"https:\/\/cirugiaplasticaandorra.com\/imagenes\/Aumento-de-pecho-Andorra-relacionados.jpg\" class=\"img-responsive wp-image-3260\" srcset=\"https:\/\/cirugiaplasticaandorra.com\/imagenes\/Aumento-de-pecho-Andorra-relacionados-200x71.jpg 200w, https:\/\/cirugiaplasticaandorra.com\/imagenes\/Aumento-de-pecho-Andorra-relacionados-400x143.jpg 400w, https:\/\/cirugiaplasticaandorra.com\/imagenes\/Aumento-de-pecho-Andorra-relacionados.jpg 560w\" sizes=\"(max-width: 800px) 100vw, 560px\" \/><\/a><\/span><\/div><div class=\"fusion-clearfix\"><\/div><\/div><\/div><div class=\"fusion-layout-column fusion_builder_column fusion-builder-column-21 fusion_builder_column_1_2 1_2 fusion-one-half fusion-column-last\" style=\"--awb-bg-size:cover;width:50%;width:calc(50% - ( ( 4% ) * 0.5 ) );\"><div class=\"fusion-column-wrapper fusion-column-has-shadow fusion-flex-column-wrapper-legacy\"><div class=\"fusion-image-element in-legacy-container\" style=\"--awb-caption-title-font-family:var(--h2_typography-font-family);--awb-caption-title-font-weight:var(--h2_typography-font-weight);--awb-caption-title-font-style:var(--h2_typography-font-style);--awb-caption-title-size:var(--h2_typography-font-size);--awb-caption-title-transform:var(--h2_typography-text-transform);--awb-caption-title-line-height:var(--h2_typography-line-height);--awb-caption-title-letter-spacing:var(--h2_typography-letter-spacing);\"><span class=\" fusion-imageframe imageframe-none imageframe-9 hover-type-none\" style=\"border-radius:10px;\"><a class=\"fusion-no-lightbox\" href=\"https:\/\/cirugiaplasticaandorra.com\/ca\/cirurgia-mamaria\/reduccio-de-pit\/\" target=\"_self\" aria-label=\"Reducci\u00f3 de pit Andorra\"><img decoding=\"async\" width=\"560\" height=\"200\" alt=\"Reducci\u00f3 de pit a Andorra\" src=\"https:\/\/cirugiaplasticaandorra.com\/imagenes\/Reducci\u00f3n-de-pecho-Andorra-relacionados.jpg\" class=\"img-responsive wp-image-3257\" srcset=\"https:\/\/cirugiaplasticaandorra.com\/imagenes\/Reducci\u00f3n-de-pecho-Andorra-relacionados-200x71.jpg 200w, https:\/\/cirugiaplasticaandorra.com\/imagenes\/Reducci\u00f3n-de-pecho-Andorra-relacionados-400x143.jpg 400w, https:\/\/cirugiaplasticaandorra.com\/imagenes\/Reducci\u00f3n-de-pecho-Andorra-relacionados.jpg 560w\" sizes=\"(max-width: 800px) 100vw, 560px\" \/><\/a><\/span><\/div><div class=\"fusion-clearfix\"><\/div><\/div><\/div><\/div><\/div><\/p>\n","protected":false},"excerpt":{"rendered":"","protected":false},"author":1,"featured_media":0,"parent":3579,"menu_order":4,"comment_status":"closed","ping_status":"closed","template":"","meta":{"_acf_changed":false,"footnotes":""},"class_list":["post-3849","page","type-page","status-publish","hentry"],"acf":[],"yoast_head":"<!-- This site is optimized with the Yoast SEO plugin v24.1 - https:\/\/yoast.com\/wordpress\/plugins\/seo\/ -->\n<title>L\u00edfting de bra\u00e7os - Fabrizio Moscatiello<\/title>\n<meta name=\"robots\" content=\"noindex, nofollow\" \/>\n<meta property=\"og:locale\" content=\"ca_ES\" \/>\n<meta property=\"og:type\" content=\"article\" \/>\n<meta property=\"og:title\" content=\"L\u00edfting de bra\u00e7os - Fabrizio Moscatiello\" \/>\n<meta property=\"og:url\" content=\"https:\/\/cirugiaplasticaandorra.com\/ca\/cirurgia-corporal\/lifting-de-bracos\/\" \/>\n<meta property=\"og:site_name\" content=\"Fabrizio Moscatiello\" \/>\n<meta property=\"article:modified_time\" content=\"2021-11-11T09:21:10+00:00\" \/>\n<meta name=\"twitter:card\" content=\"summary_large_image\" \/>\n<script type=\"application\/ld+json\" class=\"yoast-schema-graph\">{\"@context\":\"https:\/\/schema.org\",\"@graph\":[{\"@type\":\"WebPage\",\"@id\":\"https:\/\/cirugiaplasticaandorra.com\/ca\/cirurgia-corporal\/lifting-de-bracos\/\",\"url\":\"https:\/\/cirugiaplasticaandorra.com\/ca\/cirurgia-corporal\/lifting-de-bracos\/\",\"name\":\"L\u00edfting de bra\u00e7os - Fabrizio Moscatiello\",\"isPartOf\":{\"@id\":\"https:\/\/cirugiaplasticaandorra.com\/#website\"},\"datePublished\":\"2020-03-03T06:38:42+00:00\",\"dateModified\":\"2021-11-11T09:21:10+00:00\",\"breadcrumb\":{\"@id\":\"https:\/\/cirugiaplasticaandorra.com\/ca\/cirurgia-corporal\/lifting-de-bracos\/#breadcrumb\"},\"inLanguage\":\"ca\",\"potentialAction\":[{\"@type\":\"ReadAction\",\"target\":[\"https:\/\/cirugiaplasticaandorra.com\/ca\/cirurgia-corporal\/lifting-de-bracos\/\"]}]},{\"@type\":\"BreadcrumbList\",\"@id\":\"https:\/\/cirugiaplasticaandorra.com\/ca\/cirurgia-corporal\/lifting-de-bracos\/#breadcrumb\",\"itemListElement\":[{\"@type\":\"ListItem\",\"position\":1,\"name\":\"Portada\",\"item\":\"https:\/\/cirugiaplasticaandorra.com\/ca\/\"},{\"@type\":\"ListItem\",\"position\":2,\"name\":\"Cirurgia corporal\",\"item\":\"https:\/\/cirugiaplasticaandorra.com\/ca\/cirurgia-corporal\/\"},{\"@type\":\"ListItem\",\"position\":3,\"name\":\"L\u00edfting de bra\u00e7os\"}]},{\"@type\":\"WebSite\",\"@id\":\"https:\/\/cirugiaplasticaandorra.com\/#website\",\"url\":\"https:\/\/cirugiaplasticaandorra.com\/\",\"name\":\"Fabrizio Moscatiello\",\"description\":\"\",\"publisher\":{\"@id\":\"https:\/\/cirugiaplasticaandorra.com\/#\/schema\/person\/22d9c3b3af852a097fcd993016b521fd\"},\"potentialAction\":[{\"@type\":\"SearchAction\",\"target\":{\"@type\":\"EntryPoint\",\"urlTemplate\":\"https:\/\/cirugiaplasticaandorra.com\/?s={search_term_string}\"},\"query-input\":{\"@type\":\"PropertyValueSpecification\",\"valueRequired\":true,\"valueName\":\"search_term_string\"}}],\"inLanguage\":\"ca\"},{\"@type\":[\"Person\",\"Organization\"],\"@id\":\"https:\/\/cirugiaplasticaandorra.com\/#\/schema\/person\/22d9c3b3af852a097fcd993016b521fd\",\"name\":\"Institut de cirurg\u00eda pl\u00e0stica Dr Fabrizo Moscatiello\",\"logo\":{\"@id\":\"https:\/\/cirugiaplasticaandorra.com\/#\/schema\/person\/image\/\"}}]}<\/script>\n<!-- \/ Yoast SEO plugin. -->","yoast_head_json":{"title":"L\u00edfting de bra\u00e7os - Fabrizio Moscatiello","robots":{"index":"noindex","follow":"nofollow"},"og_locale":"ca_ES","og_type":"article","og_title":"L\u00edfting de bra\u00e7os - Fabrizio Moscatiello","og_url":"https:\/\/cirugiaplasticaandorra.com\/ca\/cirurgia-corporal\/lifting-de-bracos\/","og_site_name":"Fabrizio Moscatiello","article_modified_time":"2021-11-11T09:21:10+00:00","twitter_card":"summary_large_image","schema":{"@context":"https:\/\/schema.org","@graph":[{"@type":"WebPage","@id":"https:\/\/cirugiaplasticaandorra.com\/ca\/cirurgia-corporal\/lifting-de-bracos\/","url":"https:\/\/cirugiaplasticaandorra.com\/ca\/cirurgia-corporal\/lifting-de-bracos\/","name":"L\u00edfting de bra\u00e7os - Fabrizio Moscatiello","isPartOf":{"@id":"https:\/\/cirugiaplasticaandorra.com\/#website"},"datePublished":"2020-03-03T06:38:42+00:00","dateModified":"2021-11-11T09:21:10+00:00","breadcrumb":{"@id":"https:\/\/cirugiaplasticaandorra.com\/ca\/cirurgia-corporal\/lifting-de-bracos\/#breadcrumb"},"inLanguage":"ca","potentialAction":[{"@type":"ReadAction","target":["https:\/\/cirugiaplasticaandorra.com\/ca\/cirurgia-corporal\/lifting-de-bracos\/"]}]},{"@type":"BreadcrumbList","@id":"https:\/\/cirugiaplasticaandorra.com\/ca\/cirurgia-corporal\/lifting-de-bracos\/#breadcrumb","itemListElement":[{"@type":"ListItem","position":1,"name":"Portada","item":"https:\/\/cirugiaplasticaandorra.com\/ca\/"},{"@type":"ListItem","position":2,"name":"Cirurgia corporal","item":"https:\/\/cirugiaplasticaandorra.com\/ca\/cirurgia-corporal\/"},{"@type":"ListItem","position":3,"name":"L\u00edfting de bra\u00e7os"}]},{"@type":"WebSite","@id":"https:\/\/cirugiaplasticaandorra.com\/#website","url":"https:\/\/cirugiaplasticaandorra.com\/","name":"Fabrizio Moscatiello","description":"","publisher":{"@id":"https:\/\/cirugiaplasticaandorra.com\/#\/schema\/person\/22d9c3b3af852a097fcd993016b521fd"},"potentialAction":[{"@type":"SearchAction","target":{"@type":"EntryPoint","urlTemplate":"https:\/\/cirugiaplasticaandorra.com\/?s={search_term_string}"},"query-input":{"@type":"PropertyValueSpecification","valueRequired":true,"valueName":"search_term_string"}}],"inLanguage":"ca"},{"@type":["Person","Organization"],"@id":"https:\/\/cirugiaplasticaandorra.com\/#\/schema\/person\/22d9c3b3af852a097fcd993016b521fd","name":"Institut de cirurg\u00eda pl\u00e0stica Dr Fabrizo Moscatiello","logo":{"@id":"https:\/\/cirugiaplasticaandorra.com\/#\/schema\/person\/image\/"}}]}},"_links":{"self":[{"href":"https:\/\/cirugiaplasticaandorra.com\/ca\/wp-json\/wp\/v2\/pages\/3849","targetHints":{"allow":["GET"]}}],"collection":[{"href":"https:\/\/cirugiaplasticaandorra.com\/ca\/wp-json\/wp\/v2\/pages"}],"about":[{"href":"https:\/\/cirugiaplasticaandorra.com\/ca\/wp-json\/wp\/v2\/types\/page"}],"author":[{"embeddable":true,"href":"https:\/\/cirugiaplasticaandorra.com\/ca\/wp-json\/wp\/v2\/users\/1"}],"replies":[{"embeddable":true,"href":"https:\/\/cirugiaplasticaandorra.com\/ca\/wp-json\/wp\/v2\/comments?post=3849"}],"version-history":[{"count":0,"href":"https:\/\/cirugiaplasticaandorra.com\/ca\/wp-json\/wp\/v2\/pages\/3849\/revisions"}],"up":[{"embeddable":true,"href":"https:\/\/cirugiaplasticaandorra.com\/ca\/wp-json\/wp\/v2\/pages\/3579"}],"wp:attachment":[{"href":"https:\/\/cirugiaplasticaandorra.com\/ca\/wp-json\/wp\/v2\/media?parent=3849"}],"curies":[{"name":"wp","href":"https:\/\/api.w.org\/{rel}","templated":true}]}}