{"id":3870,"date":"2020-03-03T06:56:47","date_gmt":"2020-03-03T06:56:47","guid":{"rendered":"https:\/\/cirugiaplasticaandorra.com\/chirurgie-corporelle\/brachioplastie\/"},"modified":"2021-11-11T09:21:35","modified_gmt":"2021-11-11T09:21:35","slug":"brachioplastie","status":"publish","type":"page","link":"https:\/\/cirugiaplasticaandorra.com\/fr\/chirurgie-corporelle\/brachioplastie\/","title":{"rendered":"Brachioplastie"},"content":{"rendered":"<p><div class=\"fusion-fullwidth fullwidth-box fusion-builder-row-1 nonhundred-percent-fullwidth non-hundred-percent-height-scrolling\" style=\"--awb-border-radius-top-left:0px;--awb-border-radius-top-right:0px;--awb-border-radius-bottom-right:0px;--awb-border-radius-bottom-left:0px;--awb-flex-wrap:wrap;\" ><div class=\"fusion-builder-row fusion-row\"><div class=\"fusion-layout-column fusion_builder_column fusion-builder-column-0 fusion_builder_column_1_3 1_3 fusion-one-third fusion-column-first\" style=\"--awb-bg-size:cover;width:33.333333333333%;width:calc(33.333333333333% - ( ( 4% + 4% ) * 0.33333333333333 ) );margin-right: 4%;\"><div class=\"fusion-column-wrapper fusion-column-has-shadow fusion-flex-column-wrapper-legacy\"><div class=\"fusion-image-element fusion-image-align-center in-legacy-container\" style=\"text-align:center;--awb-caption-title-font-family:var(--h2_typography-font-family);--awb-caption-title-font-weight:var(--h2_typography-font-weight);--awb-caption-title-font-style:var(--h2_typography-font-style);--awb-caption-title-size:var(--h2_typography-font-size);--awb-caption-title-transform:var(--h2_typography-text-transform);--awb-caption-title-line-height:var(--h2_typography-line-height);--awb-caption-title-letter-spacing:var(--h2_typography-letter-spacing);\"><div class=\"imageframe-align-center\"><span class=\" fusion-imageframe imageframe-none imageframe-1 hover-type-none\"><img decoding=\"async\" width=\"128\" height=\"128\" title=\"intervention1\" src=\"https:\/\/cirugiaplasticaandorra.com\/imagenes\/intervenci\u00f3n1.png\" alt class=\"img-responsive wp-image-3319\" srcset=\"https:\/\/cirugiaplasticaandorra.com\/imagenes\/intervenci\u00f3n1-66x66.png 66w, https:\/\/cirugiaplasticaandorra.com\/imagenes\/intervenci\u00f3n1.png 128w\" sizes=\"(max-width: 128px) 100vw, 128px\" \/><\/span><\/div><\/div><div class=\"fusion-title title fusion-title-1 fusion-sep-none fusion-title-center fusion-title-text fusion-title-size-three\" style=\"--awb-text-color:#854a79;--awb-margin-top:10px;--awb-margin-top-small:10px;--awb-margin-bottom-small:5px;\"><h3 class=\"fusion-title-heading title-heading-center fusion-responsive-typography-calculated\" style=\"margin:0;--fontSize:27;line-height:1.3;\">Intervention<\/h3><\/div><div class=\"fusion-text fusion-text-1\"><p style=\"text-align: center\">1,5 heures<\/p>\n<\/div><div class=\"fusion-clearfix\"><\/div><\/div><\/div><div class=\"fusion-layout-column fusion_builder_column fusion-builder-column-1 fusion_builder_column_1_3 1_3 fusion-one-third\" style=\"--awb-bg-size:cover;width:33.333333333333%;width:calc(33.333333333333% - ( ( 4% + 4% ) * 0.33333333333333 ) );margin-right: 4%;\"><div class=\"fusion-column-wrapper fusion-column-has-shadow fusion-flex-column-wrapper-legacy\"><div class=\"fusion-image-element fusion-image-align-center in-legacy-container\" style=\"text-align:center;--awb-caption-title-font-family:var(--h2_typography-font-family);--awb-caption-title-font-weight:var(--h2_typography-font-weight);--awb-caption-title-font-style:var(--h2_typography-font-style);--awb-caption-title-size:var(--h2_typography-font-size);--awb-caption-title-transform:var(--h2_typography-text-transform);--awb-caption-title-line-height:var(--h2_typography-line-height);--awb-caption-title-letter-spacing:var(--h2_typography-letter-spacing);\"><div class=\"imageframe-align-center\"><span class=\" fusion-imageframe imageframe-none imageframe-2 hover-type-none\"><img decoding=\"async\" width=\"128\" height=\"128\" title=\"sexe1\" src=\"https:\/\/cirugiaplasticaandorra.com\/imagenes\/sexo1.png\" alt class=\"img-responsive wp-image-3316\" srcset=\"https:\/\/cirugiaplasticaandorra.com\/imagenes\/sexo1-66x66.png 66w, https:\/\/cirugiaplasticaandorra.com\/imagenes\/sexo1.png 128w\" sizes=\"(max-width: 128px) 100vw, 128px\" \/><\/span><\/div><\/div><div class=\"fusion-title title fusion-title-2 fusion-sep-none fusion-title-center fusion-title-text fusion-title-size-three\" style=\"--awb-text-color:#854a79;--awb-margin-top:10px;--awb-margin-top-small:10px;--awb-margin-bottom-small:5px;\"><h3 class=\"fusion-title-heading title-heading-center fusion-responsive-typography-calculated\" style=\"margin:0;--fontSize:27;line-height:1.3;\">Sexe<\/h3><\/div><div class=\"fusion-text fusion-text-2\"><p style=\"text-align: center\">Femme<\/p>\n<\/div><div class=\"fusion-clearfix\"><\/div><\/div><\/div><div class=\"fusion-layout-column fusion_builder_column fusion-builder-column-2 fusion_builder_column_1_3 1_3 fusion-one-third fusion-column-last\" style=\"--awb-bg-size:cover;width:33.333333333333%;width:calc(33.333333333333% - ( ( 4% + 4% ) * 0.33333333333333 ) );\"><div class=\"fusion-column-wrapper fusion-column-has-shadow fusion-flex-column-wrapper-legacy\"><div class=\"fusion-image-element fusion-image-align-center in-legacy-container\" style=\"text-align:center;--awb-caption-title-font-family:var(--h2_typography-font-family);--awb-caption-title-font-weight:var(--h2_typography-font-weight);--awb-caption-title-font-style:var(--h2_typography-font-style);--awb-caption-title-size:var(--h2_typography-font-size);--awb-caption-title-transform:var(--h2_typography-text-transform);--awb-caption-title-line-height:var(--h2_typography-line-height);--awb-caption-title-letter-spacing:var(--h2_typography-letter-spacing);\"><div class=\"imageframe-align-center\"><span class=\" fusion-imageframe imageframe-none imageframe-3 hover-type-none\"><img decoding=\"async\" width=\"128\" height=\"128\" title=\"hospitalisation1\" src=\"https:\/\/cirugiaplasticaandorra.com\/imagenes\/hospitalizaci\u00f3n1.png\" alt class=\"img-responsive wp-image-3313\" srcset=\"https:\/\/cirugiaplasticaandorra.com\/imagenes\/hospitalizaci\u00f3n1-66x66.png 66w, https:\/\/cirugiaplasticaandorra.com\/imagenes\/hospitalizaci\u00f3n1.png 128w\" sizes=\"(max-width: 128px) 100vw, 128px\" \/><\/span><\/div><\/div><div class=\"fusion-title title fusion-title-3 fusion-sep-none fusion-title-center fusion-title-text fusion-title-size-three\" style=\"--awb-text-color:#854a79;--awb-margin-top:10px;--awb-margin-top-small:10px;--awb-margin-bottom-small:5px;\"><h3 class=\"fusion-title-heading title-heading-center fusion-responsive-typography-calculated\" style=\"margin:0;--fontSize:27;line-height:1.3;\">Hospitalisation<\/h3><\/div><div class=\"fusion-text fusion-text-3\"><p style=\"text-align: center\">1 jour<\/p>\n<\/div><div class=\"fusion-clearfix\"><\/div><\/div><\/div><div class=\"fusion-layout-column fusion_builder_column fusion-builder-column-3 fusion_builder_column_1_3 1_3 fusion-one-third fusion-column-first\" style=\"--awb-bg-size:cover;width:33.333333333333%;width:calc(33.333333333333% - ( ( 4% + 4% ) * 0.33333333333333 ) );margin-right: 4%;\"><div class=\"fusion-column-wrapper fusion-column-has-shadow fusion-flex-column-wrapper-legacy\"><div class=\"fusion-image-element fusion-image-align-center in-legacy-container\" style=\"text-align:center;--awb-caption-title-font-family:var(--h2_typography-font-family);--awb-caption-title-font-weight:var(--h2_typography-font-weight);--awb-caption-title-font-style:var(--h2_typography-font-style);--awb-caption-title-size:var(--h2_typography-font-size);--awb-caption-title-transform:var(--h2_typography-text-transform);--awb-caption-title-line-height:var(--h2_typography-line-height);--awb-caption-title-letter-spacing:var(--h2_typography-letter-spacing);\"><div class=\"imageframe-align-center\"><span class=\" fusion-imageframe imageframe-none imageframe-4 hover-type-none\"><img decoding=\"async\" width=\"128\" height=\"128\" title=\"Anesth\u00e9sie1\" src=\"https:\/\/cirugiaplasticaandorra.com\/imagenes\/anestesia1.png\" alt class=\"img-responsive wp-image-3310\" srcset=\"https:\/\/cirugiaplasticaandorra.com\/imagenes\/anestesia1-66x66.png 66w, https:\/\/cirugiaplasticaandorra.com\/imagenes\/anestesia1.png 128w\" sizes=\"(max-width: 128px) 100vw, 128px\" \/><\/span><\/div><\/div><div class=\"fusion-title title fusion-title-4 fusion-sep-none fusion-title-center fusion-title-text fusion-title-size-three\" style=\"--awb-text-color:#854a79;--awb-margin-top:10px;--awb-margin-top-small:10px;--awb-margin-bottom-small:5px;\"><h3 class=\"fusion-title-heading title-heading-center fusion-responsive-typography-calculated\" style=\"margin:0;--fontSize:27;line-height:1.3;\">Anesth\u00e9sie<\/h3><\/div><div class=\"fusion-text fusion-text-4\"><p style=\"text-align: center\">G\u00e9n\u00e9rale<\/p>\n<\/div><div class=\"fusion-clearfix\"><\/div><\/div><\/div><div class=\"fusion-layout-column fusion_builder_column fusion-builder-column-4 fusion_builder_column_1_3 1_3 fusion-one-third\" style=\"--awb-bg-size:cover;width:33.333333333333%;width:calc(33.333333333333% - ( ( 4% + 4% ) * 0.33333333333333 ) );margin-right: 4%;\"><div class=\"fusion-column-wrapper fusion-column-has-shadow fusion-flex-column-wrapper-legacy\"><div class=\"fusion-image-element fusion-image-align-center in-legacy-container\" style=\"text-align:center;--awb-caption-title-font-family:var(--h2_typography-font-family);--awb-caption-title-font-weight:var(--h2_typography-font-weight);--awb-caption-title-font-style:var(--h2_typography-font-style);--awb-caption-title-size:var(--h2_typography-font-size);--awb-caption-title-transform:var(--h2_typography-text-transform);--awb-caption-title-line-height:var(--h2_typography-line-height);--awb-caption-title-letter-spacing:var(--h2_typography-letter-spacing);\"><div class=\"imageframe-align-center\"><span class=\" fusion-imageframe imageframe-none imageframe-5 hover-type-none\"><img decoding=\"async\" width=\"128\" height=\"128\" title=\"r\u00e9cup\u00e9ration1\" src=\"https:\/\/cirugiaplasticaandorra.com\/imagenes\/recuperaci\u00f3n1.png\" alt class=\"img-responsive wp-image-3307\" srcset=\"https:\/\/cirugiaplasticaandorra.com\/imagenes\/recuperaci\u00f3n1-66x66.png 66w, https:\/\/cirugiaplasticaandorra.com\/imagenes\/recuperaci\u00f3n1.png 128w\" sizes=\"(max-width: 128px) 100vw, 128px\" \/><\/span><\/div><\/div><div class=\"fusion-title title fusion-title-5 fusion-sep-none fusion-title-center fusion-title-text fusion-title-size-three\" style=\"--awb-text-color:#854a79;--awb-margin-top:10px;--awb-margin-top-small:10px;--awb-margin-bottom-small:5px;\"><h3 class=\"fusion-title-heading title-heading-center fusion-responsive-typography-calculated\" style=\"margin:0;--fontSize:27;line-height:1.3;\">Redressement<\/h3><\/div><div class=\"fusion-text fusion-text-5\"><p style=\"text-align: center\">Entre 1 et 2 semaines<\/p>\n<\/div><div class=\"fusion-clearfix\"><\/div><\/div><\/div><div class=\"fusion-layout-column fusion_builder_column fusion-builder-column-5 fusion_builder_column_1_3 1_3 fusion-one-third fusion-column-last\" style=\"--awb-bg-size:cover;width:33.333333333333%;width:calc(33.333333333333% - ( ( 4% + 4% ) * 0.33333333333333 ) );\"><div class=\"fusion-column-wrapper fusion-column-has-shadow fusion-flex-column-wrapper-legacy\"><div class=\"fusion-image-element fusion-image-align-center in-legacy-container\" style=\"text-align:center;--awb-caption-title-font-family:var(--h2_typography-font-family);--awb-caption-title-font-weight:var(--h2_typography-font-weight);--awb-caption-title-font-style:var(--h2_typography-font-style);--awb-caption-title-size:var(--h2_typography-font-size);--awb-caption-title-transform:var(--h2_typography-text-transform);--awb-caption-title-line-height:var(--h2_typography-line-height);--awb-caption-title-letter-spacing:var(--h2_typography-letter-spacing);\"><div class=\"imageframe-align-center\"><span class=\" fusion-imageframe imageframe-none imageframe-6 hover-type-none\"><img decoding=\"async\" width=\"128\" height=\"128\" title=\"r\u00e9sultats1\" src=\"https:\/\/cirugiaplasticaandorra.com\/imagenes\/resultados1.png\" alt class=\"img-responsive wp-image-3304\" srcset=\"https:\/\/cirugiaplasticaandorra.com\/imagenes\/resultados1-66x66.png 66w, https:\/\/cirugiaplasticaandorra.com\/imagenes\/resultados1.png 128w\" sizes=\"(max-width: 128px) 100vw, 128px\" \/><\/span><\/div><\/div><div class=\"fusion-title title fusion-title-6 fusion-sep-none fusion-title-center fusion-title-text fusion-title-size-three\" style=\"--awb-text-color:#854a79;--awb-margin-top:10px;--awb-margin-top-small:10px;--awb-margin-bottom-small:5px;\"><h3 class=\"fusion-title-heading title-heading-center fusion-responsive-typography-calculated\" style=\"margin:0;--fontSize:27;line-height:1.3;\">R\u00e9sultats<\/h3><\/div><div class=\"fusion-text fusion-text-6\"><p style=\"text-align: center\">D\u00e9finitif<\/p>\n<\/div><div class=\"fusion-clearfix\"><\/div><\/div><\/div><\/div><\/div><div class=\"fusion-fullwidth fullwidth-box fusion-builder-row-2 nonhundred-percent-fullwidth non-hundred-percent-height-scrolling\" style=\"--awb-border-radius-top-left:0px;--awb-border-radius-top-right:0px;--awb-border-radius-bottom-right:0px;--awb-border-radius-bottom-left:0px;--awb-flex-wrap:wrap;\" ><div class=\"fusion-builder-row fusion-row\"><div class=\"fusion-layout-column fusion_builder_column fusion-builder-column-6 fusion_builder_column_1_1 1_1 fusion-one-full fusion-column-first fusion-column-last\" style=\"--awb-bg-size:cover;\"><div class=\"fusion-column-wrapper fusion-column-has-shadow fusion-flex-column-wrapper-legacy\"><div class=\"fusion-text fusion-text-7\"><p>La brachioplastie ou lifting brachial est la technique chirurgicale visant \u00e0 am\u00e9liorer l&rsquo;apparence des membres sup\u00e9rieurs (EESS) par la liposuccion et\/ou la r\u00e9section de l&rsquo;exc\u00e8s de peau sur la face interne des deux bras. L&rsquo;objectif de cette op\u00e9ration est d&rsquo;obtenir des bras \u00e9l\u00e9gants et en harmonie avec le corps.<\/p>\n<p>La chirurgie du <strong>bras<\/strong> peut \u00eatre pratiqu\u00e9e \u00e0 tout moment de l&rsquo;ann\u00e9e, il faut toujours tenir compte des limites que l&rsquo;on peut avoir en \u00e9t\u00e9. Nous sommes l&rsquo;<strong>une des principales cliniques d&rsquo;Andorre en mati\u00e8re de chirurgie du bras<\/strong>, gr\u00e2ce notamment \u00e0 l&rsquo;exp\u00e9rience du Dr Fabrizio Moscatiello.<\/p>\n<p>\u00c0 l&rsquo;Institut de chirurgie plastique Dr. Fabrizio Moscatiello, nous disposons d&rsquo;une \u00e9quipe m\u00e9dicale sp\u00e9cialis\u00e9e avec plus de 15 ans d&rsquo;exp\u00e9rience, avec une large carri\u00e8re professionnelle en chirurgie corporelle, obtenant des <strong>r\u00e9sultats tr\u00e8s naturels et satisfaisants pour nos patients<\/strong> avec des op\u00e9rations de lifting de bras en Andorre. Tout cela avec un traitement personnalis\u00e9 et en fonction de vos attentes, vous permettant de vous sentir \u00e0 l&rsquo;aise \u00e0 tout moment.<\/p>\n<\/div><div class=\"fusion-clearfix\"><\/div><\/div><\/div><\/div><\/div><div class=\"fusion-fullwidth fullwidth-box fusion-builder-row-3 nonhundred-percent-fullwidth non-hundred-percent-height-scrolling\" style=\"--awb-border-radius-top-left:0px;--awb-border-radius-top-right:0px;--awb-border-radius-bottom-right:0px;--awb-border-radius-bottom-left:0px;--awb-flex-wrap:wrap;\" ><div class=\"fusion-builder-row fusion-row\"><div class=\"fusion-layout-column fusion_builder_column fusion-builder-column-7 fusion_builder_column_1_1 1_1 fusion-one-full fusion-column-first fusion-column-last fusion-no-small-visibility\" style=\"--awb-bg-size:cover;\"><div class=\"fusion-column-wrapper fusion-column-has-shadow fusion-flex-column-wrapper-legacy\"><div class=\"fusion-title title fusion-title-7 fusion-sep-none fusion-title-text fusion-title-size-two\" style=\"--awb-font-size:45px;\"><h2 class=\"fusion-title-heading title-heading-left fusion-responsive-typography-calculated\" style=\"margin:0;font-size:1em;--fontSize:45;line-height:1.18;\">Qu&rsquo;est-ce que la chirurgie du bras en Andorre ?<\/h2><\/div><div class=\"fusion-clearfix\"><\/div><\/div><\/div><div class=\"fusion-layout-column fusion_builder_column fusion-builder-column-8 fusion_builder_column_1_1 1_1 fusion-one-full fusion-column-first fusion-column-last fusion-no-medium-visibility fusion-no-large-visibility\" style=\"--awb-bg-size:cover;\"><div class=\"fusion-column-wrapper fusion-column-has-shadow fusion-flex-column-wrapper-legacy\"><div class=\"fusion-title title fusion-title-8 fusion-sep-none fusion-title-text fusion-title-size-two\" style=\"--awb-font-size:38px;\"><h2 class=\"fusion-title-heading title-heading-left fusion-responsive-typography-calculated\" style=\"margin:0;font-size:1em;--fontSize:38;line-height:1.18;\">Qu&rsquo;est-ce que la chirurgie du bras en Andorre ?<\/h2><\/div><div class=\"fusion-clearfix\"><\/div><\/div><\/div><div class=\"fusion-layout-column fusion_builder_column fusion-builder-column-9 fusion_builder_column_1_1 1_1 fusion-one-full fusion-column-first fusion-column-last\" style=\"--awb-bg-size:cover;\"><div class=\"fusion-column-wrapper fusion-column-has-shadow fusion-flex-column-wrapper-legacy\"><div class=\"fusion-text fusion-text-8\"><p>La chirurgie des bras ou brachioplastie est une op\u00e9ration qui redonne au contour des bras une forme plus esth\u00e9tique. En g\u00e9n\u00e9ral, le probl\u00e8me est l&rsquo;apparition d&rsquo;un bras suspendu avec un exc\u00e8s de peau et cela peut \u00eatre d\u00fb \u00e0 une perte de poids massive ou \u00e0 un rel\u00e2chement de la couleur de la peau d\u00fb au passage des ann\u00e9es, ce qui donne l&rsquo;impression d&rsquo;avoir des bras pendants. Si la couleur de la peau est ad\u00e9quate mais que le volume est augment\u00e9, une liposuccion peut \u00eatre propos\u00e9e, mais les autres personnes ne b\u00e9n\u00e9ficieront pas de la liposuccion car la peau ne se r\u00e9tracte pas et n\u00e9cessite une brachioplastie.<\/p>\n<p>Il s&rsquo;agit d&rsquo;une intervention chirurgicale qui peut \u00eatre pratiqu\u00e9e sous anesth\u00e9sie locale ou g\u00e9n\u00e9rale selon les cas. La dur\u00e9e varie entre 1 et 2 heures.<\/p>\n<p>Les options chirurgicales qui s&rsquo;offrent au chirurgien sont la liposuccion et diverses techniques pour lever le bras avec des cicatrices \u00e0 l&rsquo;aisselle ou \u00e0 l&rsquo;int\u00e9rieur du bras. Vous quitterez la salle d&rsquo;op\u00e9ration avec un pansement semi-compressif.<\/p>\n<\/div><div class=\"fusion-clearfix\"><\/div><\/div><\/div><\/div><\/div><div class=\"fusion-fullwidth fullwidth-box fusion-builder-row-4 nonhundred-percent-fullwidth non-hundred-percent-height-scrolling\" style=\"--awb-border-radius-top-left:0px;--awb-border-radius-top-right:0px;--awb-border-radius-bottom-right:0px;--awb-border-radius-bottom-left:0px;--awb-flex-wrap:wrap;\" ><div class=\"fusion-builder-row fusion-row\"><div class=\"fusion-layout-column fusion_builder_column fusion-builder-column-10 fusion_builder_column_1_1 1_1 fusion-one-full fusion-column-first fusion-column-last\" style=\"--awb-bg-size:cover;\"><div class=\"fusion-column-wrapper fusion-column-has-shadow fusion-flex-column-wrapper-legacy\"><div class=\"fusion-title title fusion-title-9 fusion-sep-none fusion-title-text fusion-title-size-three\"><h3 class=\"fusion-title-heading title-heading-left fusion-responsive-typography-calculated\" style=\"margin:0;--fontSize:27;line-height:1.3;\">A qui s&rsquo;adresse le bras de levage ?<\/h3><\/div><div class=\"fusion-clearfix\"><\/div><\/div><\/div><div class=\"fusion-layout-column fusion_builder_column fusion-builder-column-11 fusion_builder_column_1_1 1_1 fusion-one-full fusion-column-first fusion-column-last\" style=\"--awb-bg-size:cover;\"><div class=\"fusion-column-wrapper fusion-column-has-shadow fusion-flex-column-wrapper-legacy\"><div class=\"fusion-text fusion-text-9\"><p>Les patients qui subissent un lifting des bras sont ceux qui ont subi une grande perte de poids suite \u00e0 un r\u00e9gime ou apr\u00e8s un pontage gastrique. L&rsquo;\u00e9tat de sant\u00e9 des personnes qui subissent cette op\u00e9ration doit \u00eatre bon.<\/p>\n<p>Les candidats id\u00e9aux pour une brachioplastie sont les hommes ou les femmes qui ont un exc\u00e8s de peau sur la face interne des bras, de pr\u00e9f\u00e9rence en bonne sant\u00e9 et avec un poids stable. Il n&rsquo;est pas recommand\u00e9 de se faire op\u00e9rer si vous continuez \u00e0 perdre du poids. Il est pr\u00e9f\u00e9rable d&rsquo;atteindre d&rsquo;abord le poids souhait\u00e9 et de subir ensuite l&rsquo;op\u00e9ration.<\/p>\n<\/div><div class=\"fusion-clearfix\"><\/div><\/div><\/div><\/div><\/div><div class=\"fusion-fullwidth fullwidth-box fusion-builder-row-5 nonhundred-percent-fullwidth non-hundred-percent-height-scrolling\" style=\"--awb-border-sizes-top:1px;--awb-border-sizes-bottom:1px;--awb-border-sizes-left:0px;--awb-border-sizes-right:0px;--awb-border-color:#eae1e4;--awb-border-radius-top-left:0px;--awb-border-radius-top-right:0px;--awb-border-radius-bottom-right:0px;--awb-border-radius-bottom-left:0px;--awb-margin-bottom:60px;--awb-flex-wrap:wrap;\" ><div class=\"fusion-builder-row fusion-row\"><div class=\"fusion-layout-column fusion_builder_column fusion-builder-column-12 fusion_builder_column_2_3 2_3 fusion-two-third fusion-column-first fusion-no-medium-visibility fusion-no-large-visibility\" style=\"--awb-bg-size:cover;width:65.3333%; margin-right: 4%;\"><div class=\"fusion-column-wrapper fusion-column-has-shadow fusion-flex-column-wrapper-legacy\"><div class=\"fusion-title title fusion-title-10 fusion-sep-none fusion-title-text fusion-title-size-two\"><h2 class=\"fusion-title-heading title-heading-left fusion-responsive-typography-calculated\" style=\"margin:0;--fontSize:48;line-height:1.18;\">Les meilleurs chirurgiens en chirurgie du bras<\/h2><\/div><div class=\"fusion-clearfix\"><\/div><\/div><\/div><div class=\"fusion-layout-column fusion_builder_column fusion-builder-column-13 fusion_builder_column_2_3 2_3 fusion-two-third fusion-column-first fusion-no-small-visibility\" style=\"--awb-bg-size:cover;--awb-margin-top:0px;--awb-margin-bottom:0px;width:66.666666666667%;width:calc(66.666666666667% - ( ( 4% ) * 0.66666666666667 ) );margin-right: 4%;\"><div class=\"fusion-column-wrapper fusion-column-has-shadow fusion-flex-column-wrapper-legacy\"><div class=\"fusion-title title fusion-title-11 fusion-sep-none fusion-title-text fusion-title-size-two\" style=\"--awb-margin-top:23%;\"><h2 class=\"fusion-title-heading title-heading-left fusion-responsive-typography-calculated\" style=\"margin:0;--fontSize:48;line-height:1.18;\">Les meilleurs chirurgiens en chirurgie du bras<\/h2><\/div><div class=\"fusion-clearfix\"><\/div><\/div><\/div><div class=\"fusion-layout-column fusion_builder_column fusion-builder-column-14 fusion_builder_column_1_3 1_3 fusion-one-third fusion-column-last\" style=\"--awb-bg-size:cover;--awb-margin-top:0px;--awb-margin-bottom:0px;width:33.333333333333%;width:calc(33.333333333333% - ( ( 4% ) * 0.33333333333333 ) );\"><div class=\"fusion-column-wrapper fusion-column-has-shadow fusion-flex-column-wrapper-legacy\"><div class=\"fusion-image-element fusion-image-align-center in-legacy-container\" style=\"text-align:center;--awb-caption-title-font-family:var(--h2_typography-font-family);--awb-caption-title-font-weight:var(--h2_typography-font-weight);--awb-caption-title-font-style:var(--h2_typography-font-style);--awb-caption-title-size:var(--h2_typography-font-size);--awb-caption-title-transform:var(--h2_typography-text-transform);--awb-caption-title-line-height:var(--h2_typography-line-height);--awb-caption-title-letter-spacing:var(--h2_typography-letter-spacing);\"><div class=\"imageframe-align-center\"><span class=\" fusion-imageframe imageframe-none imageframe-7 hover-type-none\"><img decoding=\"async\" width=\"375\" height=\"500\" alt=\"Les meilleurs chirurgiens plastiques d&#039;Andorre\" title=\"Le meilleur chirurgien\" src=\"https:\/\/cirugiaplasticaandorra.com\/imagenes\/El-mejor-cirujano-Fabrizio-Moscatiello.jpg\" class=\"img-responsive wp-image-3301\" srcset=\"https:\/\/cirugiaplasticaandorra.com\/imagenes\/El-mejor-cirujano-Fabrizio-Moscatiello-200x267.jpg 200w, https:\/\/cirugiaplasticaandorra.com\/imagenes\/El-mejor-cirujano-Fabrizio-Moscatiello.jpg 375w\" sizes=\"(max-width: 800px) 100vw, 375px\" \/><\/span><\/div><\/div><div class=\"fusion-clearfix\"><\/div><\/div><\/div><\/div><\/div><div class=\"fusion-fullwidth fullwidth-box fusion-builder-row-6 nonhundred-percent-fullwidth non-hundred-percent-height-scrolling\" style=\"--awb-border-radius-top-left:0px;--awb-border-radius-top-right:0px;--awb-border-radius-bottom-right:0px;--awb-border-radius-bottom-left:0px;--awb-flex-wrap:wrap;\" ><div class=\"fusion-builder-row fusion-row\"><div class=\"fusion-layout-column fusion_builder_column fusion-builder-column-15 fusion_builder_column_1_1 1_1 fusion-one-full fusion-column-first fusion-column-last\" style=\"--awb-bg-size:cover;\"><div class=\"fusion-column-wrapper fusion-column-has-shadow fusion-flex-column-wrapper-legacy\"><div class=\"fusion-title title fusion-title-12 fusion-sep-none fusion-title-text fusion-title-size-two\"><h2 class=\"fusion-title-heading title-heading-left fusion-responsive-typography-calculated\" style=\"margin:0;--fontSize:48;line-height:1.18;\">Brachioplastie pr\u00e9op\u00e9ratoire en Andorre<\/h2><\/div><div class=\"fusion-clearfix\"><\/div><\/div><\/div><div class=\"fusion-layout-column fusion_builder_column fusion-builder-column-16 fusion_builder_column_1_1 1_1 fusion-one-full fusion-column-first fusion-column-last\" style=\"--awb-bg-size:cover;\"><div class=\"fusion-column-wrapper fusion-column-has-shadow fusion-flex-column-wrapper-legacy\"><div class=\"fusion-text fusion-text-10\"><p>Lors de la premi\u00e8re visite, l&rsquo;aspect de la peau sera \u00e9valu\u00e9, ainsi que sa capacit\u00e9 de r\u00e9traction, l&rsquo;exc\u00e8s de peau sur la face interne des bras et l&rsquo;\u00e9tat g\u00e9n\u00e9ral du patient (maladies coadjuvantes, prise de m\u00e9dicaments, traitement anticoagulant, allergies, interventions ant\u00e9rieures, tabagisme, etc.) Il est tr\u00e8s important que lors de cette visite et de la suivante, vous communiquiez \u00e0 votre chirurgien ce que vous attendez de cette op\u00e9ration et que vous consultiez tous les doutes que vous pouvez avoir.<\/p>\n<p>Une \u00e9tude pr\u00e9op\u00e9ratoire sera n\u00e9cessaire sur la base d&rsquo;une analyse g\u00e9n\u00e9rale avec des tests de coagulation, une radiographie du thorax et un ECG. Il sera \u00e9galement n\u00e9cessaire de suspendre l&rsquo;aspirine ou d&rsquo;autres anticoagulants environ 10 jours avant l&rsquo;op\u00e9ration (sous la surveillance de votre m\u00e9decin de famille).<\/p>\n<p>Si vous prenez un m\u00e9dicament, quel qu&rsquo;il soit, il est recommand\u00e9 de nous le faire savoir. Vous devez arr\u00eater de prendre de l&rsquo;AAS ou des anticoagulants et \u00e9viter de fumer avant et apr\u00e8s l&rsquo;op\u00e9ration pendant 1 mois.<\/p>\n<\/div><div class=\"fusion-clearfix\"><\/div><\/div><\/div><\/div><\/div><div class=\"fusion-fullwidth fullwidth-box fusion-builder-row-7 nonhundred-percent-fullwidth non-hundred-percent-height-scrolling\" style=\"--awb-border-radius-top-left:0px;--awb-border-radius-top-right:0px;--awb-border-radius-bottom-right:0px;--awb-border-radius-bottom-left:0px;--awb-flex-wrap:wrap;\" ><div class=\"fusion-builder-row fusion-row\"><div class=\"fusion-layout-column fusion_builder_column fusion-builder-column-17 fusion_builder_column_1_1 1_1 fusion-one-full fusion-column-first fusion-column-last\" style=\"--awb-bg-size:cover;\"><div class=\"fusion-column-wrapper fusion-column-has-shadow fusion-flex-column-wrapper-legacy\"><div class=\"fusion-title title fusion-title-13 fusion-sep-none fusion-title-text fusion-title-size-two\"><h2 class=\"fusion-title-heading title-heading-left fusion-responsive-typography-calculated\" style=\"margin:0;--fontSize:48;line-height:1.18;\">Lev\u00e9e de bras post-op\u00e9ratoire en Andorre<\/h2><\/div><div class=\"fusion-clearfix\"><\/div><\/div><\/div><div class=\"fusion-layout-column fusion_builder_column fusion-builder-column-18 fusion_builder_column_1_1 1_1 fusion-one-full fusion-column-first fusion-column-last\" style=\"--awb-bg-size:cover;\"><div class=\"fusion-column-wrapper fusion-column-has-shadow fusion-flex-column-wrapper-legacy\"><div class=\"fusion-text fusion-text-11\"><p>Le patient peut rentrer chez lui le jour m\u00eame de l&rsquo;op\u00e9ration. Le premier traitement sera effectu\u00e9 en consultation, le pansement sera retir\u00e9 et remplac\u00e9 par une gaine de bras que vous devrez garder pendant 2 \u00e0 3 semaines.<\/p>\n<p>Pendant la p\u00e9riode post-op\u00e9ratoire imm\u00e9diate, le patient devra se reposer et prendre des m\u00e9dicaments (analg\u00e9sie, anti-inflammatoire, antibiotique). Il est recommand\u00e9 de commencer les massages de drainage lymphatique pour diminuer le gonflement et l&rsquo;\u0153d\u00e8me postop\u00e9ratoire.<\/p>\n<p>Les points de suture sont retir\u00e9s 7 \u00e0 15 jours apr\u00e8s l&rsquo;op\u00e9ration. Il est recommand\u00e9 d&rsquo;\u00e9viter l&rsquo;exposition au soleil, ainsi que les efforts physiques pendant 4 semaines.<\/p>\n<\/div><div class=\"fusion-clearfix\"><\/div><\/div><\/div><\/div><\/div><div class=\"fusion-fullwidth fullwidth-box fusion-builder-row-8 nonhundred-percent-fullwidth non-hundred-percent-height-scrolling\" style=\"--awb-border-radius-top-left:0px;--awb-border-radius-top-right:0px;--awb-border-radius-bottom-right:0px;--awb-border-radius-bottom-left:0px;--awb-flex-wrap:wrap;\" ><div class=\"fusion-builder-row fusion-row\"><div class=\"fusion-layout-column fusion_builder_column fusion-builder-column-19 fusion_builder_column_1_1 1_1 fusion-one-full fusion-column-first fusion-column-last\" style=\"--awb-bg-size:cover;\"><div class=\"fusion-column-wrapper fusion-column-has-shadow fusion-flex-column-wrapper-legacy\"><div class=\"fusion-title title fusion-title-14 fusion-sep-none fusion-title-text fusion-title-size-three\"><h3 class=\"fusion-title-heading title-heading-left fusion-responsive-typography-calculated\" style=\"margin:0;--fontSize:27;line-height:1.3;\">Chirurgies connexes<\/h3><\/div><div class=\"fusion-clearfix\"><\/div><\/div><\/div><div class=\"fusion-layout-column fusion_builder_column fusion-builder-column-20 fusion_builder_column_1_2 1_2 fusion-one-half fusion-column-first\" style=\"--awb-bg-size:cover;width:50%;width:calc(50% - ( ( 4% ) * 0.5 ) );margin-right: 4%;\"><div class=\"fusion-column-wrapper fusion-column-has-shadow fusion-flex-column-wrapper-legacy\"><div class=\"fusion-image-element in-legacy-container\" style=\"--awb-caption-title-font-family:var(--h2_typography-font-family);--awb-caption-title-font-weight:var(--h2_typography-font-weight);--awb-caption-title-font-style:var(--h2_typography-font-style);--awb-caption-title-size:var(--h2_typography-font-size);--awb-caption-title-transform:var(--h2_typography-text-transform);--awb-caption-title-line-height:var(--h2_typography-line-height);--awb-caption-title-letter-spacing:var(--h2_typography-letter-spacing);\"><span class=\" fusion-imageframe imageframe-none imageframe-8 hover-type-none\" style=\"border-radius:10px;\"><a class=\"fusion-no-lightbox\" href=\"https:\/\/cirugiaplasticaandorra.com\/fr\/chirurgie-du-sein\/augmentation-mammaire\/\" target=\"_self\" aria-label=\"Augmentation mammaire Andorre\"><img decoding=\"async\" width=\"560\" height=\"200\" alt=\"Augmentation mammaire en Andorre\" src=\"https:\/\/cirugiaplasticaandorra.com\/imagenes\/Aumento-de-pecho-Andorra-relacionados.jpg\" class=\"img-responsive wp-image-3298\" srcset=\"https:\/\/cirugiaplasticaandorra.com\/imagenes\/Aumento-de-pecho-Andorra-relacionados-200x71.jpg 200w, https:\/\/cirugiaplasticaandorra.com\/imagenes\/Aumento-de-pecho-Andorra-relacionados-400x143.jpg 400w, https:\/\/cirugiaplasticaandorra.com\/imagenes\/Aumento-de-pecho-Andorra-relacionados.jpg 560w\" sizes=\"(max-width: 800px) 100vw, 560px\" \/><\/a><\/span><\/div><div class=\"fusion-clearfix\"><\/div><\/div><\/div><div class=\"fusion-layout-column fusion_builder_column fusion-builder-column-21 fusion_builder_column_1_2 1_2 fusion-one-half fusion-column-last\" style=\"--awb-bg-size:cover;width:50%;width:calc(50% - ( ( 4% ) * 0.5 ) );\"><div class=\"fusion-column-wrapper fusion-column-has-shadow fusion-flex-column-wrapper-legacy\"><div class=\"fusion-image-element in-legacy-container\" style=\"--awb-caption-title-font-family:var(--h2_typography-font-family);--awb-caption-title-font-weight:var(--h2_typography-font-weight);--awb-caption-title-font-style:var(--h2_typography-font-style);--awb-caption-title-size:var(--h2_typography-font-size);--awb-caption-title-transform:var(--h2_typography-text-transform);--awb-caption-title-line-height:var(--h2_typography-line-height);--awb-caption-title-letter-spacing:var(--h2_typography-letter-spacing);\"><span class=\" fusion-imageframe imageframe-none imageframe-9 hover-type-none\" style=\"border-radius:10px;\"><a class=\"fusion-no-lightbox\" href=\"https:\/\/cirugiaplasticaandorra.com\/fr\/chirurgie-du-sein\/reduction-des-seins\/\" target=\"_self\" aria-label=\"R\u00e9duction des seins Andorre\"><img decoding=\"async\" width=\"560\" height=\"200\" alt=\"R\u00e9duction de la poitrine en Andorre\" src=\"https:\/\/cirugiaplasticaandorra.com\/imagenes\/Reducci\u00f3n-de-pecho-Andorra-relacionados.jpg\" class=\"img-responsive wp-image-3295\" srcset=\"https:\/\/cirugiaplasticaandorra.com\/imagenes\/Reducci\u00f3n-de-pecho-Andorra-relacionados-200x71.jpg 200w, https:\/\/cirugiaplasticaandorra.com\/imagenes\/Reducci\u00f3n-de-pecho-Andorra-relacionados-400x143.jpg 400w, https:\/\/cirugiaplasticaandorra.com\/imagenes\/Reducci\u00f3n-de-pecho-Andorra-relacionados.jpg 560w\" sizes=\"(max-width: 800px) 100vw, 560px\" \/><\/a><\/span><\/div><div class=\"fusion-clearfix\"><\/div><\/div><\/div><\/div><\/div><\/p>\n","protected":false},"excerpt":{"rendered":"","protected":false},"author":1,"featured_media":0,"parent":3603,"menu_order":4,"comment_status":"closed","ping_status":"closed","template":"","meta":{"_acf_changed":false,"footnotes":""},"class_list":["post-3870","page","type-page","status-publish","hentry"],"acf":[],"yoast_head":"<!-- This site is optimized with the Yoast SEO plugin v24.1 - https:\/\/yoast.com\/wordpress\/plugins\/seo\/ -->\n<title>Brachioplastie - Fabrizio Moscatiello<\/title>\n<meta name=\"robots\" content=\"noindex, nofollow\" \/>\n<meta property=\"og:locale\" content=\"fr_FR\" \/>\n<meta property=\"og:type\" content=\"article\" \/>\n<meta property=\"og:title\" content=\"Brachioplastie - Fabrizio Moscatiello\" \/>\n<meta property=\"og:url\" content=\"https:\/\/cirugiaplasticaandorra.com\/fr\/chirurgie-corporelle\/brachioplastie\/\" \/>\n<meta property=\"og:site_name\" content=\"Fabrizio Moscatiello\" \/>\n<meta property=\"article:modified_time\" content=\"2021-11-11T09:21:35+00:00\" \/>\n<meta name=\"twitter:card\" content=\"summary_large_image\" \/>\n<script type=\"application\/ld+json\" class=\"yoast-schema-graph\">{\"@context\":\"https:\/\/schema.org\",\"@graph\":[{\"@type\":\"WebPage\",\"@id\":\"https:\/\/cirugiaplasticaandorra.com\/fr\/chirurgie-corporelle\/brachioplastie\/\",\"url\":\"https:\/\/cirugiaplasticaandorra.com\/fr\/chirurgie-corporelle\/brachioplastie\/\",\"name\":\"Brachioplastie - Fabrizio Moscatiello\",\"isPartOf\":{\"@id\":\"https:\/\/cirugiaplasticaandorra.com\/#website\"},\"datePublished\":\"2020-03-03T06:56:47+00:00\",\"dateModified\":\"2021-11-11T09:21:35+00:00\",\"breadcrumb\":{\"@id\":\"https:\/\/cirugiaplasticaandorra.com\/fr\/chirurgie-corporelle\/brachioplastie\/#breadcrumb\"},\"inLanguage\":\"fr-FR\",\"potentialAction\":[{\"@type\":\"ReadAction\",\"target\":[\"https:\/\/cirugiaplasticaandorra.com\/fr\/chirurgie-corporelle\/brachioplastie\/\"]}]},{\"@type\":\"BreadcrumbList\",\"@id\":\"https:\/\/cirugiaplasticaandorra.com\/fr\/chirurgie-corporelle\/brachioplastie\/#breadcrumb\",\"itemListElement\":[{\"@type\":\"ListItem\",\"position\":1,\"name\":\"Portada\",\"item\":\"https:\/\/cirugiaplasticaandorra.com\/fr\/\"},{\"@type\":\"ListItem\",\"position\":2,\"name\":\"Chirurgie corporelle\",\"item\":\"https:\/\/cirugiaplasticaandorra.com\/fr\/chirurgie-corporelle\/\"},{\"@type\":\"ListItem\",\"position\":3,\"name\":\"Brachioplastie\"}]},{\"@type\":\"WebSite\",\"@id\":\"https:\/\/cirugiaplasticaandorra.com\/#website\",\"url\":\"https:\/\/cirugiaplasticaandorra.com\/\",\"name\":\"Fabrizio Moscatiello\",\"description\":\"\",\"publisher\":{\"@id\":\"https:\/\/cirugiaplasticaandorra.com\/#\/schema\/person\/22d9c3b3af852a097fcd993016b521fd\"},\"potentialAction\":[{\"@type\":\"SearchAction\",\"target\":{\"@type\":\"EntryPoint\",\"urlTemplate\":\"https:\/\/cirugiaplasticaandorra.com\/?s={search_term_string}\"},\"query-input\":{\"@type\":\"PropertyValueSpecification\",\"valueRequired\":true,\"valueName\":\"search_term_string\"}}],\"inLanguage\":\"fr-FR\"},{\"@type\":[\"Person\",\"Organization\"],\"@id\":\"https:\/\/cirugiaplasticaandorra.com\/#\/schema\/person\/22d9c3b3af852a097fcd993016b521fd\",\"name\":\"Institut de cirurg\u00eda pl\u00e0stica Dr Fabrizo Moscatiello\",\"logo\":{\"@id\":\"https:\/\/cirugiaplasticaandorra.com\/#\/schema\/person\/image\/\"}}]}<\/script>\n<!-- \/ Yoast SEO plugin. -->","yoast_head_json":{"title":"Brachioplastie - Fabrizio Moscatiello","robots":{"index":"noindex","follow":"nofollow"},"og_locale":"fr_FR","og_type":"article","og_title":"Brachioplastie - Fabrizio Moscatiello","og_url":"https:\/\/cirugiaplasticaandorra.com\/fr\/chirurgie-corporelle\/brachioplastie\/","og_site_name":"Fabrizio Moscatiello","article_modified_time":"2021-11-11T09:21:35+00:00","twitter_card":"summary_large_image","schema":{"@context":"https:\/\/schema.org","@graph":[{"@type":"WebPage","@id":"https:\/\/cirugiaplasticaandorra.com\/fr\/chirurgie-corporelle\/brachioplastie\/","url":"https:\/\/cirugiaplasticaandorra.com\/fr\/chirurgie-corporelle\/brachioplastie\/","name":"Brachioplastie - Fabrizio Moscatiello","isPartOf":{"@id":"https:\/\/cirugiaplasticaandorra.com\/#website"},"datePublished":"2020-03-03T06:56:47+00:00","dateModified":"2021-11-11T09:21:35+00:00","breadcrumb":{"@id":"https:\/\/cirugiaplasticaandorra.com\/fr\/chirurgie-corporelle\/brachioplastie\/#breadcrumb"},"inLanguage":"fr-FR","potentialAction":[{"@type":"ReadAction","target":["https:\/\/cirugiaplasticaandorra.com\/fr\/chirurgie-corporelle\/brachioplastie\/"]}]},{"@type":"BreadcrumbList","@id":"https:\/\/cirugiaplasticaandorra.com\/fr\/chirurgie-corporelle\/brachioplastie\/#breadcrumb","itemListElement":[{"@type":"ListItem","position":1,"name":"Portada","item":"https:\/\/cirugiaplasticaandorra.com\/fr\/"},{"@type":"ListItem","position":2,"name":"Chirurgie corporelle","item":"https:\/\/cirugiaplasticaandorra.com\/fr\/chirurgie-corporelle\/"},{"@type":"ListItem","position":3,"name":"Brachioplastie"}]},{"@type":"WebSite","@id":"https:\/\/cirugiaplasticaandorra.com\/#website","url":"https:\/\/cirugiaplasticaandorra.com\/","name":"Fabrizio Moscatiello","description":"","publisher":{"@id":"https:\/\/cirugiaplasticaandorra.com\/#\/schema\/person\/22d9c3b3af852a097fcd993016b521fd"},"potentialAction":[{"@type":"SearchAction","target":{"@type":"EntryPoint","urlTemplate":"https:\/\/cirugiaplasticaandorra.com\/?s={search_term_string}"},"query-input":{"@type":"PropertyValueSpecification","valueRequired":true,"valueName":"search_term_string"}}],"inLanguage":"fr-FR"},{"@type":["Person","Organization"],"@id":"https:\/\/cirugiaplasticaandorra.com\/#\/schema\/person\/22d9c3b3af852a097fcd993016b521fd","name":"Institut de cirurg\u00eda pl\u00e0stica Dr Fabrizo Moscatiello","logo":{"@id":"https:\/\/cirugiaplasticaandorra.com\/#\/schema\/person\/image\/"}}]}},"_links":{"self":[{"href":"https:\/\/cirugiaplasticaandorra.com\/fr\/wp-json\/wp\/v2\/pages\/3870","targetHints":{"allow":["GET"]}}],"collection":[{"href":"https:\/\/cirugiaplasticaandorra.com\/fr\/wp-json\/wp\/v2\/pages"}],"about":[{"href":"https:\/\/cirugiaplasticaandorra.com\/fr\/wp-json\/wp\/v2\/types\/page"}],"author":[{"embeddable":true,"href":"https:\/\/cirugiaplasticaandorra.com\/fr\/wp-json\/wp\/v2\/users\/1"}],"replies":[{"embeddable":true,"href":"https:\/\/cirugiaplasticaandorra.com\/fr\/wp-json\/wp\/v2\/comments?post=3870"}],"version-history":[{"count":0,"href":"https:\/\/cirugiaplasticaandorra.com\/fr\/wp-json\/wp\/v2\/pages\/3870\/revisions"}],"up":[{"embeddable":true,"href":"https:\/\/cirugiaplasticaandorra.com\/fr\/wp-json\/wp\/v2\/pages\/3603"}],"wp:attachment":[{"href":"https:\/\/cirugiaplasticaandorra.com\/fr\/wp-json\/wp\/v2\/media?parent=3870"}],"curies":[{"name":"wp","href":"https:\/\/api.w.org\/{rel}","templated":true}]}}