{"id":3876,"date":"2020-03-03T07:01:55","date_gmt":"2020-03-03T07:01:55","guid":{"rendered":"https:\/\/cirugiaplasticaandorra.com\/chirurgie-corporelle\/lever-les-jambes\/"},"modified":"2020-03-03T07:01:58","modified_gmt":"2020-03-03T07:01:58","slug":"lever-les-jambes","status":"publish","type":"page","link":"https:\/\/cirugiaplasticaandorra.com\/fr\/chirurgie-corporelle\/lever-les-jambes\/","title":{"rendered":"Lever les jambes"},"content":{"rendered":"<p><div class=\"fusion-fullwidth fullwidth-box fusion-builder-row-1 nonhundred-percent-fullwidth non-hundred-percent-height-scrolling\" style=\"--awb-border-radius-top-left:0px;--awb-border-radius-top-right:0px;--awb-border-radius-bottom-right:0px;--awb-border-radius-bottom-left:0px;--awb-flex-wrap:wrap;\" ><div class=\"fusion-builder-row fusion-row\"><div class=\"fusion-layout-column fusion_builder_column fusion-builder-column-0 fusion_builder_column_1_3 1_3 fusion-one-third fusion-column-first\" style=\"--awb-bg-size:cover;width:33.333333333333%;width:calc(33.333333333333% - ( ( 4% + 4% ) * 0.33333333333333 ) );margin-right: 4%;\"><div class=\"fusion-column-wrapper fusion-column-has-shadow fusion-flex-column-wrapper-legacy\"><div class=\"fusion-image-element fusion-image-align-center in-legacy-container\" style=\"text-align:center;--awb-caption-title-font-family:var(--h2_typography-font-family);--awb-caption-title-font-weight:var(--h2_typography-font-weight);--awb-caption-title-font-style:var(--h2_typography-font-style);--awb-caption-title-size:var(--h2_typography-font-size);--awb-caption-title-transform:var(--h2_typography-text-transform);--awb-caption-title-line-height:var(--h2_typography-line-height);--awb-caption-title-letter-spacing:var(--h2_typography-letter-spacing);\"><div class=\"imageframe-align-center\"><span class=\" fusion-imageframe imageframe-none imageframe-1 hover-type-none\"><img decoding=\"async\" width=\"128\" height=\"128\" title=\"intervention1\" src=\"https:\/\/cirugiaplasticaandorra.com\/imagenes\/intervenci\u00f3n1.png\" alt class=\"img-responsive wp-image-3319\" srcset=\"https:\/\/cirugiaplasticaandorra.com\/imagenes\/intervenci\u00f3n1-66x66.png 66w, https:\/\/cirugiaplasticaandorra.com\/imagenes\/intervenci\u00f3n1.png 128w\" sizes=\"(max-width: 128px) 100vw, 128px\" \/><\/span><\/div><\/div><div class=\"fusion-title title fusion-title-1 fusion-sep-none fusion-title-center fusion-title-text fusion-title-size-three\" style=\"--awb-text-color:#854a79;--awb-margin-top:10px;--awb-margin-top-small:10px;--awb-margin-bottom-small:5px;\"><h3 class=\"fusion-title-heading title-heading-center fusion-responsive-typography-calculated\" style=\"margin:0;--fontSize:27;line-height:1.3;\">Intervention<\/h3><\/div><div class=\"fusion-text fusion-text-1\"><p style=\"text-align: center;\">1,5 heures<\/p>\n<\/div><div class=\"fusion-clearfix\"><\/div><\/div><\/div><div class=\"fusion-layout-column fusion_builder_column fusion-builder-column-1 fusion_builder_column_1_3 1_3 fusion-one-third\" style=\"--awb-bg-size:cover;width:33.333333333333%;width:calc(33.333333333333% - ( ( 4% + 4% ) * 0.33333333333333 ) );margin-right: 4%;\"><div class=\"fusion-column-wrapper fusion-column-has-shadow fusion-flex-column-wrapper-legacy\"><div class=\"fusion-image-element fusion-image-align-center in-legacy-container\" style=\"text-align:center;--awb-caption-title-font-family:var(--h2_typography-font-family);--awb-caption-title-font-weight:var(--h2_typography-font-weight);--awb-caption-title-font-style:var(--h2_typography-font-style);--awb-caption-title-size:var(--h2_typography-font-size);--awb-caption-title-transform:var(--h2_typography-text-transform);--awb-caption-title-line-height:var(--h2_typography-line-height);--awb-caption-title-letter-spacing:var(--h2_typography-letter-spacing);\"><div class=\"imageframe-align-center\"><span class=\" fusion-imageframe imageframe-none imageframe-2 hover-type-none\"><img decoding=\"async\" width=\"128\" height=\"128\" title=\"sexe1\" src=\"https:\/\/cirugiaplasticaandorra.com\/imagenes\/sexo1.png\" alt class=\"img-responsive wp-image-3316\" srcset=\"https:\/\/cirugiaplasticaandorra.com\/imagenes\/sexo1-66x66.png 66w, https:\/\/cirugiaplasticaandorra.com\/imagenes\/sexo1.png 128w\" sizes=\"(max-width: 128px) 100vw, 128px\" \/><\/span><\/div><\/div><div class=\"fusion-title title fusion-title-2 fusion-sep-none fusion-title-center fusion-title-text fusion-title-size-three\" style=\"--awb-text-color:#854a79;--awb-margin-top:10px;--awb-margin-top-small:10px;--awb-margin-bottom-small:5px;\"><h3 class=\"fusion-title-heading title-heading-center fusion-responsive-typography-calculated\" style=\"margin:0;--fontSize:27;line-height:1.3;\">Sexe<\/h3><\/div><div class=\"fusion-text fusion-text-2\"><p style=\"text-align: center;\">Femme<\/p>\n<\/div><div class=\"fusion-clearfix\"><\/div><\/div><\/div><div class=\"fusion-layout-column fusion_builder_column fusion-builder-column-2 fusion_builder_column_1_3 1_3 fusion-one-third fusion-column-last\" style=\"--awb-bg-size:cover;width:33.333333333333%;width:calc(33.333333333333% - ( ( 4% + 4% ) * 0.33333333333333 ) );\"><div class=\"fusion-column-wrapper fusion-column-has-shadow fusion-flex-column-wrapper-legacy\"><div class=\"fusion-image-element fusion-image-align-center in-legacy-container\" style=\"text-align:center;--awb-caption-title-font-family:var(--h2_typography-font-family);--awb-caption-title-font-weight:var(--h2_typography-font-weight);--awb-caption-title-font-style:var(--h2_typography-font-style);--awb-caption-title-size:var(--h2_typography-font-size);--awb-caption-title-transform:var(--h2_typography-text-transform);--awb-caption-title-line-height:var(--h2_typography-line-height);--awb-caption-title-letter-spacing:var(--h2_typography-letter-spacing);\"><div class=\"imageframe-align-center\"><span class=\" fusion-imageframe imageframe-none imageframe-3 hover-type-none\"><img decoding=\"async\" width=\"128\" height=\"128\" title=\"hospitalisation1\" src=\"https:\/\/cirugiaplasticaandorra.com\/imagenes\/hospitalizaci\u00f3n1.png\" alt class=\"img-responsive wp-image-3313\" srcset=\"https:\/\/cirugiaplasticaandorra.com\/imagenes\/hospitalizaci\u00f3n1-66x66.png 66w, https:\/\/cirugiaplasticaandorra.com\/imagenes\/hospitalizaci\u00f3n1.png 128w\" sizes=\"(max-width: 128px) 100vw, 128px\" \/><\/span><\/div><\/div><div class=\"fusion-title title fusion-title-3 fusion-sep-none fusion-title-center fusion-title-text fusion-title-size-three\" style=\"--awb-text-color:#854a79;--awb-margin-top:10px;--awb-margin-top-small:10px;--awb-margin-bottom-small:5px;\"><h3 class=\"fusion-title-heading title-heading-center fusion-responsive-typography-calculated\" style=\"margin:0;--fontSize:27;line-height:1.3;\">Hospitalisation<\/h3><\/div><div class=\"fusion-text fusion-text-3\"><p style=\"text-align: center;\">1 jour<\/p>\n<\/div><div class=\"fusion-clearfix\"><\/div><\/div><\/div><div class=\"fusion-layout-column fusion_builder_column fusion-builder-column-3 fusion_builder_column_1_3 1_3 fusion-one-third fusion-column-first\" style=\"--awb-bg-size:cover;width:33.333333333333%;width:calc(33.333333333333% - ( ( 4% + 4% ) * 0.33333333333333 ) );margin-right: 4%;\"><div class=\"fusion-column-wrapper fusion-column-has-shadow fusion-flex-column-wrapper-legacy\"><div class=\"fusion-image-element fusion-image-align-center in-legacy-container\" style=\"text-align:center;--awb-caption-title-font-family:var(--h2_typography-font-family);--awb-caption-title-font-weight:var(--h2_typography-font-weight);--awb-caption-title-font-style:var(--h2_typography-font-style);--awb-caption-title-size:var(--h2_typography-font-size);--awb-caption-title-transform:var(--h2_typography-text-transform);--awb-caption-title-line-height:var(--h2_typography-line-height);--awb-caption-title-letter-spacing:var(--h2_typography-letter-spacing);\"><div class=\"imageframe-align-center\"><span class=\" fusion-imageframe imageframe-none imageframe-4 hover-type-none\"><img decoding=\"async\" width=\"128\" height=\"128\" title=\"Anesth\u00e9sie1\" src=\"https:\/\/cirugiaplasticaandorra.com\/imagenes\/anestesia1.png\" alt class=\"img-responsive wp-image-3310\" srcset=\"https:\/\/cirugiaplasticaandorra.com\/imagenes\/anestesia1-66x66.png 66w, https:\/\/cirugiaplasticaandorra.com\/imagenes\/anestesia1.png 128w\" sizes=\"(max-width: 128px) 100vw, 128px\" \/><\/span><\/div><\/div><div class=\"fusion-title title fusion-title-4 fusion-sep-none fusion-title-center fusion-title-text fusion-title-size-three\" style=\"--awb-text-color:#854a79;--awb-margin-top:10px;--awb-margin-top-small:10px;--awb-margin-bottom-small:5px;\"><h3 class=\"fusion-title-heading title-heading-center fusion-responsive-typography-calculated\" style=\"margin:0;--fontSize:27;line-height:1.3;\">Anesth\u00e9sie<\/h3><\/div><div class=\"fusion-text fusion-text-4\"><p style=\"text-align: center;\">G\u00e9n\u00e9rale<\/p>\n<\/div><div class=\"fusion-clearfix\"><\/div><\/div><\/div><div class=\"fusion-layout-column fusion_builder_column fusion-builder-column-4 fusion_builder_column_1_3 1_3 fusion-one-third\" style=\"--awb-bg-size:cover;width:33.333333333333%;width:calc(33.333333333333% - ( ( 4% + 4% ) * 0.33333333333333 ) );margin-right: 4%;\"><div class=\"fusion-column-wrapper fusion-column-has-shadow fusion-flex-column-wrapper-legacy\"><div class=\"fusion-image-element fusion-image-align-center in-legacy-container\" style=\"text-align:center;--awb-caption-title-font-family:var(--h2_typography-font-family);--awb-caption-title-font-weight:var(--h2_typography-font-weight);--awb-caption-title-font-style:var(--h2_typography-font-style);--awb-caption-title-size:var(--h2_typography-font-size);--awb-caption-title-transform:var(--h2_typography-text-transform);--awb-caption-title-line-height:var(--h2_typography-line-height);--awb-caption-title-letter-spacing:var(--h2_typography-letter-spacing);\"><div class=\"imageframe-align-center\"><span class=\" fusion-imageframe imageframe-none imageframe-5 hover-type-none\"><img decoding=\"async\" width=\"128\" height=\"128\" title=\"r\u00e9cup\u00e9ration1\" src=\"https:\/\/cirugiaplasticaandorra.com\/imagenes\/recuperaci\u00f3n1.png\" alt class=\"img-responsive wp-image-3307\" srcset=\"https:\/\/cirugiaplasticaandorra.com\/imagenes\/recuperaci\u00f3n1-66x66.png 66w, https:\/\/cirugiaplasticaandorra.com\/imagenes\/recuperaci\u00f3n1.png 128w\" sizes=\"(max-width: 128px) 100vw, 128px\" \/><\/span><\/div><\/div><div class=\"fusion-title title fusion-title-5 fusion-sep-none fusion-title-center fusion-title-text fusion-title-size-three\" style=\"--awb-text-color:#854a79;--awb-margin-top:10px;--awb-margin-top-small:10px;--awb-margin-bottom-small:5px;\"><h3 class=\"fusion-title-heading title-heading-center fusion-responsive-typography-calculated\" style=\"margin:0;--fontSize:27;line-height:1.3;\">Redressement<\/h3><\/div><div class=\"fusion-text fusion-text-5\"><p style=\"text-align: center;\">Entre 1 et 2 semaines<\/p>\n<\/div><div class=\"fusion-clearfix\"><\/div><\/div><\/div><div class=\"fusion-layout-column fusion_builder_column fusion-builder-column-5 fusion_builder_column_1_3 1_3 fusion-one-third fusion-column-last\" style=\"--awb-bg-size:cover;width:33.333333333333%;width:calc(33.333333333333% - ( ( 4% + 4% ) * 0.33333333333333 ) );\"><div class=\"fusion-column-wrapper fusion-column-has-shadow fusion-flex-column-wrapper-legacy\"><div class=\"fusion-image-element fusion-image-align-center in-legacy-container\" style=\"text-align:center;--awb-caption-title-font-family:var(--h2_typography-font-family);--awb-caption-title-font-weight:var(--h2_typography-font-weight);--awb-caption-title-font-style:var(--h2_typography-font-style);--awb-caption-title-size:var(--h2_typography-font-size);--awb-caption-title-transform:var(--h2_typography-text-transform);--awb-caption-title-line-height:var(--h2_typography-line-height);--awb-caption-title-letter-spacing:var(--h2_typography-letter-spacing);\"><div class=\"imageframe-align-center\"><span class=\" fusion-imageframe imageframe-none imageframe-6 hover-type-none\"><img decoding=\"async\" width=\"128\" height=\"128\" title=\"r\u00e9sultats1\" src=\"https:\/\/cirugiaplasticaandorra.com\/imagenes\/resultados1.png\" alt class=\"img-responsive wp-image-3304\" srcset=\"https:\/\/cirugiaplasticaandorra.com\/imagenes\/resultados1-66x66.png 66w, https:\/\/cirugiaplasticaandorra.com\/imagenes\/resultados1.png 128w\" sizes=\"(max-width: 128px) 100vw, 128px\" \/><\/span><\/div><\/div><div class=\"fusion-title title fusion-title-6 fusion-sep-none fusion-title-center fusion-title-text fusion-title-size-three\" style=\"--awb-text-color:#854a79;--awb-margin-top:10px;--awb-margin-top-small:10px;--awb-margin-bottom-small:5px;\"><h3 class=\"fusion-title-heading title-heading-center fusion-responsive-typography-calculated\" style=\"margin:0;--fontSize:27;line-height:1.3;\">R\u00e9sultats<\/h3><\/div><div class=\"fusion-text fusion-text-6\"><p style=\"text-align: center;\">D\u00e9finitif<\/p>\n<\/div><div class=\"fusion-clearfix\"><\/div><\/div><\/div><\/div><\/div><div class=\"fusion-fullwidth fullwidth-box fusion-builder-row-2 nonhundred-percent-fullwidth non-hundred-percent-height-scrolling\" style=\"--awb-border-radius-top-left:0px;--awb-border-radius-top-right:0px;--awb-border-radius-bottom-right:0px;--awb-border-radius-bottom-left:0px;--awb-flex-wrap:wrap;\" ><div class=\"fusion-builder-row fusion-row\"><div class=\"fusion-layout-column fusion_builder_column fusion-builder-column-6 fusion_builder_column_1_1 1_1 fusion-one-full fusion-column-first fusion-column-last\" style=\"--awb-bg-size:cover;\"><div class=\"fusion-column-wrapper fusion-column-has-shadow fusion-flex-column-wrapper-legacy\"><div class=\"fusion-text fusion-text-7\"><p>Le lifting crural ou chirurgie des jambes est l&rsquo;intervention chirurgicale visant \u00e0 am\u00e9liorer l&rsquo;apparence des membres inf\u00e9rieurs (LEEP) en enlevant l&rsquo;exc\u00e8s de peau et de tissu graisseux qui peut exister dans les cuisses. Outre l&rsquo;am\u00e9lioration esth\u00e9tique que nous obtiendrons gr\u00e2ce \u00e0 cette intervention, les aspects hygi\u00e9niques seront \u00e9galement am\u00e9lior\u00e9s. Cette technique est indiqu\u00e9e chez les patients qui ont subi une perte de poids importante ou chez les patients ob\u00e8ses. Elle est g\u00e9n\u00e9ralement associ\u00e9e \u00e0 une liposuccion de la r\u00e9gion.<\/p>\n<p>La chirurgie de la <strong>jambe<\/strong> peut \u00eatre pratiqu\u00e9e \u00e0 tout moment de l&rsquo;ann\u00e9e, il faut toujours tenir compte des limites que l&rsquo;on peut avoir en \u00e9t\u00e9. Nous sommes l&rsquo;<strong>une des principales cliniques d&rsquo;Andorre en mati\u00e8re de chirurgie de la jambe<\/strong>, gr\u00e2ce notamment \u00e0 l&rsquo;exp\u00e9rience du Dr Fabrizio Moscatiello.<\/p>\n<p>\u00c0 l&rsquo;Institut de chirurgie plastique Dr. Fabrizio Moscatiello, nous disposons d&rsquo;une \u00e9quipe m\u00e9dicale sp\u00e9cialis\u00e9e avec plus de 15 ans d&rsquo;exp\u00e9rience, avec une large carri\u00e8re professionnelle dans la chirurgie du corps, obtenant des <strong>r\u00e9sultats tr\u00e8s naturels et satisfaisants pour nos patients<\/strong> avec les op\u00e9rations de levage des jambes en Andorre. Tout cela avec un traitement personnalis\u00e9 et en fonction de vos attentes, vous permettant de vous sentir \u00e0 l&rsquo;aise \u00e0 tout moment.<\/p>\n<\/div><div class=\"fusion-clearfix\"><\/div><\/div><\/div><\/div><\/div><div class=\"fusion-fullwidth fullwidth-box fusion-builder-row-3 nonhundred-percent-fullwidth non-hundred-percent-height-scrolling\" style=\"--awb-border-radius-top-left:0px;--awb-border-radius-top-right:0px;--awb-border-radius-bottom-right:0px;--awb-border-radius-bottom-left:0px;--awb-flex-wrap:wrap;\" ><div class=\"fusion-builder-row fusion-row\"><div class=\"fusion-layout-column fusion_builder_column fusion-builder-column-7 fusion_builder_column_1_1 1_1 fusion-one-full fusion-column-first fusion-column-last fusion-no-small-visibility\" style=\"--awb-bg-size:cover;\"><div class=\"fusion-column-wrapper fusion-column-has-shadow fusion-flex-column-wrapper-legacy\"><div class=\"fusion-title title fusion-title-7 fusion-sep-none fusion-title-text fusion-title-size-two\" style=\"--awb-font-size:45px;\"><h2 class=\"fusion-title-heading title-heading-left fusion-responsive-typography-calculated\" style=\"margin:0;font-size:1em;--fontSize:45;line-height:1.18;\">Qu&rsquo;est-ce que la chirurgie de la jambe en Andorre ?<\/h2><\/div><div class=\"fusion-clearfix\"><\/div><\/div><\/div><div class=\"fusion-layout-column fusion_builder_column fusion-builder-column-8 fusion_builder_column_1_1 1_1 fusion-one-full fusion-column-first fusion-column-last fusion-no-medium-visibility fusion-no-large-visibility\" style=\"--awb-bg-size:cover;\"><div class=\"fusion-column-wrapper fusion-column-has-shadow fusion-flex-column-wrapper-legacy\"><div class=\"fusion-title title fusion-title-8 fusion-sep-none fusion-title-text fusion-title-size-two\" style=\"--awb-font-size:38px;\"><h2 class=\"fusion-title-heading title-heading-left fusion-responsive-typography-calculated\" style=\"margin:0;font-size:1em;--fontSize:38;line-height:1.18;\">Qu&rsquo;est-ce que la chirurgie de la jambe en Andorre ?<\/h2><\/div><div class=\"fusion-clearfix\"><\/div><\/div><\/div><div class=\"fusion-layout-column fusion_builder_column fusion-builder-column-9 fusion_builder_column_1_1 1_1 fusion-one-full fusion-column-first fusion-column-last\" style=\"--awb-bg-size:cover;\"><div class=\"fusion-column-wrapper fusion-column-has-shadow fusion-flex-column-wrapper-legacy\"><div class=\"fusion-text fusion-text-8\"><p>Le lifting des jambes ou cruroplastie est l&rsquo;intervention chirurgicale qui vise \u00e0 am\u00e9liorer l&rsquo;apparence des membres inf\u00e9rieurs (LEEP) en enlevant l&rsquo;exc\u00e8s de peau et de tissu graisseux qui peut exister sur les cuisses.<\/p>\n<p>Le lifting des cuisses permet d&rsquo;am\u00e9liorer la silhouette et d&rsquo;\u00e9liminer le rel\u00e2chement de la peau des jambes. De plus, en am\u00e9liorant les jambes, nous permettons l&rsquo;utilisation de maillots de bain sans aucun complexe.<\/p>\n<\/div><div class=\"fusion-clearfix\"><\/div><\/div><\/div><\/div><\/div><div class=\"fusion-fullwidth fullwidth-box fusion-builder-row-4 nonhundred-percent-fullwidth non-hundred-percent-height-scrolling\" style=\"--awb-border-radius-top-left:0px;--awb-border-radius-top-right:0px;--awb-border-radius-bottom-right:0px;--awb-border-radius-bottom-left:0px;--awb-flex-wrap:wrap;\" ><div class=\"fusion-builder-row fusion-row\"><div class=\"fusion-layout-column fusion_builder_column fusion-builder-column-10 fusion_builder_column_1_1 1_1 fusion-one-full fusion-column-first fusion-column-last\" style=\"--awb-bg-size:cover;\"><div class=\"fusion-column-wrapper fusion-column-has-shadow fusion-flex-column-wrapper-legacy\"><div class=\"fusion-title title fusion-title-9 fusion-sep-none fusion-title-text fusion-title-size-three\"><h3 class=\"fusion-title-heading title-heading-left fusion-responsive-typography-calculated\" style=\"margin:0;--fontSize:27;line-height:1.3;\">\u00c0 qui s&rsquo;adresse un l\u00e8ve-jambes ?<\/h3><\/div><div class=\"fusion-clearfix\"><\/div><\/div><\/div><div class=\"fusion-layout-column fusion_builder_column fusion-builder-column-11 fusion_builder_column_1_1 1_1 fusion-one-full fusion-column-first fusion-column-last\" style=\"--awb-bg-size:cover;\"><div class=\"fusion-column-wrapper fusion-column-has-shadow fusion-flex-column-wrapper-legacy\"><div class=\"fusion-text fusion-text-9\"><p>Avec un lifting des cuisses, nous obtenons une am\u00e9lioration de l&rsquo;estime de soi de nos patients, ainsi que de l&rsquo;apparence de leurs jambes. En g\u00e9n\u00e9ral, l&rsquo;intervention sert \u00e0 sur\u00e9lever les tissus affaiss\u00e9s des cuisses et des fesses, ce qui permet d&rsquo;am\u00e9liorer la silhouette du corps.<\/p>\n<p>Par cons\u00e9quent, vous serez un candidat id\u00e9al pour cette op\u00e9ration si vous avez un exc\u00e8s ou un surplus de peau sur vos jambes. En g\u00e9n\u00e9ral, si vous avez subi un pontage gastrique ou une perte de poids importante, vous pouvez avoir un exc\u00e8s de peau.<\/p>\n<p>Si vous n&rsquo;avez pas encore atteint votre poids id\u00e9al ou souhait\u00e9, nous vous recommandons de ne pas subir cette intervention, mais de continuer le r\u00e9gime et l&rsquo;exercice que vous suivez actuellement, et une fois que vous aurez atteint votre poids souhait\u00e9, de subir cette op\u00e9ration.<\/p>\n<\/div><div class=\"fusion-clearfix\"><\/div><\/div><\/div><\/div><\/div><div class=\"fusion-fullwidth fullwidth-box fusion-builder-row-5 nonhundred-percent-fullwidth non-hundred-percent-height-scrolling\" style=\"--awb-border-color:#eae1e4;--awb-border-radius-top-left:0px;--awb-border-radius-top-right:0px;--awb-border-radius-bottom-right:0px;--awb-border-radius-bottom-left:0px;--awb-margin-bottom:60px;--awb-border-sizes-top:1px;--awb-border-sizes-bottom:1px;--awb-flex-wrap:wrap;\" ><div class=\"fusion-builder-row fusion-row\"><div class=\"fusion-layout-column fusion_builder_column fusion-builder-column-12 fusion_builder_column_2_3 2_3 fusion-two-third fusion-column-first fusion-no-medium-visibility fusion-no-large-visibility\" style=\"--awb-bg-size:cover;width:65.3333%; margin-right: 4%;\"><div class=\"fusion-column-wrapper fusion-column-has-shadow fusion-flex-column-wrapper-legacy\"><div class=\"fusion-title title fusion-title-10 fusion-sep-none fusion-title-text fusion-title-size-two\"><h2 class=\"fusion-title-heading title-heading-left fusion-responsive-typography-calculated\" style=\"margin:0;--fontSize:48;line-height:1.18;\">Les meilleurs chirurgiens en chirurgie de la jambe<\/h2><\/div><div class=\"fusion-clearfix\"><\/div><\/div><\/div><div class=\"fusion-layout-column fusion_builder_column fusion-builder-column-13 fusion_builder_column_2_3 2_3 fusion-two-third fusion-column-first fusion-no-small-visibility\" style=\"--awb-bg-size:cover;--awb-margin-top:0px;--awb-margin-bottom:0px;width:66.666666666667%;width:calc(66.666666666667% - ( ( 4% ) * 0.66666666666667 ) );margin-right: 4%;\"><div class=\"fusion-column-wrapper fusion-column-has-shadow fusion-flex-column-wrapper-legacy\"><div class=\"fusion-title title fusion-title-11 fusion-sep-none fusion-title-text fusion-title-size-two\" style=\"--awb-margin-top:23%;\"><h2 class=\"fusion-title-heading title-heading-left fusion-responsive-typography-calculated\" style=\"margin:0;--fontSize:48;line-height:1.18;\">Les meilleurs chirurgiens en chirurgie de la jambe<\/h2><\/div><div class=\"fusion-clearfix\"><\/div><\/div><\/div><div class=\"fusion-layout-column fusion_builder_column fusion-builder-column-14 fusion_builder_column_1_3 1_3 fusion-one-third fusion-column-last\" style=\"--awb-bg-size:cover;--awb-margin-top:0px;--awb-margin-bottom:0px;width:33.333333333333%;width:calc(33.333333333333% - ( ( 4% ) * 0.33333333333333 ) );\"><div class=\"fusion-column-wrapper fusion-column-has-shadow fusion-flex-column-wrapper-legacy\"><div class=\"fusion-image-element fusion-image-align-center in-legacy-container\" style=\"text-align:center;--awb-caption-title-font-family:var(--h2_typography-font-family);--awb-caption-title-font-weight:var(--h2_typography-font-weight);--awb-caption-title-font-style:var(--h2_typography-font-style);--awb-caption-title-size:var(--h2_typography-font-size);--awb-caption-title-transform:var(--h2_typography-text-transform);--awb-caption-title-line-height:var(--h2_typography-line-height);--awb-caption-title-letter-spacing:var(--h2_typography-letter-spacing);\"><div class=\"imageframe-align-center\"><span class=\" fusion-imageframe imageframe-none imageframe-7 hover-type-none\"><img decoding=\"async\" width=\"375\" height=\"500\" alt=\"Les meilleurs chirurgiens en mati\u00e8re d&#039;augmentation mammaire\" title=\"Le meilleur chirurgien\" src=\"https:\/\/cirugiaplasticaandorra.com\/imagenes\/El-mejor-cirujano-Fabrizio-Moscatiello.jpg\" class=\"img-responsive wp-image-3301\" srcset=\"https:\/\/cirugiaplasticaandorra.com\/imagenes\/El-mejor-cirujano-Fabrizio-Moscatiello-200x267.jpg 200w, https:\/\/cirugiaplasticaandorra.com\/imagenes\/El-mejor-cirujano-Fabrizio-Moscatiello.jpg 375w\" sizes=\"(max-width: 800px) 100vw, 375px\" \/><\/span><\/div><\/div><div class=\"fusion-clearfix\"><\/div><\/div><\/div><\/div><\/div><div class=\"fusion-fullwidth fullwidth-box fusion-builder-row-6 nonhundred-percent-fullwidth non-hundred-percent-height-scrolling\" style=\"--awb-border-radius-top-left:0px;--awb-border-radius-top-right:0px;--awb-border-radius-bottom-right:0px;--awb-border-radius-bottom-left:0px;--awb-flex-wrap:wrap;\" ><div class=\"fusion-builder-row fusion-row\"><div class=\"fusion-layout-column fusion_builder_column fusion-builder-column-15 fusion_builder_column_1_1 1_1 fusion-one-full fusion-column-first fusion-column-last\" style=\"--awb-bg-size:cover;\"><div class=\"fusion-column-wrapper fusion-column-has-shadow fusion-flex-column-wrapper-legacy\"><div class=\"fusion-title title fusion-title-12 fusion-sep-none fusion-title-text fusion-title-size-two\"><h2 class=\"fusion-title-heading title-heading-left fusion-responsive-typography-calculated\" style=\"margin:0;--fontSize:48;line-height:1.18;\">Augmentation mammaire pr\u00e9op\u00e9ratoire en Andorre<\/h2><\/div><div class=\"fusion-clearfix\"><\/div><\/div><\/div><div class=\"fusion-layout-column fusion_builder_column fusion-builder-column-16 fusion_builder_column_1_1 1_1 fusion-one-full fusion-column-first fusion-column-last\" style=\"--awb-bg-size:cover;\"><div class=\"fusion-column-wrapper fusion-column-has-shadow fusion-flex-column-wrapper-legacy\"><div class=\"fusion-text fusion-text-10\"><p>Lors de la premi\u00e8re visite, les caract\u00e9ristiques de la peau, l&rsquo;accumulation de graisse, la pr\u00e9sence d&rsquo;autres cicatrices et l&rsquo;\u00e9tat g\u00e9n\u00e9ral du patient (allergies, maladies, prise de m\u00e9dicaments, habitudes toxiques telles que le tabagisme, etc.<\/p>\n<p>La patiente nous expliquera les attentes qu&rsquo;elle nourrit \u00e0 l&rsquo;\u00e9gard de cette op\u00e9ration, en ayant une cicatrice claire et pr\u00e9sum\u00e9e qui restera dans le sillon inguinal. Parfois, il y aura une autre cicatrice \u00e0 l&rsquo;int\u00e9rieur des cuisses.<\/p>\n<p>Une \u00e9tude pr\u00e9op\u00e9ratoire sera n\u00e9cessaire sur la base d&rsquo;une analyse g\u00e9n\u00e9rale avec des tests de coagulation, une radiographie du thorax et un ECG. Vous devrez \u00e9galement arr\u00eater de prendre de l&rsquo;AAS (aspirine\u00ae) ou d&rsquo;autres anticoagulants environ 10 jours avant l&rsquo;intervention (sous la supervision de votre m\u00e9decin de famille).<\/p>\n<\/div><div class=\"fusion-clearfix\"><\/div><\/div><\/div><\/div><\/div><div class=\"fusion-fullwidth fullwidth-box fusion-builder-row-7 nonhundred-percent-fullwidth non-hundred-percent-height-scrolling\" style=\"--awb-border-radius-top-left:0px;--awb-border-radius-top-right:0px;--awb-border-radius-bottom-right:0px;--awb-border-radius-bottom-left:0px;--awb-flex-wrap:wrap;\" ><div class=\"fusion-builder-row fusion-row\"><div class=\"fusion-layout-column fusion_builder_column fusion-builder-column-17 fusion_builder_column_1_1 1_1 fusion-one-full fusion-column-first fusion-column-last\" style=\"--awb-bg-size:cover;\"><div class=\"fusion-column-wrapper fusion-column-has-shadow fusion-flex-column-wrapper-legacy\"><div class=\"fusion-title title fusion-title-13 fusion-sep-none fusion-title-text fusion-title-size-two\"><h2 class=\"fusion-title-heading title-heading-left fusion-responsive-typography-calculated\" style=\"margin:0;--fontSize:48;line-height:1.18;\">Lev\u00e9e de jambe post-op\u00e9ratoire en Andorre<\/h2><\/div><div class=\"fusion-clearfix\"><\/div><\/div><\/div><div class=\"fusion-layout-column fusion_builder_column fusion-builder-column-18 fusion_builder_column_1_1 1_1 fusion-one-full fusion-column-first fusion-column-last\" style=\"--awb-bg-size:cover;\"><div class=\"fusion-column-wrapper fusion-column-has-shadow fusion-flex-column-wrapper-legacy\"><div class=\"fusion-text fusion-text-11\"><p>A las 24 h. le patient peut sortir de l&rsquo;h\u00f4pital. Lors de la premi\u00e8re visite postop\u00e9ratoire, un traitement topique de la plaie chirurgicale sera effectu\u00e9.<\/p>\n<p>Pendant la p\u00e9riode postop\u00e9ratoire imm\u00e9diate, le patient devra se reposer, maintenir des bas de contention et prendre des m\u00e9dicaments (analg\u00e9siques, anti-inflammatoires, etc.). Les points de suture seront retir\u00e9s entre 10 et 21 jours.<\/p>\n<p>Des massages de drainage lymphatique sont recommand\u00e9s pour r\u00e9duire l&rsquo;\u0153d\u00e8me postop\u00e9ratoire. Vous devez porter la gaine ou les bas de compression pendant 4 \u00e0 6 semaines.<\/p>\n<\/div><div class=\"fusion-clearfix\"><\/div><\/div><\/div><\/div><\/div><div class=\"fusion-fullwidth fullwidth-box fusion-builder-row-8 nonhundred-percent-fullwidth non-hundred-percent-height-scrolling\" style=\"--awb-border-radius-top-left:0px;--awb-border-radius-top-right:0px;--awb-border-radius-bottom-right:0px;--awb-border-radius-bottom-left:0px;--awb-flex-wrap:wrap;\" ><div class=\"fusion-builder-row fusion-row\"><div class=\"fusion-layout-column fusion_builder_column fusion-builder-column-19 fusion_builder_column_1_1 1_1 fusion-one-full fusion-column-first fusion-column-last\" style=\"--awb-bg-size:cover;\"><div class=\"fusion-column-wrapper fusion-column-has-shadow fusion-flex-column-wrapper-legacy\"><div class=\"fusion-title title fusion-title-14 fusion-sep-none fusion-title-text fusion-title-size-three\"><h3 class=\"fusion-title-heading title-heading-left fusion-responsive-typography-calculated\" style=\"margin:0;--fontSize:27;line-height:1.3;\">Chirurgies connexes<\/h3><\/div><div class=\"fusion-clearfix\"><\/div><\/div><\/div><div class=\"fusion-layout-column fusion_builder_column fusion-builder-column-20 fusion_builder_column_1_2 1_2 fusion-one-half fusion-column-first\" style=\"--awb-bg-size:cover;width:50%;width:calc(50% - ( ( 4% ) * 0.5 ) );margin-right: 4%;\"><div class=\"fusion-column-wrapper fusion-column-has-shadow fusion-flex-column-wrapper-legacy\"><div class=\"fusion-image-element in-legacy-container\" style=\"--awb-caption-title-font-family:var(--h2_typography-font-family);--awb-caption-title-font-weight:var(--h2_typography-font-weight);--awb-caption-title-font-style:var(--h2_typography-font-style);--awb-caption-title-size:var(--h2_typography-font-size);--awb-caption-title-transform:var(--h2_typography-text-transform);--awb-caption-title-line-height:var(--h2_typography-line-height);--awb-caption-title-letter-spacing:var(--h2_typography-letter-spacing);\"><span class=\" fusion-imageframe imageframe-none imageframe-8 hover-type-none\" style=\"border-radius:10px;\"><a class=\"fusion-no-lightbox\" href=\"https:\/\/cirugiaplasticaandorra.com\/fr\/chirurgie-du-sein\/mastopexie\/\" target=\"_self\" aria-label=\"Mastopexie Andorre\"><img decoding=\"async\" width=\"560\" height=\"200\" alt=\"Mastopexie en Andorre\" src=\"https:\/\/cirugiaplasticaandorra.com\/imagenes\/Mastopexia-Andorra-relacionados.jpg\" class=\"img-responsive wp-image-3292\" srcset=\"https:\/\/cirugiaplasticaandorra.com\/imagenes\/Mastopexia-Andorra-relacionados-200x71.jpg 200w, https:\/\/cirugiaplasticaandorra.com\/imagenes\/Mastopexia-Andorra-relacionados-400x143.jpg 400w, https:\/\/cirugiaplasticaandorra.com\/imagenes\/Mastopexia-Andorra-relacionados.jpg 560w\" sizes=\"(max-width: 800px) 100vw, 560px\" \/><\/a><\/span><\/div><div class=\"fusion-clearfix\"><\/div><\/div><\/div><div class=\"fusion-layout-column fusion_builder_column fusion-builder-column-21 fusion_builder_column_1_2 1_2 fusion-one-half fusion-column-last\" style=\"--awb-bg-size:cover;width:50%;width:calc(50% - ( ( 4% ) * 0.5 ) );\"><div class=\"fusion-column-wrapper fusion-column-has-shadow fusion-flex-column-wrapper-legacy\"><div class=\"fusion-image-element in-legacy-container\" style=\"--awb-caption-title-font-family:var(--h2_typography-font-family);--awb-caption-title-font-weight:var(--h2_typography-font-weight);--awb-caption-title-font-style:var(--h2_typography-font-style);--awb-caption-title-size:var(--h2_typography-font-size);--awb-caption-title-transform:var(--h2_typography-text-transform);--awb-caption-title-line-height:var(--h2_typography-line-height);--awb-caption-title-letter-spacing:var(--h2_typography-letter-spacing);\"><span class=\" fusion-imageframe imageframe-none imageframe-9 hover-type-none\" style=\"border-radius:10px;\"><a class=\"fusion-no-lightbox\" href=\"https:\/\/cirugiaplasticaandorra.com\/fr\/chirurgie-du-sein\/reduction-des-seins\/\" target=\"_self\" aria-label=\"R\u00e9duction des seins Andorre\"><img decoding=\"async\" width=\"560\" height=\"200\" alt=\"R\u00e9duction de la poitrine en Andorre\" src=\"https:\/\/cirugiaplasticaandorra.com\/imagenes\/Reducci\u00f3n-de-pecho-Andorra-relacionados.jpg\" class=\"img-responsive wp-image-3295\" srcset=\"https:\/\/cirugiaplasticaandorra.com\/imagenes\/Reducci\u00f3n-de-pecho-Andorra-relacionados-200x71.jpg 200w, https:\/\/cirugiaplasticaandorra.com\/imagenes\/Reducci\u00f3n-de-pecho-Andorra-relacionados-400x143.jpg 400w, https:\/\/cirugiaplasticaandorra.com\/imagenes\/Reducci\u00f3n-de-pecho-Andorra-relacionados.jpg 560w\" sizes=\"(max-width: 800px) 100vw, 560px\" \/><\/a><\/span><\/div><div class=\"fusion-clearfix\"><\/div><\/div><\/div><\/div><\/div><\/p>\n","protected":false},"excerpt":{"rendered":"","protected":false},"author":1,"featured_media":0,"parent":3603,"menu_order":5,"comment_status":"closed","ping_status":"closed","template":"","meta":{"_acf_changed":false,"footnotes":""},"class_list":["post-3876","page","type-page","status-publish","hentry"],"acf":[],"yoast_head":"<!-- This site is optimized with the Yoast SEO plugin v24.1 - https:\/\/yoast.com\/wordpress\/plugins\/seo\/ -->\n<title>Lever les jambes - Fabrizio Moscatiello<\/title>\n<meta name=\"robots\" content=\"noindex, nofollow\" \/>\n<meta property=\"og:locale\" content=\"fr_FR\" \/>\n<meta property=\"og:type\" content=\"article\" \/>\n<meta property=\"og:title\" content=\"Lever les jambes - Fabrizio Moscatiello\" \/>\n<meta property=\"og:url\" content=\"https:\/\/cirugiaplasticaandorra.com\/fr\/chirurgie-corporelle\/lever-les-jambes\/\" \/>\n<meta property=\"og:site_name\" content=\"Fabrizio Moscatiello\" \/>\n<meta property=\"article:modified_time\" content=\"2020-03-03T07:01:58+00:00\" \/>\n<meta name=\"twitter:card\" content=\"summary_large_image\" \/>\n<script type=\"application\/ld+json\" class=\"yoast-schema-graph\">{\"@context\":\"https:\/\/schema.org\",\"@graph\":[{\"@type\":\"WebPage\",\"@id\":\"https:\/\/cirugiaplasticaandorra.com\/fr\/chirurgie-corporelle\/lever-les-jambes\/\",\"url\":\"https:\/\/cirugiaplasticaandorra.com\/fr\/chirurgie-corporelle\/lever-les-jambes\/\",\"name\":\"Lever les jambes - Fabrizio Moscatiello\",\"isPartOf\":{\"@id\":\"https:\/\/cirugiaplasticaandorra.com\/#website\"},\"datePublished\":\"2020-03-03T07:01:55+00:00\",\"dateModified\":\"2020-03-03T07:01:58+00:00\",\"breadcrumb\":{\"@id\":\"https:\/\/cirugiaplasticaandorra.com\/fr\/chirurgie-corporelle\/lever-les-jambes\/#breadcrumb\"},\"inLanguage\":\"fr-FR\",\"potentialAction\":[{\"@type\":\"ReadAction\",\"target\":[\"https:\/\/cirugiaplasticaandorra.com\/fr\/chirurgie-corporelle\/lever-les-jambes\/\"]}]},{\"@type\":\"BreadcrumbList\",\"@id\":\"https:\/\/cirugiaplasticaandorra.com\/fr\/chirurgie-corporelle\/lever-les-jambes\/#breadcrumb\",\"itemListElement\":[{\"@type\":\"ListItem\",\"position\":1,\"name\":\"Portada\",\"item\":\"https:\/\/cirugiaplasticaandorra.com\/fr\/\"},{\"@type\":\"ListItem\",\"position\":2,\"name\":\"Chirurgie corporelle\",\"item\":\"https:\/\/cirugiaplasticaandorra.com\/fr\/chirurgie-corporelle\/\"},{\"@type\":\"ListItem\",\"position\":3,\"name\":\"Lever les jambes\"}]},{\"@type\":\"WebSite\",\"@id\":\"https:\/\/cirugiaplasticaandorra.com\/#website\",\"url\":\"https:\/\/cirugiaplasticaandorra.com\/\",\"name\":\"Fabrizio Moscatiello\",\"description\":\"\",\"publisher\":{\"@id\":\"https:\/\/cirugiaplasticaandorra.com\/#\/schema\/person\/22d9c3b3af852a097fcd993016b521fd\"},\"potentialAction\":[{\"@type\":\"SearchAction\",\"target\":{\"@type\":\"EntryPoint\",\"urlTemplate\":\"https:\/\/cirugiaplasticaandorra.com\/?s={search_term_string}\"},\"query-input\":{\"@type\":\"PropertyValueSpecification\",\"valueRequired\":true,\"valueName\":\"search_term_string\"}}],\"inLanguage\":\"fr-FR\"},{\"@type\":[\"Person\",\"Organization\"],\"@id\":\"https:\/\/cirugiaplasticaandorra.com\/#\/schema\/person\/22d9c3b3af852a097fcd993016b521fd\",\"name\":\"Institut de cirurg\u00eda pl\u00e0stica Dr Fabrizo Moscatiello\",\"logo\":{\"@id\":\"https:\/\/cirugiaplasticaandorra.com\/#\/schema\/person\/image\/\"}}]}<\/script>\n<!-- \/ Yoast SEO plugin. -->","yoast_head_json":{"title":"Lever les jambes - Fabrizio Moscatiello","robots":{"index":"noindex","follow":"nofollow"},"og_locale":"fr_FR","og_type":"article","og_title":"Lever les jambes - Fabrizio Moscatiello","og_url":"https:\/\/cirugiaplasticaandorra.com\/fr\/chirurgie-corporelle\/lever-les-jambes\/","og_site_name":"Fabrizio Moscatiello","article_modified_time":"2020-03-03T07:01:58+00:00","twitter_card":"summary_large_image","schema":{"@context":"https:\/\/schema.org","@graph":[{"@type":"WebPage","@id":"https:\/\/cirugiaplasticaandorra.com\/fr\/chirurgie-corporelle\/lever-les-jambes\/","url":"https:\/\/cirugiaplasticaandorra.com\/fr\/chirurgie-corporelle\/lever-les-jambes\/","name":"Lever les jambes - Fabrizio Moscatiello","isPartOf":{"@id":"https:\/\/cirugiaplasticaandorra.com\/#website"},"datePublished":"2020-03-03T07:01:55+00:00","dateModified":"2020-03-03T07:01:58+00:00","breadcrumb":{"@id":"https:\/\/cirugiaplasticaandorra.com\/fr\/chirurgie-corporelle\/lever-les-jambes\/#breadcrumb"},"inLanguage":"fr-FR","potentialAction":[{"@type":"ReadAction","target":["https:\/\/cirugiaplasticaandorra.com\/fr\/chirurgie-corporelle\/lever-les-jambes\/"]}]},{"@type":"BreadcrumbList","@id":"https:\/\/cirugiaplasticaandorra.com\/fr\/chirurgie-corporelle\/lever-les-jambes\/#breadcrumb","itemListElement":[{"@type":"ListItem","position":1,"name":"Portada","item":"https:\/\/cirugiaplasticaandorra.com\/fr\/"},{"@type":"ListItem","position":2,"name":"Chirurgie corporelle","item":"https:\/\/cirugiaplasticaandorra.com\/fr\/chirurgie-corporelle\/"},{"@type":"ListItem","position":3,"name":"Lever les jambes"}]},{"@type":"WebSite","@id":"https:\/\/cirugiaplasticaandorra.com\/#website","url":"https:\/\/cirugiaplasticaandorra.com\/","name":"Fabrizio Moscatiello","description":"","publisher":{"@id":"https:\/\/cirugiaplasticaandorra.com\/#\/schema\/person\/22d9c3b3af852a097fcd993016b521fd"},"potentialAction":[{"@type":"SearchAction","target":{"@type":"EntryPoint","urlTemplate":"https:\/\/cirugiaplasticaandorra.com\/?s={search_term_string}"},"query-input":{"@type":"PropertyValueSpecification","valueRequired":true,"valueName":"search_term_string"}}],"inLanguage":"fr-FR"},{"@type":["Person","Organization"],"@id":"https:\/\/cirugiaplasticaandorra.com\/#\/schema\/person\/22d9c3b3af852a097fcd993016b521fd","name":"Institut de cirurg\u00eda pl\u00e0stica Dr Fabrizo Moscatiello","logo":{"@id":"https:\/\/cirugiaplasticaandorra.com\/#\/schema\/person\/image\/"}}]}},"_links":{"self":[{"href":"https:\/\/cirugiaplasticaandorra.com\/fr\/wp-json\/wp\/v2\/pages\/3876","targetHints":{"allow":["GET"]}}],"collection":[{"href":"https:\/\/cirugiaplasticaandorra.com\/fr\/wp-json\/wp\/v2\/pages"}],"about":[{"href":"https:\/\/cirugiaplasticaandorra.com\/fr\/wp-json\/wp\/v2\/types\/page"}],"author":[{"embeddable":true,"href":"https:\/\/cirugiaplasticaandorra.com\/fr\/wp-json\/wp\/v2\/users\/1"}],"replies":[{"embeddable":true,"href":"https:\/\/cirugiaplasticaandorra.com\/fr\/wp-json\/wp\/v2\/comments?post=3876"}],"version-history":[{"count":0,"href":"https:\/\/cirugiaplasticaandorra.com\/fr\/wp-json\/wp\/v2\/pages\/3876\/revisions"}],"up":[{"embeddable":true,"href":"https:\/\/cirugiaplasticaandorra.com\/fr\/wp-json\/wp\/v2\/pages\/3603"}],"wp:attachment":[{"href":"https:\/\/cirugiaplasticaandorra.com\/fr\/wp-json\/wp\/v2\/media?parent=3876"}],"curies":[{"name":"wp","href":"https:\/\/api.w.org\/{rel}","templated":true}]}}