{"id":7202,"date":"2023-02-02T18:17:34","date_gmt":"2023-02-02T18:17:34","guid":{"rendered":"https:\/\/cirugiaplasticaandorra.com\/chirurgie-des-cheveux\/plasma-riche-en-plaquettes-prp\/"},"modified":"2023-02-02T18:17:36","modified_gmt":"2023-02-02T18:17:36","slug":"plasma-riche-en-plaquettes-prp","status":"publish","type":"page","link":"https:\/\/cirugiaplasticaandorra.com\/fr\/chirurgie-des-cheveux\/plasma-riche-en-plaquettes-prp\/","title":{"rendered":"Plasma riche en plaquettes (PRP)"},"content":{"rendered":"<p><div class=\"fusion-fullwidth fullwidth-box fusion-builder-row-1 nonhundred-percent-fullwidth non-hundred-percent-height-scrolling\" style=\"--awb-border-radius-top-left:0px;--awb-border-radius-top-right:0px;--awb-border-radius-bottom-right:0px;--awb-border-radius-bottom-left:0px;--awb-flex-wrap:wrap;\" ><div class=\"fusion-builder-row fusion-row\"><div class=\"fusion-layout-column fusion_builder_column fusion-builder-column-0 fusion_builder_column_1_3 1_3 fusion-one-third fusion-column-first\" style=\"--awb-bg-size:cover;width:33.333333333333%;width:calc(33.333333333333% - ( ( 4% + 4% ) * 0.33333333333333 ) );margin-right: 4%;\"><div class=\"fusion-column-wrapper fusion-column-has-shadow fusion-flex-column-wrapper-legacy\"><div class=\"fusion-image-element fusion-image-align-center in-legacy-container\" style=\"text-align:center;--awb-caption-title-font-family:var(--h2_typography-font-family);--awb-caption-title-font-weight:var(--h2_typography-font-weight);--awb-caption-title-font-style:var(--h2_typography-font-style);--awb-caption-title-size:var(--h2_typography-font-size);--awb-caption-title-transform:var(--h2_typography-text-transform);--awb-caption-title-line-height:var(--h2_typography-line-height);--awb-caption-title-letter-spacing:var(--h2_typography-letter-spacing);\"><div class=\"imageframe-align-center\"><span class=\" fusion-imageframe imageframe-none imageframe-1 hover-type-none\"><img decoding=\"async\" width=\"128\" height=\"128\" title=\"intervention1\" src=\"https:\/\/cirugiaplasticaandorra.com\/imagenes\/intervenci\u00f3n1.png\" alt class=\"img-responsive wp-image-3319\" srcset=\"https:\/\/cirugiaplasticaandorra.com\/imagenes\/intervenci\u00f3n1-66x66.png 66w, https:\/\/cirugiaplasticaandorra.com\/imagenes\/intervenci\u00f3n1.png 128w\" sizes=\"(max-width: 128px) 100vw, 128px\" \/><\/span><\/div><\/div><div class=\"fusion-title title fusion-title-1 fusion-sep-none fusion-title-center fusion-title-text fusion-title-size-three\" style=\"--awb-text-color:#854a79;--awb-margin-top:10px;--awb-margin-top-small:10px;--awb-margin-bottom-small:5px;\"><h3 class=\"fusion-title-heading title-heading-center fusion-responsive-typography-calculated\" style=\"margin:0;--fontSize:27;line-height:1.3;\">Intervention<\/h3><\/div><div class=\"fusion-text fusion-text-1\"><p style=\"text-align: center;\">20 \u00e0 30 minutes<\/p>\n<\/div><div class=\"fusion-clearfix\"><\/div><\/div><\/div><div class=\"fusion-layout-column fusion_builder_column fusion-builder-column-1 fusion_builder_column_1_3 1_3 fusion-one-third\" style=\"--awb-bg-size:cover;width:33.333333333333%;width:calc(33.333333333333% - ( ( 4% + 4% ) * 0.33333333333333 ) );margin-right: 4%;\"><div class=\"fusion-column-wrapper fusion-column-has-shadow fusion-flex-column-wrapper-legacy\"><div class=\"fusion-image-element fusion-image-align-center in-legacy-container\" style=\"text-align:center;--awb-caption-title-font-family:var(--h2_typography-font-family);--awb-caption-title-font-weight:var(--h2_typography-font-weight);--awb-caption-title-font-style:var(--h2_typography-font-style);--awb-caption-title-size:var(--h2_typography-font-size);--awb-caption-title-transform:var(--h2_typography-text-transform);--awb-caption-title-line-height:var(--h2_typography-line-height);--awb-caption-title-letter-spacing:var(--h2_typography-letter-spacing);\"><div class=\"imageframe-align-center\"><span class=\" fusion-imageframe imageframe-none imageframe-2 hover-type-none\"><img decoding=\"async\" width=\"128\" height=\"128\" title=\"sexe1\" src=\"https:\/\/cirugiaplasticaandorra.com\/imagenes\/sexo1.png\" alt class=\"img-responsive wp-image-3316\" srcset=\"https:\/\/cirugiaplasticaandorra.com\/imagenes\/sexo1-66x66.png 66w, https:\/\/cirugiaplasticaandorra.com\/imagenes\/sexo1.png 128w\" sizes=\"(max-width: 128px) 100vw, 128px\" \/><\/span><\/div><\/div><div class=\"fusion-title title fusion-title-2 fusion-sep-none fusion-title-center fusion-title-text fusion-title-size-three\" style=\"--awb-text-color:#854a79;--awb-margin-top:10px;--awb-margin-top-small:10px;--awb-margin-bottom-small:5px;\"><h3 class=\"fusion-title-heading title-heading-center fusion-responsive-typography-calculated\" style=\"margin:0;--fontSize:27;line-height:1.3;\">Sexe<\/h3><\/div><div class=\"fusion-text fusion-text-2\"><p style=\"text-align: center;\">L&rsquo;homme et la femme<\/p>\n<\/div><div class=\"fusion-clearfix\"><\/div><\/div><\/div><div class=\"fusion-layout-column fusion_builder_column fusion-builder-column-2 fusion_builder_column_1_3 1_3 fusion-one-third fusion-column-last\" style=\"--awb-bg-size:cover;width:33.333333333333%;width:calc(33.333333333333% - ( ( 4% + 4% ) * 0.33333333333333 ) );\"><div class=\"fusion-column-wrapper fusion-column-has-shadow fusion-flex-column-wrapper-legacy\"><div class=\"fusion-image-element fusion-image-align-center in-legacy-container\" style=\"text-align:center;--awb-caption-title-font-family:var(--h2_typography-font-family);--awb-caption-title-font-weight:var(--h2_typography-font-weight);--awb-caption-title-font-style:var(--h2_typography-font-style);--awb-caption-title-size:var(--h2_typography-font-size);--awb-caption-title-transform:var(--h2_typography-text-transform);--awb-caption-title-line-height:var(--h2_typography-line-height);--awb-caption-title-letter-spacing:var(--h2_typography-letter-spacing);\"><div class=\"imageframe-align-center\"><span class=\" fusion-imageframe imageframe-none imageframe-3 hover-type-none\"><img decoding=\"async\" width=\"128\" height=\"128\" title=\"hospitalisation1\" src=\"https:\/\/cirugiaplasticaandorra.com\/imagenes\/hospitalizaci\u00f3n1.png\" alt class=\"img-responsive wp-image-3313\" srcset=\"https:\/\/cirugiaplasticaandorra.com\/imagenes\/hospitalizaci\u00f3n1-66x66.png 66w, https:\/\/cirugiaplasticaandorra.com\/imagenes\/hospitalizaci\u00f3n1.png 128w\" sizes=\"(max-width: 128px) 100vw, 128px\" \/><\/span><\/div><\/div><div class=\"fusion-title title fusion-title-3 fusion-sep-none fusion-title-center fusion-title-text fusion-title-size-three\" style=\"--awb-text-color:#854a79;--awb-margin-top:10px;--awb-margin-top-small:10px;--awb-margin-bottom-small:5px;\"><h3 class=\"fusion-title-heading title-heading-center fusion-responsive-typography-calculated\" style=\"margin:0;--fontSize:27;line-height:1.3;\">Hospitalisation<\/h3><\/div><div class=\"fusion-text fusion-text-3\"><p style=\"text-align: center;\">Pas d&rsquo;hospitalisation<\/p>\n<\/div><div class=\"fusion-clearfix\"><\/div><\/div><\/div><div class=\"fusion-layout-column fusion_builder_column fusion-builder-column-3 fusion_builder_column_1_3 1_3 fusion-one-third fusion-column-first\" style=\"--awb-bg-size:cover;width:33.333333333333%;width:calc(33.333333333333% - ( ( 4% + 4% ) * 0.33333333333333 ) );margin-right: 4%;\"><div class=\"fusion-column-wrapper fusion-column-has-shadow fusion-flex-column-wrapper-legacy\"><div class=\"fusion-image-element fusion-image-align-center in-legacy-container\" style=\"text-align:center;--awb-caption-title-font-family:var(--h2_typography-font-family);--awb-caption-title-font-weight:var(--h2_typography-font-weight);--awb-caption-title-font-style:var(--h2_typography-font-style);--awb-caption-title-size:var(--h2_typography-font-size);--awb-caption-title-transform:var(--h2_typography-text-transform);--awb-caption-title-line-height:var(--h2_typography-line-height);--awb-caption-title-letter-spacing:var(--h2_typography-letter-spacing);\"><div class=\"imageframe-align-center\"><span class=\" fusion-imageframe imageframe-none imageframe-4 hover-type-none\"><img decoding=\"async\" width=\"128\" height=\"128\" title=\"Anesth\u00e9sie1\" src=\"https:\/\/cirugiaplasticaandorra.com\/imagenes\/anestesia1.png\" alt class=\"img-responsive wp-image-3310\" srcset=\"https:\/\/cirugiaplasticaandorra.com\/imagenes\/anestesia1-66x66.png 66w, https:\/\/cirugiaplasticaandorra.com\/imagenes\/anestesia1.png 128w\" sizes=\"(max-width: 128px) 100vw, 128px\" \/><\/span><\/div><\/div><div class=\"fusion-title title fusion-title-4 fusion-sep-none fusion-title-center fusion-title-text fusion-title-size-three\" style=\"--awb-text-color:#854a79;--awb-margin-top:10px;--awb-margin-top-small:10px;--awb-margin-bottom-small:5px;\"><h3 class=\"fusion-title-heading title-heading-center fusion-responsive-typography-calculated\" style=\"margin:0;--fontSize:27;line-height:1.3;\">Anesth\u00e9sie<\/h3><\/div><div class=\"fusion-text fusion-text-4\"><p style=\"text-align: center;\">Non n\u00e9cessaire<\/p>\n<\/div><div class=\"fusion-clearfix\"><\/div><\/div><\/div><div class=\"fusion-layout-column fusion_builder_column fusion-builder-column-4 fusion_builder_column_1_3 1_3 fusion-one-third\" style=\"--awb-bg-size:cover;width:33.333333333333%;width:calc(33.333333333333% - ( ( 4% + 4% ) * 0.33333333333333 ) );margin-right: 4%;\"><div class=\"fusion-column-wrapper fusion-column-has-shadow fusion-flex-column-wrapper-legacy\"><div class=\"fusion-image-element fusion-image-align-center in-legacy-container\" style=\"text-align:center;--awb-caption-title-font-family:var(--h2_typography-font-family);--awb-caption-title-font-weight:var(--h2_typography-font-weight);--awb-caption-title-font-style:var(--h2_typography-font-style);--awb-caption-title-size:var(--h2_typography-font-size);--awb-caption-title-transform:var(--h2_typography-text-transform);--awb-caption-title-line-height:var(--h2_typography-line-height);--awb-caption-title-letter-spacing:var(--h2_typography-letter-spacing);\"><div class=\"imageframe-align-center\"><span class=\" fusion-imageframe imageframe-none imageframe-5 hover-type-none\"><img decoding=\"async\" width=\"128\" height=\"128\" title=\"r\u00e9cup\u00e9ration1\" src=\"https:\/\/cirugiaplasticaandorra.com\/imagenes\/recuperaci\u00f3n1.png\" alt class=\"img-responsive wp-image-3307\" srcset=\"https:\/\/cirugiaplasticaandorra.com\/imagenes\/recuperaci\u00f3n1-66x66.png 66w, https:\/\/cirugiaplasticaandorra.com\/imagenes\/recuperaci\u00f3n1.png 128w\" sizes=\"(max-width: 128px) 100vw, 128px\" \/><\/span><\/div><\/div><div class=\"fusion-title title fusion-title-5 fusion-sep-none fusion-title-center fusion-title-text fusion-title-size-three\" style=\"--awb-text-color:#854a79;--awb-margin-top:10px;--awb-margin-top-small:10px;--awb-margin-bottom-small:5px;\"><h3 class=\"fusion-title-heading title-heading-center fusion-responsive-typography-calculated\" style=\"margin:0;--fontSize:27;line-height:1.3;\">Redressement<\/h3><\/div><div class=\"fusion-text fusion-text-5\"><p style=\"text-align: center;\">Pas de r\u00e9cup\u00e9ration<\/p>\n<\/div><div class=\"fusion-clearfix\"><\/div><\/div><\/div><div class=\"fusion-layout-column fusion_builder_column fusion-builder-column-5 fusion_builder_column_1_3 1_3 fusion-one-third fusion-column-last\" style=\"--awb-bg-size:cover;width:33.333333333333%;width:calc(33.333333333333% - ( ( 4% + 4% ) * 0.33333333333333 ) );\"><div class=\"fusion-column-wrapper fusion-column-has-shadow fusion-flex-column-wrapper-legacy\"><div class=\"fusion-image-element fusion-image-align-center in-legacy-container\" style=\"text-align:center;--awb-caption-title-font-family:var(--h2_typography-font-family);--awb-caption-title-font-weight:var(--h2_typography-font-weight);--awb-caption-title-font-style:var(--h2_typography-font-style);--awb-caption-title-size:var(--h2_typography-font-size);--awb-caption-title-transform:var(--h2_typography-text-transform);--awb-caption-title-line-height:var(--h2_typography-line-height);--awb-caption-title-letter-spacing:var(--h2_typography-letter-spacing);\"><div class=\"imageframe-align-center\"><span class=\" fusion-imageframe imageframe-none imageframe-6 hover-type-none\"><img decoding=\"async\" width=\"128\" height=\"128\" title=\"r\u00e9sultats1\" src=\"https:\/\/cirugiaplasticaandorra.com\/imagenes\/resultados1.png\" alt class=\"img-responsive wp-image-3304\" srcset=\"https:\/\/cirugiaplasticaandorra.com\/imagenes\/resultados1-66x66.png 66w, https:\/\/cirugiaplasticaandorra.com\/imagenes\/resultados1.png 128w\" sizes=\"(max-width: 128px) 100vw, 128px\" \/><\/span><\/div><\/div><div class=\"fusion-title title fusion-title-6 fusion-sep-none fusion-title-center fusion-title-text fusion-title-size-three\" style=\"--awb-text-color:#854a79;--awb-margin-top:10px;--awb-margin-top-small:10px;--awb-margin-bottom-small:5px;\"><h3 class=\"fusion-title-heading title-heading-center fusion-responsive-typography-calculated\" style=\"margin:0;--fontSize:27;line-height:1.3;\">R\u00e9sultats<\/h3><\/div><div class=\"fusion-text fusion-text-6\"><p style=\"text-align: center;\">2 \u00e0 4 s\u00e9ances<\/p>\n<\/div><div class=\"fusion-clearfix\"><\/div><\/div><\/div><\/div><\/div><div class=\"fusion-fullwidth fullwidth-box fusion-builder-row-2 nonhundred-percent-fullwidth non-hundred-percent-height-scrolling\" style=\"--awb-border-radius-top-left:0px;--awb-border-radius-top-right:0px;--awb-border-radius-bottom-right:0px;--awb-border-radius-bottom-left:0px;--awb-flex-wrap:wrap;\" ><div class=\"fusion-builder-row fusion-row\"><div class=\"fusion-layout-column fusion_builder_column fusion-builder-column-6 fusion_builder_column_1_1 1_1 fusion-one-full fusion-column-first fusion-column-last\" style=\"--awb-padding-top:25px;--awb-padding-bottom:25px;--awb-bg-size:cover;\"><div class=\"fusion-column-wrapper fusion-column-has-shadow fusion-flex-column-wrapper-legacy\"><div class=\"fusion-text fusion-text-7\"><p>Si un homme ou une femme perd ses cheveux, cela peut avoir un impact \u00e9motionnel et psychologique sur eux. De nombreux hommes et femmes associent le fait d&rsquo;avoir des cheveux \u00e0 la beaut\u00e9 et \u00e0 la jeunesse. La perte de cheveux pr\u00e9matur\u00e9e ou due au vieillissement peut vous faire para\u00eetre plus vieux que vous ne l&rsquo;\u00eates.<\/p>\n<\/div><div class=\"fusion-clearfix\"><\/div><\/div><\/div><div class=\"fusion-layout-column fusion_builder_column fusion-builder-column-7 fusion_builder_column_1_1 1_1 fusion-one-full fusion-column-first fusion-column-last fusion-no-small-visibility\" style=\"--awb-bg-size:cover;\"><div class=\"fusion-column-wrapper fusion-column-has-shadow fusion-flex-column-wrapper-legacy\"><div class=\"fusion-menu-anchor\" id=\"hablamos\"><\/div><div class=\"fusion-title title fusion-title-7 fusion-sep-none fusion-title-center fusion-title-text fusion-title-size-two\" style=\"--awb-margin-bottom:5px;--awb-margin-bottom-small:5px;--awb-font-size:28px;\"><h2 class=\"fusion-title-heading title-heading-center fusion-responsive-typography-calculated\" style=\"margin:0;font-size:1em;--fontSize:28;line-height:1.18;\">Prenez rendez-vous d\u00e8s maintenant!<\/h2><\/div><div class=\"fusion-title title fusion-title-8 fusion-sep-none fusion-title-center fusion-title-text fusion-title-size-three\" style=\"--awb-margin-top:5px;--awb-margin-top-small:5px;\"><h3 class=\"fusion-title-heading title-heading-center fusion-responsive-typography-calculated\" style=\"margin:0;--fontSize:27;line-height:1.3;\"><p style=\"text-align: center;\">Votre premi\u00e8re visite est gratuite<\/p><\/h3><\/div><div class=\"fusion-clearfix\"><\/div><\/div><\/div><div class=\"fusion-layout-column fusion_builder_column fusion-builder-column-8 fusion_builder_column_1_1 1_1 fusion-one-full fusion-column-first fusion-column-last fusion-no-medium-visibility fusion-no-large-visibility\" style=\"--awb-bg-size:cover;\"><div class=\"fusion-column-wrapper fusion-column-has-shadow fusion-flex-column-wrapper-legacy\"><div class=\"fusion-menu-anchor\" id=\"hablamos\"><\/div><div class=\"fusion-title title fusion-title-9 fusion-sep-none fusion-title-center fusion-title-text fusion-title-size-two\" style=\"--awb-margin-bottom:5px;--awb-margin-bottom-small:5px;--awb-font-size:26px;\"><h2 class=\"fusion-title-heading title-heading-center fusion-responsive-typography-calculated\" style=\"margin:0;font-size:1em;--fontSize:26;--minFontSize:26;line-height:1.18;\">Prenez rendez-vous d\u00e8s maintenant!<\/h2><\/div><div class=\"fusion-title title fusion-title-10 fusion-sep-none fusion-title-center fusion-title-text fusion-title-size-three\" style=\"--awb-margin-top:5px;--awb-margin-top-small:5px;--awb-font-size:22px;\"><h3 class=\"fusion-title-heading title-heading-center fusion-responsive-typography-calculated\" style=\"margin:0;font-size:1em;--fontSize:22;--minFontSize:22;line-height:1.3;\"><p style=\"text-align: center;\">Votre premi\u00e8re visite est gratuite<\/p><\/h3><\/div><div class=\"fusion-clearfix\"><\/div><\/div><\/div><div class=\"fusion-layout-column fusion_builder_column fusion-builder-column-9 fusion_builder_column_1_6 1_6 fusion-one-sixth fusion-column-first\" style=\"--awb-bg-size:cover;width:16.666666666667%;width:calc(16.666666666667% - ( ( 4% + 4% ) * 0.16666666666667 ) );margin-right: 4%;\"><div class=\"fusion-column-wrapper fusion-column-has-shadow fusion-flex-column-wrapper-legacy\"><div class=\"fusion-clearfix\"><\/div><\/div><\/div><div class=\"fusion-layout-column fusion_builder_column fusion-builder-column-10 fusion_builder_column_2_3 2_3 fusion-two-third\" style=\"--awb-bg-size:cover;width:66.666666666667%;width:calc(66.666666666667% - ( ( 4% + 4% ) * 0.66666666666667 ) );margin-right: 4%;\"><div class=\"fusion-column-wrapper fusion-column-has-shadow fusion-flex-column-wrapper-legacy\">\n<div class=\"wpcf7 no-js\" id=\"wpcf7-f2739-o1\" lang=\"fr-FR\" dir=\"ltr\" data-wpcf7-id=\"2739\">\n<div class=\"screen-reader-response\"><p role=\"status\" aria-live=\"polite\" aria-atomic=\"true\"><\/p> <ul><\/ul><\/div>\n<form action=\"\/fr\/wp-json\/wp\/v2\/pages\/7202#wpcf7-f2739-o1\" method=\"post\" class=\"wpcf7-form init\" aria-label=\"Formulaire de contact\" novalidate=\"novalidate\" data-status=\"init\">\n<div style=\"display: none;\">\n<input type=\"hidden\" name=\"_wpcf7\" value=\"2739\" \/>\n<input type=\"hidden\" name=\"_wpcf7_version\" value=\"6.0.1\" \/>\n<input type=\"hidden\" name=\"_wpcf7_locale\" value=\"fr_FR\" \/>\n<input type=\"hidden\" name=\"_wpcf7_unit_tag\" value=\"wpcf7-f2739-o1\" \/>\n<input type=\"hidden\" name=\"_wpcf7_container_post\" value=\"0\" \/>\n<input type=\"hidden\" name=\"_wpcf7_posted_data_hash\" value=\"\" \/>\n<\/div>\n<div class=\"one-half\">\n\t<p>Dites-nous votre nom... (obligatoire)<br \/>\n<span class=\"wpcf7-form-control-wrap\" data-name=\"tu-nombre\"><input size=\"40\" maxlength=\"400\" class=\"wpcf7-form-control wpcf7-text wpcf7-validates-as-required\" aria-required=\"true\" aria-invalid=\"false\" value=\"\" type=\"text\" name=\"tu-nombre\" \/><\/span>\n\t<\/p>\n<\/div>\n<div class=\"one-half last\">\n\t<p>Dites-nous votre nom de famille... (obligatoire)<br \/>\n<span class=\"wpcf7-form-control-wrap\" data-name=\"tu-apellido\"><input size=\"40\" maxlength=\"400\" class=\"wpcf7-form-control wpcf7-text wpcf7-validates-as-required\" aria-required=\"true\" aria-invalid=\"false\" value=\"\" type=\"text\" name=\"tu-apellido\" \/><\/span>\n\t<\/p>\n<\/div>\n<div class=\"one-half\">\n\t<p>Laissez-nous votre t\u00e9l\u00e9phone... (obligatoire)<br \/>\n<span class=\"wpcf7-form-control-wrap\" data-name=\"tu-telefono\"><input size=\"40\" maxlength=\"400\" minlength=\"9\" class=\"wpcf7-form-control wpcf7-tel wpcf7-validates-as-required wpcf7-text wpcf7-validates-as-tel\" aria-required=\"true\" aria-invalid=\"false\" value=\"\" type=\"tel\" name=\"tu-telefono\" \/><\/span><br \/>\n<span id=\"wpcf7-69f187b0d1fb5-wrapper\" class=\"wpcf7-form-control-wrap tu-web-wrap\" ><label for=\"wpcf7-69f187b0d1fb5-field\" class=\"hp-message\">Veuillez laisser ce champ vide.<\/label><input id=\"wpcf7-69f187b0d1fb5-field\"  placeholder=\"...d\u00e9janos tu web...\"  class=\"wpcf7-form-control wpcf7-text\" type=\"text\" name=\"tu-web\" value=\"\" size=\"40\" tabindex=\"-1\" autocomplete=\"new-password\" \/><\/span>\n\t<\/p>\n<\/div>\n<div class=\"one-half last\">\n\t<p>Laissez-nous votre email... (obligatoire)<br \/>\n<span class=\"wpcf7-form-control-wrap\" data-name=\"email\"><input size=\"40\" maxlength=\"400\" class=\"wpcf7-form-control wpcf7-email wpcf7-validates-as-required wpcf7-text wpcf7-validates-as-email\" aria-required=\"true\" aria-invalid=\"false\" value=\"\" type=\"email\" name=\"email\" \/><\/span>\n\t<\/p>\n<\/div>\n<p>Dites-nous ce qui vous int\u00e9resse (ville, chirurgie,,,)<br \/>\n<span class=\"wpcf7-form-control-wrap\" data-name=\"tu-mensaje\"><textarea cols=\"40\" rows=\"10\" maxlength=\"2000\" class=\"wpcf7-form-control wpcf7-textarea\" aria-invalid=\"false\" name=\"tu-mensaje\"><\/textarea><\/span>\n<\/p>\n<p><span id=\"wpcf7-69f187b0d2029-wrapper\" class=\"wpcf7-form-control-wrap relleno05-wrap\" ><label for=\"wpcf7-69f187b0d2029-field\" class=\"hp-message\">Veuillez laisser ce champ vide.<\/label><input id=\"wpcf7-69f187b0d2029-field\"  class=\"wpcf7-form-control wpcf7-text\" type=\"text\" name=\"relleno05\" value=\"\" size=\"40\" tabindex=\"-1\" autocomplete=\"new-password\" \/><\/span>\n<\/p>\n<p style=\"padding-bottom:5px !important;padding-top:20px !important;font-size:16px!important;text-align: center;\"><label><span class=\"wpcf7-form-control-wrap\" data-name=\"Aceptacion\"><span class=\"wpcf7-form-control wpcf7-acceptance\"><span class=\"wpcf7-list-item\"><input type=\"checkbox\" name=\"Aceptacion\" value=\"1\" aria-invalid=\"false\" \/><\/span><\/span><\/span> Cochez la case si vous acceptez et comprenez nos <a href=\"\/fr\/avis-juridique\/\" target=\"_blank\" style=\"text-decoration:none;\"><span style=\"font-weight: bold;\">mentions l\u00e9gales<\/span><\/a> et notre <a href=\"\/fr\/politique-de-confidentialite\/\" target=\"_blank\" style=\"text-decoration:none;\"><span style=\"font-weight: bold;\">politique de confidentialit\u00e9<\/span><\/a>.<\/label>\n<\/p>\n<p class=\"boton-centrar\"><input class=\"wpcf7-form-control wpcf7-submit has-spinner\" type=\"submit\" value=\"Contactez-nous et parlons-en!\" \/>\n<\/p><div class=\"fusion-alert alert custom alert-custom fusion-alert-center wpcf7-response-output fusion-alert-capitalize awb-alert-native-link-color alert-dismissable awb-alert-close-boxed\" style=\"--awb-border-size:1px;--awb-border-top-left-radius:0px;--awb-border-top-right-radius:0px;--awb-border-bottom-left-radius:0px;--awb-border-bottom-right-radius:0px;\" role=\"alert\"><div class=\"fusion-alert-content-wrapper\"><span class=\"fusion-alert-content\"><\/span><\/div><button type=\"button\" class=\"close toggle-alert\" data-dismiss=\"alert\" aria-label=\"Close\">&times;<\/button><\/div>\n<\/form>\n<\/div>\n<div class=\"fusion-clearfix\"><\/div><\/div><\/div><div class=\"fusion-layout-column fusion_builder_column fusion-builder-column-11 fusion_builder_column_1_6 1_6 fusion-one-sixth fusion-column-last\" style=\"--awb-bg-size:cover;width:16.666666666667%;width:calc(16.666666666667% - ( ( 4% + 4% ) * 0.16666666666667 ) );\"><div class=\"fusion-column-wrapper fusion-column-has-shadow fusion-flex-column-wrapper-legacy\"><div class=\"fusion-clearfix\"><\/div><\/div><\/div><\/div><\/div><div class=\"fusion-fullwidth fullwidth-box fusion-builder-row-3 nonhundred-percent-fullwidth non-hundred-percent-height-scrolling\" style=\"--awb-border-radius-top-left:0px;--awb-border-radius-top-right:0px;--awb-border-radius-bottom-right:0px;--awb-border-radius-bottom-left:0px;--awb-flex-wrap:wrap;\" ><div class=\"fusion-builder-row fusion-row\"><div class=\"fusion-layout-column fusion_builder_column fusion-builder-column-12 fusion_builder_column_1_1 1_1 fusion-one-full fusion-column-first fusion-column-last\" style=\"--awb-bg-size:cover;\"><div class=\"fusion-column-wrapper fusion-column-has-shadow fusion-flex-column-wrapper-legacy\"><div class=\"fusion-text fusion-text-8\"><p>Le <strong>plasma riche en plaquettes en Andorre<\/strong> est une technique efficace qui stimule la croissance des cheveux, notamment apr\u00e8s une greffe de cheveux. La plupart des hommes et des femmes recherchent un traitement qui offre les r\u00e9sultats les plus naturels possibles.<\/p>\n<p>Le traitement <strong>PRP capillaire<\/strong> peut \u00eatre effectu\u00e9 \u00e0 tout moment de l&rsquo;ann\u00e9e. Nous sommes l<strong>a seule clinique d&rsquo;Andorre \u00e0 pouvoir effectuer l&rsquo;ensemble du traitement sans avoir \u00e0 se d\u00e9placer dans un autre pays<\/strong>. L&rsquo;ensemble du processus se d\u00e9roule en Andorre, sans d\u00e9placement ni d\u00e9sagr\u00e9ment pour vous.<\/p>\n<p>\u00c0 l&rsquo;Institut de chirurgie plastique Dr. Fabrizio Moscatiello, nous disposons d&rsquo;une \u00e9quipe m\u00e9dicale sp\u00e9cialis\u00e9e avec plus de 15 ans d&rsquo;exp\u00e9rience, avec une large carri\u00e8re professionnelle en chirurgie mammaire, obtenant des <strong>r\u00e9sultats tr\u00e8s naturels et satisfaisants pour nos patients<\/strong> ayant subi des op\u00e9rations d&rsquo;augmentation mammaire en Andorre. Tout cela avec un traitement personnalis\u00e9 et en fonction de vos attentes, vous permettant de vous sentir \u00e0 l&rsquo;aise \u00e0 tout moment.<\/p>\n<\/div><div class=\"fusion-clearfix\"><\/div><\/div><\/div><\/div><\/div><div class=\"fusion-fullwidth fullwidth-box fusion-builder-row-4 nonhundred-percent-fullwidth non-hundred-percent-height-scrolling\" style=\"--awb-border-radius-top-left:0px;--awb-border-radius-top-right:0px;--awb-border-radius-bottom-right:0px;--awb-border-radius-bottom-left:0px;--awb-flex-wrap:wrap;\" ><div class=\"fusion-builder-row fusion-row\"><div class=\"fusion-layout-column fusion_builder_column fusion-builder-column-13 fusion_builder_column_1_1 1_1 fusion-one-full fusion-column-first fusion-column-last fusion-no-small-visibility\" style=\"--awb-bg-size:cover;\"><div class=\"fusion-column-wrapper fusion-column-has-shadow fusion-flex-column-wrapper-legacy\"><div class=\"fusion-title title fusion-title-11 fusion-sep-none fusion-title-text fusion-title-size-two\" style=\"--awb-font-size:45px;\"><h2 class=\"fusion-title-heading title-heading-left fusion-responsive-typography-calculated\" style=\"margin:0;font-size:1em;--fontSize:45;line-height:1.18;\">Qu&rsquo;est-ce que le plasma riche en plaquettes pour les cheveux ?<\/h2><\/div><div class=\"fusion-clearfix\"><\/div><\/div><\/div><div class=\"fusion-layout-column fusion_builder_column fusion-builder-column-14 fusion_builder_column_1_1 1_1 fusion-one-full fusion-column-first fusion-column-last fusion-no-medium-visibility fusion-no-large-visibility\" style=\"--awb-bg-size:cover;\"><div class=\"fusion-column-wrapper fusion-column-has-shadow fusion-flex-column-wrapper-legacy\"><div class=\"fusion-title title fusion-title-12 fusion-sep-none fusion-title-text fusion-title-size-two\" style=\"--awb-font-size:38px;\"><h2 class=\"fusion-title-heading title-heading-left fusion-responsive-typography-calculated\" style=\"margin:0;font-size:1em;--fontSize:38;line-height:1.18;\">Qu&rsquo;est-ce que le plasma riche en plaquettes pour les cheveux ?<\/h2><\/div><div class=\"fusion-clearfix\"><\/div><\/div><\/div><div class=\"fusion-layout-column fusion_builder_column fusion-builder-column-15 fusion_builder_column_1_1 1_1 fusion-one-full fusion-column-first fusion-column-last\" style=\"--awb-bg-size:cover;\"><div class=\"fusion-column-wrapper fusion-column-has-shadow fusion-flex-column-wrapper-legacy\"><div class=\"fusion-text fusion-text-9\"><p>La th\u00e9rapie par plasma riche en plaquettes est un traitement de la perte de cheveux. Sa principale caract\u00e9ristique est d&rsquo;augmenter la tige du cheveu, augmentant ainsi la qualit\u00e9 et la quantit\u00e9 des cheveux. Le traitement utilise le plasma sanguin du patient pour stimuler la croissance des cheveux dans les follicules existants.<\/p>\n<p>Le traitement se d\u00e9roule en trois \u00e9tapes : le s<strong>ang est pr\u00e9lev\u00e9<\/strong>, le s<strong>ang est centrifug\u00e9<\/strong> et le <strong>plasma est inject\u00e9 dans le cuir chevelu<\/strong>.<\/p>\n<p>Gr\u00e2ce aux micro-injections intradermiques de PRP, nous parvenons \u00e0 am\u00e9liorer la production de collag\u00e8ne, d&rsquo;\u00e9lastine et de tissu \u00e9pidermique, ce qui en fait un traitement capillaire efficace si nous cherchons \u00e0 am\u00e9liorer la densit\u00e9 et la quantit\u00e9 de nos cheveux.<\/p>\n<\/div><div class=\"fusion-clearfix\"><\/div><\/div><\/div><\/div><\/div><div class=\"fusion-fullwidth fullwidth-box fusion-builder-row-5 nonhundred-percent-fullwidth non-hundred-percent-height-scrolling\" style=\"--awb-border-radius-top-left:0px;--awb-border-radius-top-right:0px;--awb-border-radius-bottom-right:0px;--awb-border-radius-bottom-left:0px;--awb-flex-wrap:wrap;\" ><div class=\"fusion-builder-row fusion-row\"><div class=\"fusion-layout-column fusion_builder_column fusion-builder-column-16 fusion_builder_column_1_1 1_1 fusion-one-full fusion-column-first fusion-column-last\" style=\"--awb-bg-size:cover;\"><div class=\"fusion-column-wrapper fusion-column-has-shadow fusion-flex-column-wrapper-legacy\"><div class=\"fusion-title title fusion-title-13 fusion-sep-none fusion-title-text fusion-title-size-three\"><h3 class=\"fusion-title-heading title-heading-left fusion-responsive-typography-calculated\" style=\"margin:0;--fontSize:27;line-height:1.3;\">Pour qui le PRP est-il indiqu\u00e9 ?<\/h3><\/div><div class=\"fusion-clearfix\"><\/div><\/div><\/div><div class=\"fusion-layout-column fusion_builder_column fusion-builder-column-17 fusion_builder_column_1_1 1_1 fusion-one-full fusion-column-first fusion-column-last\" style=\"--awb-bg-size:cover;\"><div class=\"fusion-column-wrapper fusion-column-has-shadow fusion-flex-column-wrapper-legacy\"><div class=\"fusion-text fusion-text-10\"><p>Le <strong>PRP est recommand\u00e9 pour les hommes et les femmes si<\/strong> :<\/p>\n<ul>\n<li>Vous \u00eates en bonne sant\u00e9 et ne souffrez d&rsquo;aucune maladie.<\/li>\n<li>Ils souffrent d&rsquo;alop\u00e9cie androg\u00e9n\u00e9tique.<\/li>\n<li>Les patients ayant une faible croissance des cheveux.<\/li>\n<li>Pour les femmes souffrant d&rsquo;alop\u00e9cie de type masculin.<\/li>\n<\/ul>\n<p>Dans tous les cas, \u00e0 l&rsquo;<strong>Institut de Chirurgie Plastique Dr. Fabrizio Moscatiello<\/strong>, nous \u00e9tudierons votre cas pour vous recommander le traitement le plus adapt\u00e9.<\/p>\n<\/div><div class=\"fusion-clearfix\"><\/div><\/div><\/div><\/div><\/div><div class=\"fusion-fullwidth fullwidth-box fusion-builder-row-6 nonhundred-percent-fullwidth non-hundred-percent-height-scrolling\" style=\"--awb-border-sizes-top:1px;--awb-border-sizes-bottom:1px;--awb-border-sizes-left:0px;--awb-border-sizes-right:0px;--awb-border-color:#eae1e4;--awb-border-radius-top-left:0px;--awb-border-radius-top-right:0px;--awb-border-radius-bottom-right:0px;--awb-border-radius-bottom-left:0px;--awb-margin-bottom:60px;--awb-flex-wrap:wrap;\" ><div class=\"fusion-builder-row fusion-row\"><div class=\"fusion-layout-column fusion_builder_column fusion-builder-column-18 fusion_builder_column_2_3 2_3 fusion-two-third fusion-column-first fusion-no-medium-visibility fusion-no-large-visibility\" style=\"--awb-bg-size:cover;width:65.3333%; margin-right: 4%;\"><div class=\"fusion-column-wrapper fusion-column-has-shadow fusion-flex-column-wrapper-legacy\"><div class=\"fusion-title title fusion-title-14 fusion-sep-none fusion-title-text fusion-title-size-two\"><h2 class=\"fusion-title-heading title-heading-left fusion-responsive-typography-calculated\" style=\"margin:0;--fontSize:48;line-height:1.18;\">Les meilleurs chirurgiens capillaires utilisant le plasma riche en plaquettes (PRP)<\/h2><\/div><div class=\"fusion-clearfix\"><\/div><\/div><\/div><div class=\"fusion-layout-column fusion_builder_column fusion-builder-column-19 fusion_builder_column_2_3 2_3 fusion-two-third fusion-column-first fusion-no-small-visibility\" style=\"--awb-bg-size:cover;--awb-margin-top:0px;--awb-margin-bottom:0px;width:66.666666666667%;width:calc(66.666666666667% - ( ( 4% ) * 0.66666666666667 ) );margin-right: 4%;\"><div class=\"fusion-column-wrapper fusion-column-has-shadow fusion-flex-column-wrapper-legacy\"><div class=\"fusion-title title fusion-title-15 fusion-sep-none fusion-title-text fusion-title-size-two\" style=\"--awb-margin-top:23%;\"><h2 class=\"fusion-title-heading title-heading-left fusion-responsive-typography-calculated\" style=\"margin:0;--fontSize:48;line-height:1.18;\">Les meilleurs chirurgiens capillaires utilisant le plasma riche en plaquettes (PRP)<\/h2><\/div><div class=\"fusion-clearfix\"><\/div><\/div><\/div><div class=\"fusion-layout-column fusion_builder_column fusion-builder-column-20 fusion_builder_column_1_3 1_3 fusion-one-third fusion-column-last\" style=\"--awb-bg-size:cover;--awb-margin-top:0px;--awb-margin-bottom:0px;width:33.333333333333%;width:calc(33.333333333333% - ( ( 4% ) * 0.33333333333333 ) );\"><div class=\"fusion-column-wrapper fusion-column-has-shadow fusion-flex-column-wrapper-legacy\"><div class=\"fusion-image-element fusion-image-align-center in-legacy-container\" style=\"text-align:center;--awb-caption-title-font-family:var(--h2_typography-font-family);--awb-caption-title-font-weight:var(--h2_typography-font-weight);--awb-caption-title-font-style:var(--h2_typography-font-style);--awb-caption-title-size:var(--h2_typography-font-size);--awb-caption-title-transform:var(--h2_typography-text-transform);--awb-caption-title-line-height:var(--h2_typography-line-height);--awb-caption-title-letter-spacing:var(--h2_typography-letter-spacing);\"><div class=\"imageframe-align-center\"><span class=\" fusion-imageframe imageframe-none imageframe-7 hover-type-none\"><img decoding=\"async\" width=\"375\" height=\"500\" alt=\"Les meilleurs chirurgiens plastiques d&#039;Andorre\" title=\"Le meilleur chirurgien\" src=\"https:\/\/cirugiaplasticaandorra.com\/imagenes\/El-mejor-cirujano-Fabrizio-Moscatiello.jpg\" class=\"img-responsive wp-image-3301\" srcset=\"https:\/\/cirugiaplasticaandorra.com\/imagenes\/El-mejor-cirujano-Fabrizio-Moscatiello-200x267.jpg 200w, https:\/\/cirugiaplasticaandorra.com\/imagenes\/El-mejor-cirujano-Fabrizio-Moscatiello.jpg 375w\" sizes=\"(max-width: 800px) 100vw, 375px\" \/><\/span><\/div><\/div><div class=\"fusion-clearfix\"><\/div><\/div><\/div><\/div><\/div><div class=\"fusion-fullwidth fullwidth-box fusion-builder-row-7 nonhundred-percent-fullwidth non-hundred-percent-height-scrolling\" style=\"--awb-border-radius-top-left:0px;--awb-border-radius-top-right:0px;--awb-border-radius-bottom-right:0px;--awb-border-radius-bottom-left:0px;--awb-flex-wrap:wrap;\" ><div class=\"fusion-builder-row fusion-row\"><div class=\"fusion-layout-column fusion_builder_column fusion-builder-column-21 fusion_builder_column_1_1 1_1 fusion-one-full fusion-column-first fusion-column-last\" style=\"--awb-bg-size:cover;\"><div class=\"fusion-column-wrapper fusion-column-has-shadow fusion-flex-column-wrapper-legacy\"><div class=\"fusion-title title fusion-title-16 fusion-sep-none fusion-title-text fusion-title-size-two\"><h2 class=\"fusion-title-heading title-heading-left fusion-responsive-typography-calculated\" style=\"margin:0;--fontSize:48;line-height:1.18;\">Traitement capillaire PRP en Andorre<\/h2><\/div><div class=\"fusion-clearfix\"><\/div><\/div><\/div><div class=\"fusion-layout-column fusion_builder_column fusion-builder-column-22 fusion_builder_column_1_1 1_1 fusion-one-full fusion-column-first fusion-column-last\" style=\"--awb-bg-size:cover;\"><div class=\"fusion-column-wrapper fusion-column-has-shadow fusion-flex-column-wrapper-legacy\"><div class=\"fusion-text fusion-text-11\"><p>La proc\u00e9dure pour <strong>effectuer le traitement par plasma riche en plaquettes dans notre clinique d&rsquo;Andorre<\/strong> consiste \u00e0 pr\u00e9lever environ <strong>20 cc de sang<\/strong> du patient. Ce sang est ensuite plac\u00e9 dans une centrifugeuse, qui s\u00e9pare le sang en plusieurs parties, dont le plasma riche en plaquettes.<\/p>\n<p>Une fois que nous avons obtenu le PRP, nous <strong>ajoutons un compos\u00e9 de calcium<\/strong>, qui est l&rsquo;activateur de plaquettes, afin que les plaquettes puissent lib\u00e9rer les facteurs de croissance. L&rsquo;application est tr\u00e8s simple, nous administrons ce m\u00e9lange au moyen d&rsquo;infiltrations avec des aiguilles tr\u00e8s fines dans les zones du cuir chevelu \u00e0 traiter.<\/p>\n<\/div><div class=\"fusion-clearfix\"><\/div><\/div><\/div><\/div><\/div><div class=\"fusion-fullwidth fullwidth-box fusion-builder-row-8 nonhundred-percent-fullwidth non-hundred-percent-height-scrolling\" style=\"--awb-border-radius-top-left:0px;--awb-border-radius-top-right:0px;--awb-border-radius-bottom-right:0px;--awb-border-radius-bottom-left:0px;--awb-flex-wrap:wrap;\" ><div class=\"fusion-builder-row fusion-row\"><div class=\"fusion-layout-column fusion_builder_column fusion-builder-column-23 fusion_builder_column_1_1 1_1 fusion-one-full fusion-column-first fusion-column-last\" style=\"--awb-bg-size:cover;\"><div class=\"fusion-column-wrapper fusion-column-has-shadow fusion-flex-column-wrapper-legacy\"><div class=\"fusion-title title fusion-title-17 fusion-sep-none fusion-title-text fusion-title-size-two\"><h2 class=\"fusion-title-heading title-heading-left fusion-responsive-typography-calculated\" style=\"margin:0;--fontSize:48;line-height:1.18;\">Avantages et inconv\u00e9nients du plasma riche en plaquettes en Andorre<\/h2><\/div><div class=\"fusion-clearfix\"><\/div><\/div><\/div><div class=\"fusion-layout-column fusion_builder_column fusion-builder-column-24 fusion_builder_column_1_1 1_1 fusion-one-full fusion-column-first fusion-column-last\" style=\"--awb-bg-size:cover;\"><div class=\"fusion-column-wrapper fusion-column-has-shadow fusion-flex-column-wrapper-legacy\"><div class=\"fusion-text fusion-text-12\"><p>Les principaux avantages du traitement par plasma riche en plaquettes sont les suivants :<\/p>\n<ul>\n<li>Le PRP nourrit les follicules pileux et stimule la croissance des cheveux.<\/li>\n<li>Il s&rsquo;agit d&rsquo;une proc\u00e9dure courte, d&rsquo;environ 20 \u00e0 30 minutes.<\/li>\n<li>Un r\u00e9tablissement rapide.<\/li>\n<li>Peu de risques de r\u00e9actions allergiques, car le PRP est extrait de votre propre corps.<\/li>\n<\/ul>\n<p>En revanche, les principaux inconv\u00e9nients de cette technique sont les suivants :<\/p>\n<ul>\n<li>Vertiges possibles pendant le pr\u00e9l\u00e8vement de sang.<\/li>\n<li>Une g\u00eane mineure.<\/li>\n<li>Ecchymoses \u00e0 l&rsquo;endroit o\u00f9 le sang a \u00e9t\u00e9 pr\u00e9lev\u00e9.<\/li>\n<\/ul>\n<\/div><div class=\"fusion-clearfix\"><\/div><\/div><\/div><\/div><\/div><div class=\"fusion-fullwidth fullwidth-box fusion-builder-row-9 nonhundred-percent-fullwidth non-hundred-percent-height-scrolling\" style=\"--awb-border-radius-top-left:0px;--awb-border-radius-top-right:0px;--awb-border-radius-bottom-right:0px;--awb-border-radius-bottom-left:0px;--awb-flex-wrap:wrap;\" ><div class=\"fusion-builder-row fusion-row\"><div class=\"fusion-layout-column fusion_builder_column fusion-builder-column-25 fusion_builder_column_1_1 1_1 fusion-one-full fusion-column-first fusion-column-last\" style=\"--awb-bg-size:cover;\"><div class=\"fusion-column-wrapper fusion-column-has-shadow fusion-flex-column-wrapper-legacy\"><div class=\"fusion-title title fusion-title-18 fusion-sep-none fusion-title-text fusion-title-size-two\"><h2 class=\"fusion-title-heading title-heading-left fusion-responsive-typography-calculated\" style=\"margin:0;--fontSize:48;line-height:1.18;\">R\u00e9sultats et r\u00e9cup\u00e9ration du traitement capillaire PRP en Andorre.<\/h2><\/div><div class=\"fusion-clearfix\"><\/div><\/div><\/div><div class=\"fusion-layout-column fusion_builder_column fusion-builder-column-26 fusion_builder_column_1_1 1_1 fusion-one-full fusion-column-first fusion-column-last\" style=\"--awb-bg-size:cover;\"><div class=\"fusion-column-wrapper fusion-column-has-shadow fusion-flex-column-wrapper-legacy\"><div class=\"fusion-text fusion-text-13\"><p>Bien que les <strong>r\u00e9sultats soient durables<\/strong>, nous recommandons de r\u00e9p\u00e9ter le traitement au moins une fois par an pour maintenir la force et la densit\u00e9 des cheveux.<\/p>\n<p>Les <strong>r\u00e9sultats commencent g\u00e9n\u00e9ralement \u00e0 \u00eatre visibles apr\u00e8s 3 mois<\/strong>, chez certains patients, cela peut m\u00eame prendre jusqu&rsquo;\u00e0 6 mois. Bien qu&rsquo;aucun soin ne soit n\u00e9cessaire apr\u00e8s le traitement capillaire, il est conseill\u00e9 de commencer \u00e0 prendre soin de vos cheveux et de votre cuir chevelu pour conserver un maximum de r\u00e9sultats.<\/p>\n<div class=\"w-full border-b border-black\/10 dark:border-gray-900\/50 text-gray-800 dark:text-gray-100 group bg-gray-50 dark:bg-&#091;#444654&#093;\">\n<div class=\"text-base gap-4 md:gap-6 m-auto md:max-w-2xl lg:max-w-2xl xl:max-w-3xl p-4 md:py-6 flex lg:px-0\">\n<div class=\"relative flex w-&#091;calc(100%-50px)&#093; flex-col gap-1 md:gap-3 lg:w-&#091;calc(100%-115px)&#093;\">\n<div class=\"flex justify-between\">\n<div class=\"text-gray-400 flex self-end lg:self-center justify-center mt-2 gap-3 md:gap-4 lg:gap-1 lg:absolute lg:top-0 lg:translate-x-full lg:right-0 lg:mt-0 lg:pl-2 visible\"><\/div>\n<\/div>\n<\/div>\n<\/div>\n<\/div>\n<\/div><div class=\"fusion-clearfix\"><\/div><\/div><\/div><\/div><\/div><div class=\"fusion-fullwidth fullwidth-box fusion-builder-row-10 nonhundred-percent-fullwidth non-hundred-percent-height-scrolling\" style=\"--awb-border-radius-top-left:0px;--awb-border-radius-top-right:0px;--awb-border-radius-bottom-right:0px;--awb-border-radius-bottom-left:0px;--awb-flex-wrap:wrap;\" ><div class=\"fusion-builder-row fusion-row\"><div class=\"fusion-layout-column fusion_builder_column fusion-builder-column-27 fusion_builder_column_1_1 1_1 fusion-one-full fusion-column-first fusion-column-last\" style=\"--awb-bg-size:cover;\"><div class=\"fusion-column-wrapper fusion-column-has-shadow fusion-flex-column-wrapper-legacy\"><div class=\"fusion-title title fusion-title-19 fusion-sep-none fusion-title-text fusion-title-size-three\"><h3 class=\"fusion-title-heading title-heading-left fusion-responsive-typography-calculated\" style=\"margin:0;--fontSize:27;line-height:1.3;\">Chirurgies connexes<\/h3><\/div><div class=\"fusion-clearfix\"><\/div><\/div><\/div><div class=\"fusion-layout-column fusion_builder_column fusion-builder-column-28 fusion_builder_column_1_2 1_2 fusion-one-half fusion-column-first\" style=\"--awb-bg-size:cover;width:50%;width:calc(50% - ( ( 4% ) * 0.5 ) );margin-right: 4%;\"><div class=\"fusion-column-wrapper fusion-column-has-shadow fusion-flex-column-wrapper-legacy\"><div class=\"fusion-image-element in-legacy-container\" style=\"--awb-caption-title-font-family:var(--h2_typography-font-family);--awb-caption-title-font-weight:var(--h2_typography-font-weight);--awb-caption-title-font-style:var(--h2_typography-font-style);--awb-caption-title-size:var(--h2_typography-font-size);--awb-caption-title-transform:var(--h2_typography-text-transform);--awb-caption-title-line-height:var(--h2_typography-line-height);--awb-caption-title-letter-spacing:var(--h2_typography-letter-spacing);\"><span class=\" fusion-imageframe imageframe-none imageframe-8 hover-type-none\" style=\"border-radius:10px;\"><a class=\"fusion-no-lightbox\" href=\"https:\/\/cirugiaplasticaandorra.com\/fr\/chirurgie-des-cheveux\/greffe-de-cheveux-technique-fuss\/\" target=\"_self\" aria-label=\"Injerto-capilar-FUSS-Andorra-relacionados\"><img decoding=\"async\" width=\"560\" height=\"200\" alt=\"Greffe de cheveux avec la technique FUSS en Andorre\" src=\"https:\/\/cirugiaplasticaandorra.com\/imagenes\/Injerto-capilar-FUSS-Andorra-relacionados.jpg\" class=\"img-responsive wp-image-7087\" srcset=\"https:\/\/cirugiaplasticaandorra.com\/imagenes\/Injerto-capilar-FUSS-Andorra-relacionados-200x71.jpg 200w, https:\/\/cirugiaplasticaandorra.com\/imagenes\/Injerto-capilar-FUSS-Andorra-relacionados-400x143.jpg 400w, https:\/\/cirugiaplasticaandorra.com\/imagenes\/Injerto-capilar-FUSS-Andorra-relacionados.jpg 560w\" sizes=\"(max-width: 800px) 100vw, 560px\" \/><\/a><\/span><\/div><div class=\"fusion-clearfix\"><\/div><\/div><\/div><div class=\"fusion-layout-column fusion_builder_column fusion-builder-column-29 fusion_builder_column_1_2 1_2 fusion-one-half fusion-column-last\" style=\"--awb-bg-size:cover;width:50%;width:calc(50% - ( ( 4% ) * 0.5 ) );\"><div class=\"fusion-column-wrapper fusion-column-has-shadow fusion-flex-column-wrapper-legacy\"><div class=\"fusion-image-element in-legacy-container\" style=\"--awb-caption-title-font-family:var(--h2_typography-font-family);--awb-caption-title-font-weight:var(--h2_typography-font-weight);--awb-caption-title-font-style:var(--h2_typography-font-style);--awb-caption-title-size:var(--h2_typography-font-size);--awb-caption-title-transform:var(--h2_typography-text-transform);--awb-caption-title-line-height:var(--h2_typography-line-height);--awb-caption-title-letter-spacing:var(--h2_typography-letter-spacing);\"><span class=\" fusion-imageframe imageframe-none imageframe-9 hover-type-none\" style=\"border-radius:10px;\"><a class=\"fusion-no-lightbox\" href=\"https:\/\/cirugiaplasticaandorra.com\/fr\/chirurgie-des-cheveux\/greffe-de-cheveux-avec-la-technique-fue\/\" target=\"_self\" aria-label=\"trasplante-capilar-tecnica-fuss-Andorra-relacionados\"><img decoding=\"async\" width=\"560\" height=\"200\" alt=\"Greffe de cheveux avec la technique FUE en Andorre\" src=\"https:\/\/cirugiaplasticaandorra.com\/imagenes\/trasplante-capilar-tecnica-fuss-Andorra-relacionados.jpg\" class=\"img-responsive wp-image-7154\" srcset=\"https:\/\/cirugiaplasticaandorra.com\/imagenes\/trasplante-capilar-tecnica-fuss-Andorra-relacionados-200x71.jpg 200w, https:\/\/cirugiaplasticaandorra.com\/imagenes\/trasplante-capilar-tecnica-fuss-Andorra-relacionados-400x143.jpg 400w, https:\/\/cirugiaplasticaandorra.com\/imagenes\/trasplante-capilar-tecnica-fuss-Andorra-relacionados.jpg 560w\" sizes=\"(max-width: 800px) 100vw, 560px\" \/><\/a><\/span><\/div><div class=\"fusion-clearfix\"><\/div><\/div><\/div><\/div><\/div><\/p>\n","protected":false},"excerpt":{"rendered":"","protected":false},"author":1,"featured_media":0,"parent":7101,"menu_order":3,"comment_status":"closed","ping_status":"closed","template":"","meta":{"_acf_changed":false,"footnotes":""},"class_list":["post-7202","page","type-page","status-publish","hentry"],"acf":[],"yoast_head":"<!-- This site is optimized with the Yoast SEO plugin v24.1 - https:\/\/yoast.com\/wordpress\/plugins\/seo\/ -->\n<title>Capillaire de Plasma Riche en Plaquettes (PRP) en Andorre | Dr. Moscatiello<\/title>\n<meta name=\"description\" content=\"Le PRP capillaire est le traitement par plasma riche en plaquettes appliqu\u00e9 sur le cuir chevelu pour att\u00e9nuer les effets de l&#039;alop\u00e9cie.\" \/>\n<meta name=\"robots\" content=\"index, follow, max-snippet:-1, max-image-preview:large, max-video-preview:-1\" \/>\n<link rel=\"canonical\" href=\"https:\/\/cirugiaplasticaandorra.com\/fr\/chirurgie-des-cheveux\/plasma-riche-en-plaquettes-prp\/\" \/>\n<meta property=\"og:locale\" content=\"fr_FR\" \/>\n<meta property=\"og:type\" content=\"article\" \/>\n<meta property=\"og:title\" content=\"Capillaire de Plasma Riche en Plaquettes (PRP) en Andorre | Dr. Moscatiello\" \/>\n<meta property=\"og:description\" content=\"Le PRP capillaire est le traitement par plasma riche en plaquettes appliqu\u00e9 sur le cuir chevelu pour att\u00e9nuer les effets de l&#039;alop\u00e9cie.\" \/>\n<meta property=\"og:url\" content=\"https:\/\/cirugiaplasticaandorra.com\/fr\/chirurgie-des-cheveux\/plasma-riche-en-plaquettes-prp\/\" \/>\n<meta property=\"og:site_name\" content=\"Fabrizio Moscatiello\" \/>\n<meta property=\"article:modified_time\" content=\"2023-02-02T18:17:36+00:00\" \/>\n<meta name=\"twitter:card\" content=\"summary_large_image\" \/>\n<script type=\"application\/ld+json\" class=\"yoast-schema-graph\">{\"@context\":\"https:\/\/schema.org\",\"@graph\":[{\"@type\":\"WebPage\",\"@id\":\"https:\/\/cirugiaplasticaandorra.com\/fr\/chirurgie-des-cheveux\/plasma-riche-en-plaquettes-prp\/\",\"url\":\"https:\/\/cirugiaplasticaandorra.com\/fr\/chirurgie-des-cheveux\/plasma-riche-en-plaquettes-prp\/\",\"name\":\"Capillaire de Plasma Riche en Plaquettes (PRP) en Andorre | Dr. Moscatiello\",\"isPartOf\":{\"@id\":\"https:\/\/cirugiaplasticaandorra.com\/#website\"},\"datePublished\":\"2023-02-02T18:17:34+00:00\",\"dateModified\":\"2023-02-02T18:17:36+00:00\",\"description\":\"Le PRP capillaire est le traitement par plasma riche en plaquettes appliqu\u00e9 sur le cuir chevelu pour att\u00e9nuer les effets de l'alop\u00e9cie.\",\"breadcrumb\":{\"@id\":\"https:\/\/cirugiaplasticaandorra.com\/fr\/chirurgie-des-cheveux\/plasma-riche-en-plaquettes-prp\/#breadcrumb\"},\"inLanguage\":\"fr-FR\",\"potentialAction\":[{\"@type\":\"ReadAction\",\"target\":[\"https:\/\/cirugiaplasticaandorra.com\/fr\/chirurgie-des-cheveux\/plasma-riche-en-plaquettes-prp\/\"]}]},{\"@type\":\"BreadcrumbList\",\"@id\":\"https:\/\/cirugiaplasticaandorra.com\/fr\/chirurgie-des-cheveux\/plasma-riche-en-plaquettes-prp\/#breadcrumb\",\"itemListElement\":[{\"@type\":\"ListItem\",\"position\":1,\"name\":\"Portada\",\"item\":\"https:\/\/cirugiaplasticaandorra.com\/fr\/\"},{\"@type\":\"ListItem\",\"position\":2,\"name\":\"Chirurgie des cheveux\",\"item\":\"https:\/\/cirugiaplasticaandorra.com\/fr\/chirurgie-des-cheveux\/\"},{\"@type\":\"ListItem\",\"position\":3,\"name\":\"Plasma riche en plaquettes (PRP)\"}]},{\"@type\":\"WebSite\",\"@id\":\"https:\/\/cirugiaplasticaandorra.com\/#website\",\"url\":\"https:\/\/cirugiaplasticaandorra.com\/\",\"name\":\"Fabrizio Moscatiello\",\"description\":\"\",\"publisher\":{\"@id\":\"https:\/\/cirugiaplasticaandorra.com\/#\/schema\/person\/22d9c3b3af852a097fcd993016b521fd\"},\"potentialAction\":[{\"@type\":\"SearchAction\",\"target\":{\"@type\":\"EntryPoint\",\"urlTemplate\":\"https:\/\/cirugiaplasticaandorra.com\/?s={search_term_string}\"},\"query-input\":{\"@type\":\"PropertyValueSpecification\",\"valueRequired\":true,\"valueName\":\"search_term_string\"}}],\"inLanguage\":\"fr-FR\"},{\"@type\":[\"Person\",\"Organization\"],\"@id\":\"https:\/\/cirugiaplasticaandorra.com\/#\/schema\/person\/22d9c3b3af852a097fcd993016b521fd\",\"name\":\"Institut de cirurg\u00eda pl\u00e0stica Dr Fabrizo Moscatiello\",\"logo\":{\"@id\":\"https:\/\/cirugiaplasticaandorra.com\/#\/schema\/person\/image\/\"}}]}<\/script>\n<!-- \/ Yoast SEO plugin. -->","yoast_head_json":{"title":"Capillaire de Plasma Riche en Plaquettes (PRP) en Andorre | Dr. Moscatiello","description":"Le PRP capillaire est le traitement par plasma riche en plaquettes appliqu\u00e9 sur le cuir chevelu pour att\u00e9nuer les effets de l'alop\u00e9cie.","robots":{"index":"index","follow":"follow","max-snippet":"max-snippet:-1","max-image-preview":"max-image-preview:large","max-video-preview":"max-video-preview:-1"},"canonical":"https:\/\/cirugiaplasticaandorra.com\/fr\/chirurgie-des-cheveux\/plasma-riche-en-plaquettes-prp\/","og_locale":"fr_FR","og_type":"article","og_title":"Capillaire de Plasma Riche en Plaquettes (PRP) en Andorre | Dr. Moscatiello","og_description":"Le PRP capillaire est le traitement par plasma riche en plaquettes appliqu\u00e9 sur le cuir chevelu pour att\u00e9nuer les effets de l'alop\u00e9cie.","og_url":"https:\/\/cirugiaplasticaandorra.com\/fr\/chirurgie-des-cheveux\/plasma-riche-en-plaquettes-prp\/","og_site_name":"Fabrizio Moscatiello","article_modified_time":"2023-02-02T18:17:36+00:00","twitter_card":"summary_large_image","schema":{"@context":"https:\/\/schema.org","@graph":[{"@type":"WebPage","@id":"https:\/\/cirugiaplasticaandorra.com\/fr\/chirurgie-des-cheveux\/plasma-riche-en-plaquettes-prp\/","url":"https:\/\/cirugiaplasticaandorra.com\/fr\/chirurgie-des-cheveux\/plasma-riche-en-plaquettes-prp\/","name":"Capillaire de Plasma Riche en Plaquettes (PRP) en Andorre | Dr. Moscatiello","isPartOf":{"@id":"https:\/\/cirugiaplasticaandorra.com\/#website"},"datePublished":"2023-02-02T18:17:34+00:00","dateModified":"2023-02-02T18:17:36+00:00","description":"Le PRP capillaire est le traitement par plasma riche en plaquettes appliqu\u00e9 sur le cuir chevelu pour att\u00e9nuer les effets de l'alop\u00e9cie.","breadcrumb":{"@id":"https:\/\/cirugiaplasticaandorra.com\/fr\/chirurgie-des-cheveux\/plasma-riche-en-plaquettes-prp\/#breadcrumb"},"inLanguage":"fr-FR","potentialAction":[{"@type":"ReadAction","target":["https:\/\/cirugiaplasticaandorra.com\/fr\/chirurgie-des-cheveux\/plasma-riche-en-plaquettes-prp\/"]}]},{"@type":"BreadcrumbList","@id":"https:\/\/cirugiaplasticaandorra.com\/fr\/chirurgie-des-cheveux\/plasma-riche-en-plaquettes-prp\/#breadcrumb","itemListElement":[{"@type":"ListItem","position":1,"name":"Portada","item":"https:\/\/cirugiaplasticaandorra.com\/fr\/"},{"@type":"ListItem","position":2,"name":"Chirurgie des cheveux","item":"https:\/\/cirugiaplasticaandorra.com\/fr\/chirurgie-des-cheveux\/"},{"@type":"ListItem","position":3,"name":"Plasma riche en plaquettes (PRP)"}]},{"@type":"WebSite","@id":"https:\/\/cirugiaplasticaandorra.com\/#website","url":"https:\/\/cirugiaplasticaandorra.com\/","name":"Fabrizio Moscatiello","description":"","publisher":{"@id":"https:\/\/cirugiaplasticaandorra.com\/#\/schema\/person\/22d9c3b3af852a097fcd993016b521fd"},"potentialAction":[{"@type":"SearchAction","target":{"@type":"EntryPoint","urlTemplate":"https:\/\/cirugiaplasticaandorra.com\/?s={search_term_string}"},"query-input":{"@type":"PropertyValueSpecification","valueRequired":true,"valueName":"search_term_string"}}],"inLanguage":"fr-FR"},{"@type":["Person","Organization"],"@id":"https:\/\/cirugiaplasticaandorra.com\/#\/schema\/person\/22d9c3b3af852a097fcd993016b521fd","name":"Institut de cirurg\u00eda pl\u00e0stica Dr Fabrizo Moscatiello","logo":{"@id":"https:\/\/cirugiaplasticaandorra.com\/#\/schema\/person\/image\/"}}]}},"_links":{"self":[{"href":"https:\/\/cirugiaplasticaandorra.com\/fr\/wp-json\/wp\/v2\/pages\/7202","targetHints":{"allow":["GET"]}}],"collection":[{"href":"https:\/\/cirugiaplasticaandorra.com\/fr\/wp-json\/wp\/v2\/pages"}],"about":[{"href":"https:\/\/cirugiaplasticaandorra.com\/fr\/wp-json\/wp\/v2\/types\/page"}],"author":[{"embeddable":true,"href":"https:\/\/cirugiaplasticaandorra.com\/fr\/wp-json\/wp\/v2\/users\/1"}],"replies":[{"embeddable":true,"href":"https:\/\/cirugiaplasticaandorra.com\/fr\/wp-json\/wp\/v2\/comments?post=7202"}],"version-history":[{"count":0,"href":"https:\/\/cirugiaplasticaandorra.com\/fr\/wp-json\/wp\/v2\/pages\/7202\/revisions"}],"up":[{"embeddable":true,"href":"https:\/\/cirugiaplasticaandorra.com\/fr\/wp-json\/wp\/v2\/pages\/7101"}],"wp:attachment":[{"href":"https:\/\/cirugiaplasticaandorra.com\/fr\/wp-json\/wp\/v2\/media?parent=7202"}],"curies":[{"name":"wp","href":"https:\/\/api.w.org\/{rel}","templated":true}]}}